{"id":1729,"date":"2024-10-28T15:44:07","date_gmt":"2024-10-28T15:44:07","guid":{"rendered":"https:\/\/faculdadeluteranaconcordia.com.br\/site\/?page_id=1729"},"modified":"2026-04-27T14:12:25","modified_gmt":"2026-04-27T14:12:25","slug":"cpa","status":"publish","type":"page","link":"https:\/\/faculdadeluteranaconcordia.com.br\/site\/cpa\/","title":{"rendered":"CPA"},"content":{"rendered":"\t\t<div data-elementor-type=\"wp-page\" data-elementor-id=\"1729\" class=\"elementor elementor-1729\" data-elementor-post-type=\"page\">\n\t\t\t\t\t\t\t\t\t<section class=\"elementor-section elementor-top-section elementor-element elementor-element-1e56d71 elementor-section-full_width elementor-section-height-default elementor-section-height-default\" data-id=\"1e56d71\" data-element_type=\"section\" data-settings=\"{&quot;shape_divider_bottom&quot;:&quot;mountains&quot;,&quot;motion_fx_motion_fx_scrolling&quot;:&quot;yes&quot;,&quot;motion_fx_scale_effect&quot;:&quot;yes&quot;,&quot;motion_fx_scale_speed&quot;:{&quot;unit&quot;:&quot;px&quot;,&quot;size&quot;:2,&quot;sizes&quot;:[]},&quot;motion_fx_devices&quot;:[&quot;desktop&quot;],&quot;background_background&quot;:&quot;classic&quot;,&quot;motion_fx_scale_direction&quot;:&quot;out-in&quot;,&quot;motion_fx_scale_range&quot;:{&quot;unit&quot;:&quot;%&quot;,&quot;size&quot;:&quot;&quot;,&quot;sizes&quot;:{&quot;start&quot;:20,&quot;end&quot;:80}}}\">\n\t\t\t\t\t<div class=\"elementor-shape elementor-shape-bottom\" data-negative=\"false\">\n\t\t\t<svg xmlns=\"http:\/\/www.w3.org\/2000\/svg\" viewBox=\"0 0 1000 100\" preserveAspectRatio=\"none\">\n\t<path class=\"elementor-shape-fill\" opacity=\"0.33\" d=\"M473,67.3c-203.9,88.3-263.1-34-320.3,0C66,119.1,0,59.7,0,59.7V0h1000v59.7 c0,0-62.1,26.1-94.9,29.3c-32.8,3.3-62.8-12.3-75.8-22.1C806,49.6,745.3,8.7,694.9,4.7S492.4,59,473,67.3z\"\/>\n\t<path class=\"elementor-shape-fill\" opacity=\"0.66\" d=\"M734,67.3c-45.5,0-77.2-23.2-129.1-39.1c-28.6-8.7-150.3-10.1-254,39.1 s-91.7-34.4-149.2,0C115.7,118.3,0,39.8,0,39.8V0h1000v36.5c0,0-28.2-18.5-92.1-18.5C810.2,18.1,775.7,67.3,734,67.3z\"\/>\n\t<path class=\"elementor-shape-fill\" d=\"M766.1,28.9c-200-57.5-266,65.5-395.1,19.5C242,1.8,242,5.4,184.8,20.6C128,35.8,132.3,44.9,89.9,52.5C28.6,63.7,0,0,0,0 h1000c0,0-9.9,40.9-83.6,48.1S829.6,47,766.1,28.9z\"\/>\n<\/svg>\t\t<\/div>\n\t\t\t\t\t<div class=\"elementor-container elementor-column-gap-default\">\n\t\t\t\t\t<div class=\"elementor-column elementor-col-100 elementor-top-column elementor-element elementor-element-86e2309\" data-id=\"86e2309\" data-element_type=\"column\">\n\t\t\t<div class=\"elementor-widget-wrap elementor-element-populated\">\n\t\t\t\t\t\t\t\t<div class=\"elementor-element elementor-element-5c830f8 elementor--h-position-center elementor--v-position-middle elementor-widget elementor-widget-slides\" data-id=\"5c830f8\" data-element_type=\"widget\" data-settings=\"{&quot;navigation&quot;:&quot;none&quot;,&quot;autoplay_speed&quot;:4000,&quot;autoplay&quot;:&quot;yes&quot;,&quot;infinite&quot;:&quot;yes&quot;,&quot;transition&quot;:&quot;slide&quot;,&quot;transition_speed&quot;:500}\" data-widget_type=\"slides.default\">\n\t\t\t\t<div class=\"elementor-widget-container\">\n\t\t\t<style>\/*! elementor-pro - v3.14.0 - 26-06-2023 *\/\n.elementor-slides .swiper-slide-bg{background-size:cover;background-position:50%;background-repeat:no-repeat;min-width:100%;min-height:100%}.elementor-slides .swiper-slide-inner{background-repeat:no-repeat;background-position:50%;position:absolute;top:0;left:0;bottom:0;right:0;padding:50px;margin:auto}.elementor-slides .swiper-slide-inner,.elementor-slides .swiper-slide-inner:hover{color:#fff;display:flex}.elementor-slides .swiper-slide-inner .elementor-background-overlay{position:absolute;z-index:0;top:0;bottom:0;left:0;right:0}.elementor-slides .swiper-slide-inner .elementor-slide-content{position:relative;z-index:1;width:100%}.elementor-slides .swiper-slide-inner .elementor-slide-heading{font-size:35px;font-weight:700;line-height:1}.elementor-slides .swiper-slide-inner .elementor-slide-description{font-size:17px;line-height:1.4}.elementor-slides .swiper-slide-inner .elementor-slide-description:not(:last-child),.elementor-slides .swiper-slide-inner .elementor-slide-heading:not(:last-child){margin-bottom:30px}.elementor-slides .swiper-slide-inner .elementor-slide-button{border:2px solid #fff;color:#fff;background:transparent;display:inline-block}.elementor-slides .swiper-slide-inner .elementor-slide-button,.elementor-slides .swiper-slide-inner .elementor-slide-button:hover{background:transparent;color:inherit;text-decoration:none}.elementor--v-position-top .swiper-slide-inner{align-items:flex-start}.elementor--v-position-bottom .swiper-slide-inner{align-items:flex-end}.elementor--v-position-middle .swiper-slide-inner{align-items:center}.elementor--h-position-left .swiper-slide-inner{justify-content:flex-start}.elementor--h-position-right .swiper-slide-inner{justify-content:flex-end}.elementor--h-position-center .swiper-slide-inner{justify-content:center}body.rtl .elementor-widget-slides .elementor-swiper-button-next{left:10px;right:auto}body.rtl .elementor-widget-slides .elementor-swiper-button-prev{right:10px;left:auto}.elementor-slides-wrapper div:not(.swiper-slide)>.swiper-slide-inner{display:none}@media (max-width:767px){.elementor-slides .swiper-slide-inner{padding:30px}.elementor-slides .swiper-slide-inner .elementor-slide-heading{font-size:23px;line-height:1;margin-bottom:15px}.elementor-slides .swiper-slide-inner .elementor-slide-description{font-size:13px;line-height:1.4;margin-bottom:15px}}<\/style>\t\t<div class=\"elementor-swiper\">\n\t\t\t<div class=\"elementor-slides-wrapper elementor-main-swiper swiper\" dir=\"ltr\" data-animation=\"fadeInUp\">\n\t\t\t\t<div class=\"swiper-wrapper elementor-slides\">\n\t\t\t\t\t\t\t\t\t\t<div class=\"elementor-repeater-item-2df0d87 swiper-slide\"><div class=\"swiper-slide-bg elementor-ken-burns elementor-ken-burns--in\" role=\"img\"><\/div><div class=\"elementor-background-overlay\"><\/div><div class=\"swiper-slide-inner\" ><div class=\"swiper-slide-contents\"><div class=\"elementor-slide-heading\">CPA<\/div><\/div><\/div><\/div><div class=\"elementor-repeater-item-a31e96a swiper-slide\"><div class=\"swiper-slide-bg elementor-ken-burns elementor-ken-burns--in\" role=\"img\"><\/div><div class=\"elementor-background-overlay\"><\/div><div class=\"swiper-slide-inner\" ><div class=\"swiper-slide-contents\"><\/div><\/div><\/div>\t\t\t\t<\/div>\n\t\t\t\t\t\t\t\t\t\t\t\t\t\t\t\t\t\t\t\t\t<\/div>\n\t\t<\/div>\n\t\t\t\t<\/div>\n\t\t\t\t<\/div>\n\t\t\t\t\t<\/div>\n\t\t<\/div>\n\t\t\t\t\t\t\t<\/div>\n\t\t<\/section>\n\t\t\t\t<section class=\"elementor-section elementor-top-section elementor-element elementor-element-f8c5a32 elementor-section-content-middle elementor-section-boxed elementor-section-height-default elementor-section-height-default\" data-id=\"f8c5a32\" data-element_type=\"section\" data-settings=\"{&quot;background_background&quot;:&quot;classic&quot;}\">\n\t\t\t\t\t\t<div class=\"elementor-container elementor-column-gap-no\">\n\t\t\t\t\t<div class=\"elementor-column elementor-col-50 elementor-top-column elementor-element elementor-element-d079023\" data-id=\"d079023\" data-element_type=\"column\">\n\t\t\t<div class=\"elementor-widget-wrap elementor-element-populated\">\n\t\t\t\t\t\t\t\t<div class=\"elementor-element elementor-element-cfa0f4c elementor-invisible elementor-widget elementor-widget-heading\" data-id=\"cfa0f4c\" data-element_type=\"widget\" data-settings=\"{&quot;_animation&quot;:&quot;fadeInUp&quot;}\" data-widget_type=\"heading.default\">\n\t\t\t\t<div class=\"elementor-widget-container\">\n\t\t\t<style>\/*! elementor - v3.14.0 - 26-06-2023 *\/\n.elementor-heading-title{padding:0;margin:0;line-height:1}.elementor-widget-heading .elementor-heading-title[class*=elementor-size-]>a{color:inherit;font-size:inherit;line-height:inherit}.elementor-widget-heading .elementor-heading-title.elementor-size-small{font-size:15px}.elementor-widget-heading .elementor-heading-title.elementor-size-medium{font-size:19px}.elementor-widget-heading .elementor-heading-title.elementor-size-large{font-size:29px}.elementor-widget-heading .elementor-heading-title.elementor-size-xl{font-size:39px}.elementor-widget-heading .elementor-heading-title.elementor-size-xxl{font-size:59px}<\/style><h5 class=\"elementor-heading-title elementor-size-default\">Comiss\u00e3o Permanente de Avalia\u00e7\u00e3o<\/h5>\t\t<\/div>\n\t\t\t\t<\/div>\n\t\t\t\t<div class=\"elementor-element elementor-element-1167d67 elementor-widget elementor-widget-text-editor\" data-id=\"1167d67\" data-element_type=\"widget\" data-widget_type=\"text-editor.default\">\n\t\t\t\t<div class=\"elementor-widget-container\">\n\t\t\t<style>\/*! elementor - v3.14.0 - 26-06-2023 *\/\n.elementor-widget-text-editor.elementor-drop-cap-view-stacked .elementor-drop-cap{background-color:#69727d;color:#fff}.elementor-widget-text-editor.elementor-drop-cap-view-framed .elementor-drop-cap{color:#69727d;border:3px solid;background-color:transparent}.elementor-widget-text-editor:not(.elementor-drop-cap-view-default) .elementor-drop-cap{margin-top:8px}.elementor-widget-text-editor:not(.elementor-drop-cap-view-default) .elementor-drop-cap-letter{width:1em;height:1em}.elementor-widget-text-editor .elementor-drop-cap{float:left;text-align:center;line-height:1;font-size:50px}.elementor-widget-text-editor .elementor-drop-cap-letter{display:inline-block}<\/style>\t\t\t\t<h4>O que \u00e9<\/h4><p>A Comiss\u00e3o Permanente de Avalia\u00e7\u00e3o-CPA, \u00e9 um \u00f3rg\u00e3o de representa\u00e7\u00e3o acad\u00eamica e social, isto \u00e9, a equipe conta com representantes de cinco (5) segmentos, a saber: professores, funcion\u00e1rios, estudantes, mantenedora e sociedade civil. A participa\u00e7\u00e3o dos integrantes da equipe da CPA \u00e9 volunt\u00e1ria. E, observando o Art. 11, inciso II, da Lei 10.861 (SINAES), ter\u00e1 \u201c<em>atua\u00e7\u00e3o aut\u00f4noma em rela\u00e7\u00e3o a conselhos e demais \u00f3rg\u00e3os colegiados existentes<\/em>\u201d na Faculdade Luterana Conc\u00f3rdia.<\/p><p>A CPA atuar\u00e1 em articula\u00e7\u00e3o com os processos de planejamento do Plano de Desenvolvimento Institucional \u2013 (PDI) da Faculdade Luterana Conc\u00f3rdia, visando estabelecer uma cultura de avalia\u00e7\u00e3o, planejamento e desenvolvimento institucional. Neste tocante, o alinhamento dos processos de avalia\u00e7\u00f5es com as metas do PDI, favorecer\u00e1 a realiza\u00e7\u00e3o das avalia\u00e7\u00f5es na institui\u00e7\u00e3o, com maior qualifica\u00e7\u00e3o e permanente interface, em conson\u00e2ncia entre a avalia\u00e7\u00e3o e o planejamento institucional.<\/p>\t\t\t\t\t\t<\/div>\n\t\t\t\t<\/div>\n\t\t\t\t<div class=\"elementor-element elementor-element-65c16b7 elementor-widget elementor-widget-image\" data-id=\"65c16b7\" data-element_type=\"widget\" data-widget_type=\"image.default\">\n\t\t\t\t<div class=\"elementor-widget-container\">\n\t\t\t<style>\/*! elementor - v3.14.0 - 26-06-2023 *\/\n.elementor-widget-image{text-align:center}.elementor-widget-image a{display:inline-block}.elementor-widget-image a img[src$=\".svg\"]{width:48px}.elementor-widget-image img{vertical-align:middle;display:inline-block}<\/style>\t\t\t\t\t\t\t\t\t\t\t\t<img loading=\"lazy\" decoding=\"async\" width=\"600\" height=\"400\" src=\"https:\/\/faculdadeluteranaconcordia.com.br\/site\/wp-content\/uploads\/2024\/10\/slide-05-cpa.jpg\" class=\"attachment-large size-large wp-image-1778\" alt=\"\" srcset=\"https:\/\/faculdadeluteranaconcordia.com.br\/site\/wp-content\/uploads\/2024\/10\/slide-05-cpa.jpg 600w, https:\/\/faculdadeluteranaconcordia.com.br\/site\/wp-content\/uploads\/2024\/10\/slide-05-cpa-300x200.jpg 300w\" sizes=\"auto, (max-width: 600px) 100vw, 600px\" \/>\t\t\t\t\t\t\t\t\t\t\t\t\t\t\t<\/div>\n\t\t\t\t<\/div>\n\t\t\t\t<div class=\"elementor-element elementor-element-5052054 elementor-widget elementor-widget-text-editor\" data-id=\"5052054\" data-element_type=\"widget\" data-widget_type=\"text-editor.default\">\n\t\t\t\t<div class=\"elementor-widget-container\">\n\t\t\t\t\t\t\t<h4>Composi\u00e7\u00e3o<\/h4><ul><li>Leonidio Schulz G\u00f6rl (representando o corpo docente)<\/li><li>Aline Lenz Souza (representando o corpo t\u00e9cnico administrativo)<\/li><li>Reverendo Airton Scheunemann Schroeder (representando a mantenedora)<\/li><li>Cosme Luiz Chinazzo (representando a comunidade local)<\/li><li>Herick Goese Schellmann (representando o corpo discente da Faculdade)<\/li><\/ul>\t\t\t\t\t\t<\/div>\n\t\t\t\t<\/div>\n\t\t\t\t<div class=\"elementor-element elementor-element-7c934e9 elementor-widget elementor-widget-text-editor\" data-id=\"7c934e9\" data-element_type=\"widget\" data-widget_type=\"text-editor.default\">\n\t\t\t\t<div class=\"elementor-widget-container\">\n\t\t\t\t\t\t\t<h4>Relat\u00f3rios<\/h4><p><a href=\"https:\/\/faculdadeluteranaconcordia.com.br\/site\/wp-content\/uploads\/2025\/04\/RELATORIO-DA-CPA-02-2024.pdf\" target=\"_blank\" rel=\"noopener\">Relat\u00f3rio 2024: Clique aqui<\/a><br \/><a href=\"https:\/\/faculdadeluteranaconcordia.com.br\/site\/wp-content\/uploads\/2026\/04\/RELATORIO-DA-AVALIACAO-INSTITUCIONAL-DA-CPA-2025.pdf\" target=\"_blank\" rel=\"noopener\">Relat\u00f3rio 2025: Clique aqui<\/a><\/p>\t\t\t\t\t\t<\/div>\n\t\t\t\t<\/div>\n\t\t\t\t<div class=\"elementor-element elementor-element-5ac7a02 elementor-widget elementor-widget-text-editor\" data-id=\"5ac7a02\" data-element_type=\"widget\" data-widget_type=\"text-editor.default\">\n\t\t\t\t<div class=\"elementor-widget-container\">\n\t\t\t\t\t\t\t<h4>Plano de Melhorias<\/h4><p><a href=\"https:\/\/faculdadeluteranaconcordia.com.br\/site\/wp-content\/uploads\/2025\/04\/RELATORIO-DA-CPA-2024-PLANO-DE-MELHORIAS.pdf\" target=\"_blank\" rel=\"noopener\">Clique aqui<\/a><\/p>\t\t\t\t\t\t<\/div>\n\t\t\t\t<\/div>\n\t\t\t\t\t<\/div>\n\t\t<\/div>\n\t\t\t\t<div class=\"elementor-column elementor-col-50 elementor-top-column elementor-element elementor-element-33a92de\" data-id=\"33a92de\" data-element_type=\"column\">\n\t\t\t<div class=\"elementor-widget-wrap elementor-element-populated\">\n\t\t\t\t\t\t\t\t<div class=\"elementor-element elementor-element-025982d elementor-widget elementor-widget-image\" data-id=\"025982d\" data-element_type=\"widget\" data-widget_type=\"image.default\">\n\t\t\t\t<div class=\"elementor-widget-container\">\n\t\t\t\t\t\t\t\t\t\t\t\t\t\t\t<img loading=\"lazy\" decoding=\"async\" width=\"600\" height=\"400\" src=\"https:\/\/faculdadeluteranaconcordia.com.br\/site\/wp-content\/uploads\/2024\/10\/slide-04-cpa.webp\" class=\"attachment-large size-large wp-image-1773\" alt=\"\" srcset=\"https:\/\/faculdadeluteranaconcordia.com.br\/site\/wp-content\/uploads\/2024\/10\/slide-04-cpa.webp 600w, https:\/\/faculdadeluteranaconcordia.com.br\/site\/wp-content\/uploads\/2024\/10\/slide-04-cpa-300x200.webp 300w\" sizes=\"auto, (max-width: 600px) 100vw, 600px\" \/>\t\t\t\t\t\t\t\t\t\t\t\t\t\t\t<\/div>\n\t\t\t\t<\/div>\n\t\t\t\t<div class=\"elementor-element elementor-element-7d24da4 elementor-widget elementor-widget-text-editor\" data-id=\"7d24da4\" data-element_type=\"widget\" data-widget_type=\"text-editor.default\">\n\t\t\t\t<div class=\"elementor-widget-container\">\n\t\t\t\t\t\t\t<h4>Objetivos<\/h4><ol><li>Coordenar os processos internos de avalia\u00e7\u00e3o institucional, em conson\u00e2ncia com as diretrizes da legisla\u00e7\u00e3o pertinente e diretrizes da institui\u00e7\u00e3o;<\/li><li>Definir e aplicar indicadores avaliativos, contemplando as 10 dimens\u00f5es estabelecidas no art. 3\u00ba, da Lei 10.861, do SINAES;<\/li><li>Elaborar os objetivos, a metodologia, os recursos e o calend\u00e1rio de a\u00e7\u00f5es dos processos de avalia\u00e7\u00e3o institucional;<\/li><li>Conduzir o planejamento e organiza\u00e7\u00e3o das atividades de avalia\u00e7\u00e3o no que se refere \u00e0 sensibiliza\u00e7\u00e3o da comunidade, o desenvolvimento das a\u00e7\u00f5es avaliativas e \u00e0 consolida\u00e7\u00e3o dos resultados;<\/li><li>Coletar, organizar e tabular as informa\u00e7\u00f5es resultantes dos processos de avalia\u00e7\u00e3o e a devida divulga\u00e7\u00e3o desses resultados;<\/li><li>Analisar os resultados da avalia\u00e7\u00e3o, destacando aspectos positivos e fragilidades, com o intuito de zelar pelas a\u00e7\u00f5es propostas no Plano de Desenvolvimento Institucional;<\/li><li>Articular os setores da institui\u00e7\u00e3o, divulgando relat\u00f3rios e recomenda\u00e7\u00f5es resultantes das avalia\u00e7\u00f5es realizadas em prol da qualidade dos processos acad\u00eamicos;<\/li><li>Analisar e acompanhar as a\u00e7\u00f5es decorrentes dos resultados da avalia\u00e7\u00e3o institucional nos diferentes setores de gest\u00e3o da institui\u00e7\u00e3o;<\/li><li>Estabelecer calend\u00e1rio de reuni\u00f5es sistem\u00e1ticas para acompanhar o desenvolvimento do processo avaliativo;<\/li><li>Prestar informa\u00e7\u00f5es ao INEP de acordo com as solicita\u00e7\u00f5es e a legisla\u00e7\u00e3o vigente;<\/li><li>Zelar pelo car\u00e1ter de neutralidade em rela\u00e7\u00e3o aos setores da institui\u00e7\u00e3o;<\/li><li>Propiciar reflex\u00f5es sobre os resultados junto \u00e0 comunidade acad\u00eamica, incentivando o desenvolvimento da cultura de auto avalia\u00e7\u00e3o institucional;<\/li><li>Organizar e realizar semin\u00e1rios de avalia\u00e7\u00e3o da institui\u00e7\u00e3o e outros eventos necess\u00e1rios para o desenvolvimento das atividades propostas pelo SINAES;<\/li><li>Manter seu planejamento e a\u00e7\u00f5es alinhados ao PDI (Plano de Desenvolvimento Institucional).<\/li><\/ol>\t\t\t\t\t\t<\/div>\n\t\t\t\t<\/div>\n\t\t\t\t\t<\/div>\n\t\t<\/div>\n\t\t\t\t\t\t\t<\/div>\n\t\t<\/section>\n\t\t\t\t<section class=\"elementor-section elementor-top-section elementor-element elementor-element-982f19b elementor-section-boxed elementor-section-height-default elementor-section-height-default\" data-id=\"982f19b\" data-element_type=\"section\" data-settings=\"{&quot;background_background&quot;:&quot;classic&quot;}\">\n\t\t\t\t\t\t<div class=\"elementor-container elementor-column-gap-default\">\n\t\t\t\t\t<div class=\"elementor-column elementor-col-100 elementor-top-column elementor-element elementor-element-11554b9\" data-id=\"11554b9\" data-element_type=\"column\">\n\t\t\t<div class=\"elementor-widget-wrap elementor-element-populated\">\n\t\t\t\t\t\t\t\t<div class=\"elementor-element elementor-element-6f4c4c3 elementor-widget elementor-widget-text-editor\" data-id=\"6f4c4c3\" data-element_type=\"widget\" data-widget_type=\"text-editor.default\">\n\t\t\t\t<div class=\"elementor-widget-container\">\n\t\t\t\t\t\t\t<h4>Contato<\/h4><p>cpa@faculdadeluteranaconcordia.com.br<\/p>\t\t\t\t\t\t<\/div>\n\t\t\t\t<\/div>\n\t\t\t\t<div class=\"elementor-element elementor-element-91ef0d0 elementor-mobile-align-left elementor-align-center elementor-widget elementor-widget-button\" data-id=\"91ef0d0\" data-element_type=\"widget\" data-widget_type=\"button.default\">\n\t\t\t\t<div class=\"elementor-widget-container\">\n\t\t\t\t\t<div class=\"elementor-button-wrapper\">\n\t\t\t<a class=\"elementor-button elementor-button-link elementor-size-sm elementor-animation-grow\" href=\"https:\/\/faculdadeluteranaconcordia.com.br\/site\/wp-content\/uploads\/2024\/10\/PROJETO-DA-AVALIACAO-INSTITUCIONAL.pdf\" target=\"_blank\">\n\t\t\t\t\t\t<span class=\"elementor-button-content-wrapper\">\n\t\t\t\t\t\t<span class=\"elementor-button-text\">PROJETO DA AVALIA\u00c7\u00c3O INSTITUCIONAL<\/span>\n\t\t<\/span>\n\t\t\t\t\t<\/a>\n\t\t<\/div>\n\t\t\t\t<\/div>\n\t\t\t\t<\/div>\n\t\t\t\t\t<\/div>\n\t\t<\/div>\n\t\t\t\t\t\t\t<\/div>\n\t\t<\/section>\n\t\t\t\t\t\t\t<\/div>\n\t\t","protected":false},"excerpt":{"rendered":"<p>CPA Comiss\u00e3o Permanente de Avalia\u00e7\u00e3o O que \u00e9 A Comiss\u00e3o Permanente de Avalia\u00e7\u00e3o-CPA, \u00e9 um \u00f3rg\u00e3o de representa\u00e7\u00e3o acad\u00eamica e social, isto \u00e9, a equipe conta com representantes de cinco (5) segmentos, a saber: professores, funcion\u00e1rios, estudantes, mantenedora e sociedade civil. A participa\u00e7\u00e3o dos integrantes da equipe da CPA \u00e9 volunt\u00e1ria. E, observando o Art. [&hellip;]<\/p>\n","protected":false},"author":1,"featured_media":1773,"parent":0,"menu_order":0,"comment_status":"closed","ping_status":"closed","template":"","meta":{"_acf_changed":false,"footnotes":""},"class_list":["post-1729","page","type-page","status-publish","has-post-thumbnail","hentry"],"acf":[],"yoast_head":"<!-- This site is optimized with the Yoast SEO plugin v25.3.1 - https:\/\/yoast.com\/wordpress\/plugins\/seo\/ -->\n<title>CPA - Faculdade Luterana Conc\u00f3rdia<\/title>\n<meta name=\"description\" content=\"A Comiss\u00e3o Permanente de Avalia\u00e7\u00e3o-CPA, \u00e9 um \u00f3rg\u00e3o de representa\u00e7\u00e3o acad\u00eamica e social, isto \u00e9, a equipe conta com representantes.\" \/>\n<meta name=\"robots\" content=\"index, follow, max-snippet:-1, max-image-preview:large, max-video-preview:-1\" \/>\n<link rel=\"canonical\" href=\"https:\/\/faculdadeluteranaconcordia.com.br\/site\/cpa\/\" \/>\n<meta property=\"og:locale\" content=\"pt_PT\" \/>\n<meta property=\"og:type\" content=\"article\" \/>\n<meta property=\"og:title\" content=\"CPA - Faculdade Luterana Conc\u00f3rdia\" \/>\n<meta property=\"og:description\" content=\"A Comiss\u00e3o Permanente de Avalia\u00e7\u00e3o-CPA, \u00e9 um \u00f3rg\u00e3o de representa\u00e7\u00e3o acad\u00eamica e social, isto \u00e9, a equipe conta com representantes.\" \/>\n<meta property=\"og:url\" content=\"https:\/\/faculdadeluteranaconcordia.com.br\/site\/cpa\/\" \/>\n<meta property=\"og:site_name\" content=\"Faculdade Luterana Conc\u00f3rdia\" \/>\n<meta property=\"article:modified_time\" content=\"2026-04-27T14:12:25+00:00\" \/>\n<meta property=\"og:image\" content=\"https:\/\/faculdadeluteranaconcordia.com.br\/site\/wp-content\/uploads\/2024\/10\/slide-04-cpa.webp\" \/>\n\t<meta property=\"og:image:width\" content=\"600\" \/>\n\t<meta property=\"og:image:height\" content=\"400\" \/>\n\t<meta property=\"og:image:type\" content=\"image\/webp\" \/>\n<meta name=\"twitter:card\" content=\"summary_large_image\" \/>\n<meta name=\"twitter:label1\" content=\"Tempo estimado de leitura\" \/>\n\t<meta name=\"twitter:data1\" content=\"3 minutos\" \/>\n<script type=\"application\/ld+json\" class=\"yoast-schema-graph\">{\"@context\":\"https:\/\/schema.org\",\"@graph\":[{\"@type\":\"WebPage\",\"@id\":\"https:\/\/faculdadeluteranaconcordia.com.br\/site\/cpa\/\",\"url\":\"https:\/\/faculdadeluteranaconcordia.com.br\/site\/cpa\/\",\"name\":\"CPA - Faculdade Luterana Conc\u00f3rdia\",\"isPartOf\":{\"@id\":\"https:\/\/faculdadeluteranaconcordia.com.br\/site\/#website\"},\"primaryImageOfPage\":{\"@id\":\"https:\/\/faculdadeluteranaconcordia.com.br\/site\/cpa\/#primaryimage\"},\"image\":{\"@id\":\"https:\/\/faculdadeluteranaconcordia.com.br\/site\/cpa\/#primaryimage\"},\"thumbnailUrl\":\"https:\/\/faculdadeluteranaconcordia.com.br\/site\/wp-content\/uploads\/2024\/10\/slide-04-cpa.webp\",\"datePublished\":\"2024-10-28T15:44:07+00:00\",\"dateModified\":\"2026-04-27T14:12:25+00:00\",\"description\":\"A Comiss\u00e3o Permanente de Avalia\u00e7\u00e3o-CPA, \u00e9 um \u00f3rg\u00e3o de representa\u00e7\u00e3o acad\u00eamica e social, isto \u00e9, a equipe conta com representantes.\",\"breadcrumb\":{\"@id\":\"https:\/\/faculdadeluteranaconcordia.com.br\/site\/cpa\/#breadcrumb\"},\"inLanguage\":\"pt-PT\",\"potentialAction\":[{\"@type\":\"ReadAction\",\"target\":[\"https:\/\/faculdadeluteranaconcordia.com.br\/site\/cpa\/\"]}]},{\"@type\":\"ImageObject\",\"inLanguage\":\"pt-PT\",\"@id\":\"https:\/\/faculdadeluteranaconcordia.com.br\/site\/cpa\/#primaryimage\",\"url\":\"https:\/\/faculdadeluteranaconcordia.com.br\/site\/wp-content\/uploads\/2024\/10\/slide-04-cpa.webp\",\"contentUrl\":\"https:\/\/faculdadeluteranaconcordia.com.br\/site\/wp-content\/uploads\/2024\/10\/slide-04-cpa.webp\",\"width\":600,\"height\":400},{\"@type\":\"BreadcrumbList\",\"@id\":\"https:\/\/faculdadeluteranaconcordia.com.br\/site\/cpa\/#breadcrumb\",\"itemListElement\":[{\"@type\":\"ListItem\",\"position\":1,\"name\":\"In\u00edcio\",\"item\":\"https:\/\/faculdadeluteranaconcordia.com.br\/site\/\"},{\"@type\":\"ListItem\",\"position\":2,\"name\":\"CPA\"}]},{\"@type\":\"WebSite\",\"@id\":\"https:\/\/faculdadeluteranaconcordia.com.br\/site\/#website\",\"url\":\"https:\/\/faculdadeluteranaconcordia.com.br\/site\/\",\"name\":\"Faculdade Luterana Conc\u00f3rdia\",\"description\":\"Site Institucional da Faculdade Luterana\",\"publisher\":{\"@id\":\"https:\/\/faculdadeluteranaconcordia.com.br\/site\/#organization\"},\"potentialAction\":[{\"@type\":\"SearchAction\",\"target\":{\"@type\":\"EntryPoint\",\"urlTemplate\":\"https:\/\/faculdadeluteranaconcordia.com.br\/site\/?s={search_term_string}\"},\"query-input\":{\"@type\":\"PropertyValueSpecification\",\"valueRequired\":true,\"valueName\":\"search_term_string\"}}],\"inLanguage\":\"pt-PT\"},{\"@type\":\"Organization\",\"@id\":\"https:\/\/faculdadeluteranaconcordia.com.br\/site\/#organization\",\"name\":\"Faculdade Luterana Conc\u00f3rdia\",\"url\":\"https:\/\/faculdadeluteranaconcordia.com.br\/site\/\",\"logo\":{\"@type\":\"ImageObject\",\"inLanguage\":\"pt-PT\",\"@id\":\"https:\/\/faculdadeluteranaconcordia.com.br\/site\/#\/schema\/logo\/image\/\",\"url\":\"https:\/\/faculdadeluteranaconcordia.com.br\/site\/wp-content\/uploads\/2023\/04\/LOGO-NOVO-FACULDADE-1.webp\",\"contentUrl\":\"https:\/\/faculdadeluteranaconcordia.com.br\/site\/wp-content\/uploads\/2023\/04\/LOGO-NOVO-FACULDADE-1.webp\",\"width\":1200,\"height\":383,\"caption\":\"Faculdade Luterana Conc\u00f3rdia\"},\"image\":{\"@id\":\"https:\/\/faculdadeluteranaconcordia.com.br\/site\/#\/schema\/logo\/image\/\"}}]}<\/script>\n<!-- \/ Yoast SEO plugin. -->","yoast_head_json":{"title":"CPA - Faculdade Luterana Conc\u00f3rdia","description":"A Comiss\u00e3o Permanente de Avalia\u00e7\u00e3o-CPA, \u00e9 um \u00f3rg\u00e3o de representa\u00e7\u00e3o acad\u00eamica e social, isto \u00e9, a equipe conta com representantes.","robots":{"index":"index","follow":"follow","max-snippet":"max-snippet:-1","max-image-preview":"max-image-preview:large","max-video-preview":"max-video-preview:-1"},"canonical":"https:\/\/faculdadeluteranaconcordia.com.br\/site\/cpa\/","og_locale":"pt_PT","og_type":"article","og_title":"CPA - Faculdade Luterana Conc\u00f3rdia","og_description":"A Comiss\u00e3o Permanente de Avalia\u00e7\u00e3o-CPA, \u00e9 um \u00f3rg\u00e3o de representa\u00e7\u00e3o acad\u00eamica e social, isto \u00e9, a equipe conta com representantes.","og_url":"https:\/\/faculdadeluteranaconcordia.com.br\/site\/cpa\/","og_site_name":"Faculdade Luterana Conc\u00f3rdia","article_modified_time":"2026-04-27T14:12:25+00:00","og_image":[{"width":600,"height":400,"url":"https:\/\/faculdadeluteranaconcordia.com.br\/site\/wp-content\/uploads\/2024\/10\/slide-04-cpa.webp","type":"image\/webp"}],"twitter_card":"summary_large_image","twitter_misc":{"Tempo estimado de leitura":"3 minutos"},"schema":{"@context":"https:\/\/schema.org","@graph":[{"@type":"WebPage","@id":"https:\/\/faculdadeluteranaconcordia.com.br\/site\/cpa\/","url":"https:\/\/faculdadeluteranaconcordia.com.br\/site\/cpa\/","name":"CPA - Faculdade Luterana Conc\u00f3rdia","isPartOf":{"@id":"https:\/\/faculdadeluteranaconcordia.com.br\/site\/#website"},"primaryImageOfPage":{"@id":"https:\/\/faculdadeluteranaconcordia.com.br\/site\/cpa\/#primaryimage"},"image":{"@id":"https:\/\/faculdadeluteranaconcordia.com.br\/site\/cpa\/#primaryimage"},"thumbnailUrl":"https:\/\/faculdadeluteranaconcordia.com.br\/site\/wp-content\/uploads\/2024\/10\/slide-04-cpa.webp","datePublished":"2024-10-28T15:44:07+00:00","dateModified":"2026-04-27T14:12:25+00:00","description":"A Comiss\u00e3o Permanente de Avalia\u00e7\u00e3o-CPA, \u00e9 um \u00f3rg\u00e3o de representa\u00e7\u00e3o acad\u00eamica e social, isto \u00e9, a equipe conta com representantes.","breadcrumb":{"@id":"https:\/\/faculdadeluteranaconcordia.com.br\/site\/cpa\/#breadcrumb"},"inLanguage":"pt-PT","potentialAction":[{"@type":"ReadAction","target":["https:\/\/faculdadeluteranaconcordia.com.br\/site\/cpa\/"]}]},{"@type":"ImageObject","inLanguage":"pt-PT","@id":"https:\/\/faculdadeluteranaconcordia.com.br\/site\/cpa\/#primaryimage","url":"https:\/\/faculdadeluteranaconcordia.com.br\/site\/wp-content\/uploads\/2024\/10\/slide-04-cpa.webp","contentUrl":"https:\/\/faculdadeluteranaconcordia.com.br\/site\/wp-content\/uploads\/2024\/10\/slide-04-cpa.webp","width":600,"height":400},{"@type":"BreadcrumbList","@id":"https:\/\/faculdadeluteranaconcordia.com.br\/site\/cpa\/#breadcrumb","itemListElement":[{"@type":"ListItem","position":1,"name":"In\u00edcio","item":"https:\/\/faculdadeluteranaconcordia.com.br\/site\/"},{"@type":"ListItem","position":2,"name":"CPA"}]},{"@type":"WebSite","@id":"https:\/\/faculdadeluteranaconcordia.com.br\/site\/#website","url":"https:\/\/faculdadeluteranaconcordia.com.br\/site\/","name":"Faculdade Luterana Conc\u00f3rdia","description":"Site Institucional da Faculdade Luterana","publisher":{"@id":"https:\/\/faculdadeluteranaconcordia.com.br\/site\/#organization"},"potentialAction":[{"@type":"SearchAction","target":{"@type":"EntryPoint","urlTemplate":"https:\/\/faculdadeluteranaconcordia.com.br\/site\/?s={search_term_string}"},"query-input":{"@type":"PropertyValueSpecification","valueRequired":true,"valueName":"search_term_string"}}],"inLanguage":"pt-PT"},{"@type":"Organization","@id":"https:\/\/faculdadeluteranaconcordia.com.br\/site\/#organization","name":"Faculdade Luterana Conc\u00f3rdia","url":"https:\/\/faculdadeluteranaconcordia.com.br\/site\/","logo":{"@type":"ImageObject","inLanguage":"pt-PT","@id":"https:\/\/faculdadeluteranaconcordia.com.br\/site\/#\/schema\/logo\/image\/","url":"https:\/\/faculdadeluteranaconcordia.com.br\/site\/wp-content\/uploads\/2023\/04\/LOGO-NOVO-FACULDADE-1.webp","contentUrl":"https:\/\/faculdadeluteranaconcordia.com.br\/site\/wp-content\/uploads\/2023\/04\/LOGO-NOVO-FACULDADE-1.webp","width":1200,"height":383,"caption":"Faculdade Luterana Conc\u00f3rdia"},"image":{"@id":"https:\/\/faculdadeluteranaconcordia.com.br\/site\/#\/schema\/logo\/image\/"}}]}},"_links":{"self":[{"href":"https:\/\/faculdadeluteranaconcordia.com.br\/site\/wp-json\/wp\/v2\/pages\/1729","targetHints":{"allow":["GET"]}}],"collection":[{"href":"https:\/\/faculdadeluteranaconcordia.com.br\/site\/wp-json\/wp\/v2\/pages"}],"about":[{"href":"https:\/\/faculdadeluteranaconcordia.com.br\/site\/wp-json\/wp\/v2\/types\/page"}],"author":[{"embeddable":true,"href":"https:\/\/faculdadeluteranaconcordia.com.br\/site\/wp-json\/wp\/v2\/users\/1"}],"replies":[{"embeddable":true,"href":"https:\/\/faculdadeluteranaconcordia.com.br\/site\/wp-json\/wp\/v2\/comments?post=1729"}],"version-history":[{"count":98,"href":"https:\/\/faculdadeluteranaconcordia.com.br\/site\/wp-json\/wp\/v2\/pages\/1729\/revisions"}],"predecessor-version":[{"id":3173,"href":"https:\/\/faculdadeluteranaconcordia.com.br\/site\/wp-json\/wp\/v2\/pages\/1729\/revisions\/3173"}],"wp:featuredmedia":[{"embeddable":true,"href":"https:\/\/faculdadeluteranaconcordia.com.br\/site\/wp-json\/wp\/v2\/media\/1773"}],"wp:attachment":[{"href":"https:\/\/faculdadeluteranaconcordia.com.br\/site\/wp-json\/wp\/v2\/media?parent=1729"}],"curies":[{"name":"wp","href":"https:\/\/api.w.org\/{rel}","templated":true}]}}