{"id":182,"date":"2023-06-27T17:15:31","date_gmt":"2023-06-27T17:15:31","guid":{"rendered":"https:\/\/faculdadeluteranaconcordia.com.br\/site\/?page_id=182"},"modified":"2025-06-24T17:03:00","modified_gmt":"2025-06-24T17:03:00","slug":"historia","status":"publish","type":"page","link":"https:\/\/faculdadeluteranaconcordia.com.br\/site\/historia\/","title":{"rendered":"Hist\u00f3ria"},"content":{"rendered":"\t\t<div data-elementor-type=\"wp-page\" data-elementor-id=\"182\" class=\"elementor elementor-182\" data-elementor-post-type=\"page\">\n\t\t\t\t\t\t\t\t\t<section class=\"elementor-section elementor-top-section elementor-element elementor-element-e73f7c5 elementor-section-full_width elementor-section-height-default elementor-section-height-default\" data-id=\"e73f7c5\" data-element_type=\"section\" data-settings=\"{&quot;shape_divider_bottom&quot;:&quot;mountains&quot;,&quot;motion_fx_motion_fx_scrolling&quot;:&quot;yes&quot;,&quot;motion_fx_scale_effect&quot;:&quot;yes&quot;,&quot;motion_fx_scale_speed&quot;:{&quot;unit&quot;:&quot;px&quot;,&quot;size&quot;:2,&quot;sizes&quot;:[]},&quot;motion_fx_devices&quot;:[&quot;desktop&quot;],&quot;background_background&quot;:&quot;classic&quot;,&quot;motion_fx_scale_direction&quot;:&quot;out-in&quot;,&quot;motion_fx_scale_range&quot;:{&quot;unit&quot;:&quot;%&quot;,&quot;size&quot;:&quot;&quot;,&quot;sizes&quot;:{&quot;start&quot;:20,&quot;end&quot;:80}}}\">\n\t\t\t\t\t<div class=\"elementor-shape elementor-shape-bottom\" data-negative=\"false\">\n\t\t\t<svg xmlns=\"http:\/\/www.w3.org\/2000\/svg\" viewBox=\"0 0 1000 100\" preserveAspectRatio=\"none\">\n\t<path class=\"elementor-shape-fill\" opacity=\"0.33\" d=\"M473,67.3c-203.9,88.3-263.1-34-320.3,0C66,119.1,0,59.7,0,59.7V0h1000v59.7 c0,0-62.1,26.1-94.9,29.3c-32.8,3.3-62.8-12.3-75.8-22.1C806,49.6,745.3,8.7,694.9,4.7S492.4,59,473,67.3z\"\/>\n\t<path class=\"elementor-shape-fill\" opacity=\"0.66\" d=\"M734,67.3c-45.5,0-77.2-23.2-129.1-39.1c-28.6-8.7-150.3-10.1-254,39.1 s-91.7-34.4-149.2,0C115.7,118.3,0,39.8,0,39.8V0h1000v36.5c0,0-28.2-18.5-92.1-18.5C810.2,18.1,775.7,67.3,734,67.3z\"\/>\n\t<path class=\"elementor-shape-fill\" d=\"M766.1,28.9c-200-57.5-266,65.5-395.1,19.5C242,1.8,242,5.4,184.8,20.6C128,35.8,132.3,44.9,89.9,52.5C28.6,63.7,0,0,0,0 h1000c0,0-9.9,40.9-83.6,48.1S829.6,47,766.1,28.9z\"\/>\n<\/svg>\t\t<\/div>\n\t\t\t\t\t<div class=\"elementor-container elementor-column-gap-default\">\n\t\t\t\t\t<div class=\"elementor-column elementor-col-100 elementor-top-column elementor-element elementor-element-eed75ca\" data-id=\"eed75ca\" data-element_type=\"column\">\n\t\t\t<div class=\"elementor-widget-wrap elementor-element-populated\">\n\t\t\t\t\t\t\t\t<div class=\"elementor-element elementor-element-bd68c96 elementor--h-position-center elementor--v-position-middle elementor-widget elementor-widget-slides\" data-id=\"bd68c96\" data-element_type=\"widget\" data-settings=\"{&quot;navigation&quot;:&quot;none&quot;,&quot;autoplay_speed&quot;:4000,&quot;autoplay&quot;:&quot;yes&quot;,&quot;infinite&quot;:&quot;yes&quot;,&quot;transition&quot;:&quot;slide&quot;,&quot;transition_speed&quot;:500}\" data-widget_type=\"slides.default\">\n\t\t\t\t<div class=\"elementor-widget-container\">\n\t\t\t<style>\/*! elementor-pro - v3.14.0 - 26-06-2023 *\/\n.elementor-slides .swiper-slide-bg{background-size:cover;background-position:50%;background-repeat:no-repeat;min-width:100%;min-height:100%}.elementor-slides .swiper-slide-inner{background-repeat:no-repeat;background-position:50%;position:absolute;top:0;left:0;bottom:0;right:0;padding:50px;margin:auto}.elementor-slides .swiper-slide-inner,.elementor-slides .swiper-slide-inner:hover{color:#fff;display:flex}.elementor-slides .swiper-slide-inner .elementor-background-overlay{position:absolute;z-index:0;top:0;bottom:0;left:0;right:0}.elementor-slides .swiper-slide-inner .elementor-slide-content{position:relative;z-index:1;width:100%}.elementor-slides .swiper-slide-inner .elementor-slide-heading{font-size:35px;font-weight:700;line-height:1}.elementor-slides .swiper-slide-inner .elementor-slide-description{font-size:17px;line-height:1.4}.elementor-slides .swiper-slide-inner .elementor-slide-description:not(:last-child),.elementor-slides .swiper-slide-inner .elementor-slide-heading:not(:last-child){margin-bottom:30px}.elementor-slides .swiper-slide-inner .elementor-slide-button{border:2px solid #fff;color:#fff;background:transparent;display:inline-block}.elementor-slides .swiper-slide-inner .elementor-slide-button,.elementor-slides .swiper-slide-inner .elementor-slide-button:hover{background:transparent;color:inherit;text-decoration:none}.elementor--v-position-top .swiper-slide-inner{align-items:flex-start}.elementor--v-position-bottom .swiper-slide-inner{align-items:flex-end}.elementor--v-position-middle .swiper-slide-inner{align-items:center}.elementor--h-position-left .swiper-slide-inner{justify-content:flex-start}.elementor--h-position-right .swiper-slide-inner{justify-content:flex-end}.elementor--h-position-center .swiper-slide-inner{justify-content:center}body.rtl .elementor-widget-slides .elementor-swiper-button-next{left:10px;right:auto}body.rtl .elementor-widget-slides .elementor-swiper-button-prev{right:10px;left:auto}.elementor-slides-wrapper div:not(.swiper-slide)>.swiper-slide-inner{display:none}@media (max-width:767px){.elementor-slides .swiper-slide-inner{padding:30px}.elementor-slides .swiper-slide-inner .elementor-slide-heading{font-size:23px;line-height:1;margin-bottom:15px}.elementor-slides .swiper-slide-inner .elementor-slide-description{font-size:13px;line-height:1.4;margin-bottom:15px}}<\/style>\t\t<div class=\"elementor-swiper\">\n\t\t\t<div class=\"elementor-slides-wrapper elementor-main-swiper swiper\" dir=\"ltr\" data-animation=\"fadeInUp\">\n\t\t\t\t<div class=\"swiper-wrapper elementor-slides\">\n\t\t\t\t\t\t\t\t\t\t<div class=\"elementor-repeater-item-2df0d87 swiper-slide\"><div class=\"swiper-slide-bg elementor-ken-burns elementor-ken-burns--in\" role=\"img\"><\/div><div class=\"elementor-background-overlay\"><\/div><div class=\"swiper-slide-inner\" ><div class=\"swiper-slide-contents\"><div class=\"elementor-slide-heading\">Hist\u00f3ria<\/div><\/div><\/div><\/div><div class=\"elementor-repeater-item-a31e96a swiper-slide\"><div class=\"swiper-slide-bg elementor-ken-burns elementor-ken-burns--in\" role=\"img\"><\/div><div class=\"elementor-background-overlay\"><\/div><div class=\"swiper-slide-inner\" ><div class=\"swiper-slide-contents\"><\/div><\/div><\/div>\t\t\t\t<\/div>\n\t\t\t\t\t\t\t\t\t\t\t\t\t\t\t\t\t\t\t\t\t<\/div>\n\t\t<\/div>\n\t\t\t\t<\/div>\n\t\t\t\t<\/div>\n\t\t\t\t\t<\/div>\n\t\t<\/div>\n\t\t\t\t\t\t\t<\/div>\n\t\t<\/section>\n\t\t\t\t<section class=\"elementor-section elementor-top-section elementor-element elementor-element-977ef08 elementor-section-content-middle elementor-section-boxed elementor-section-height-default elementor-section-height-default\" data-id=\"977ef08\" data-element_type=\"section\" data-settings=\"{&quot;background_background&quot;:&quot;classic&quot;}\">\n\t\t\t\t\t\t<div class=\"elementor-container elementor-column-gap-no\">\n\t\t\t\t\t<div class=\"elementor-column elementor-col-50 elementor-top-column elementor-element elementor-element-4e80356\" data-id=\"4e80356\" data-element_type=\"column\">\n\t\t\t<div class=\"elementor-widget-wrap elementor-element-populated\">\n\t\t\t\t\t\t\t\t<div class=\"elementor-element elementor-element-8f40722 elementor-widget elementor-widget-text-editor\" data-id=\"8f40722\" data-element_type=\"widget\" data-widget_type=\"text-editor.default\">\n\t\t\t\t<div class=\"elementor-widget-container\">\n\t\t\t<style>\/*! elementor - v3.14.0 - 26-06-2023 *\/\n.elementor-widget-text-editor.elementor-drop-cap-view-stacked .elementor-drop-cap{background-color:#69727d;color:#fff}.elementor-widget-text-editor.elementor-drop-cap-view-framed .elementor-drop-cap{color:#69727d;border:3px solid;background-color:transparent}.elementor-widget-text-editor:not(.elementor-drop-cap-view-default) .elementor-drop-cap{margin-top:8px}.elementor-widget-text-editor:not(.elementor-drop-cap-view-default) .elementor-drop-cap-letter{width:1em;height:1em}.elementor-widget-text-editor .elementor-drop-cap{float:left;text-align:center;line-height:1;font-size:50px}.elementor-widget-text-editor .elementor-drop-cap-letter{display:inline-block}<\/style>\t\t\t\t<p><span style=\"font-weight: 400;\">A hist\u00f3ria da Faculdade Luterana Conc\u00f3rdia remonta \u00e0s ra\u00edzes da Igreja Evang\u00e9lica Luterana do Brasil (IELB) e \u00e0 sua rela\u00e7\u00e3o intr\u00ednseca com o Semin\u00e1rio Conc\u00f3rdia, situado em S\u00e3o Leopoldo. A semente dessa institui\u00e7\u00e3o foi plantada em 1903, antes mesmo da funda\u00e7\u00e3o oficial da IELB em 24 de junho de 1904, quando o Semin\u00e1rio Conc\u00f3rdia come\u00e7ou a operar. Sua concep\u00e7\u00e3o ocorreu durante uma confer\u00eancia pastoral realizada em abril de 1903, em Bom Jesus, no munic\u00edpio de S\u00e3o Louren\u00e7o do Sul, RS.<\/span><\/p><p><span style=\"font-weight: 400;\">As primeiras aulas tiveram in\u00edcio em 27 de outubro de 1903, agora lembrado como o &#8220;Dia do Semin\u00e1rio&#8221;. Naquela \u00e9poca, o Semin\u00e1rio dispunha apenas de uma igreja local, uma casa pastoral e um modesto galp\u00e3o. No come\u00e7o, os alunos eram apenas tr\u00eas, posteriormente ampliando para cinco. O Rev. John Hartmeister, um pastor mission\u00e1rio do S\u00ednodo de Missouri, EUA, serviu como o diretor e \u00fanico professor.<\/span><\/p><p><span style=\"font-weight: 400;\">Em 1905, durante a segunda Conven\u00e7\u00e3o da IELB, realizada em Jaguari, RS, a decis\u00e3o foi tomada de transferir a escola para Porto Alegre. Essa decis\u00e3o se concretizou em 1\u00ba de maio de 1907. Em 1908, a institui\u00e7\u00e3o recebeu o nome de Semin\u00e1rio Conc\u00f3rdia.<\/span><\/p><p><span style=\"font-weight: 400;\">Em 1912, o Semin\u00e1rio Conc\u00f3rdia mudou-se para um novo edif\u00edcio, de propriedade da Igreja, constru\u00eddo em terreno que hoje abriga o Col\u00e9gio Conc\u00f3rdia de Porto Alegre. Os primeiros pastores se formaram em 1915.<\/span><\/p><p><span style=\"font-weight: 400;\">Em 1921, o Semin\u00e1rio Conc\u00f3rdia transferiu-se para o bairro Bela Vista, em Porto Alegre, onde permaneceu at\u00e9 sua mudan\u00e7a, em 1984, para S\u00e3o Leopoldo. O Semin\u00e1rio Conc\u00f3rdia \u00e9 um dos membros fundadores da ASTE (Associa\u00e7\u00e3o de Semin\u00e1rios Teol\u00f3gicos Evang\u00e9licos).\u00a0<\/span><\/p>\t\t\t\t\t\t<\/div>\n\t\t\t\t<\/div>\n\t\t\t\t\t<\/div>\n\t\t<\/div>\n\t\t\t\t<div class=\"elementor-column elementor-col-50 elementor-top-column elementor-element elementor-element-525594a\" data-id=\"525594a\" data-element_type=\"column\">\n\t\t\t<div class=\"elementor-widget-wrap elementor-element-populated\">\n\t\t\t\t\t\t\t\t<div class=\"elementor-element elementor-element-3fa748d elementor-widget elementor-widget-text-editor\" data-id=\"3fa748d\" data-element_type=\"widget\" data-widget_type=\"text-editor.default\">\n\t\t\t\t<div class=\"elementor-widget-container\">\n\t\t\t\t\t\t\t<p><span style=\"font-weight: 400;\">A ASTE passou a reconhecer o curso de gradua\u00e7\u00e3o do Semin\u00e1rio a partir de 1971 e, a partir de 1990, o seu curso de Mestrado (mestrado livre de Teologia).<\/span><\/p><p><span style=\"font-weight: 400;\">Como institui\u00e7\u00e3o oficial da IELB, o Semin\u00e1rio Conc\u00f3rdia j\u00e1 formou centenas de pastores que servem em cerca de 1900 congrega\u00e7\u00f5es e pontos de miss\u00e3o no Brasil e no exterior, abrangendo pa\u00edses como Chile, Paraguai, Argentina, Uruguai, Estados Unidos, Alemanha, Venezuela, B\u00e9lgica, Canad\u00e1, Portugal, Guatemala, \u00c1frica do Sul, Inglaterra, Panam\u00e1 e Rep\u00fablica Dominicana.<\/span><\/p><p><span style=\"font-weight: 400;\">Em 30 de dezembro de 1994, com a assinatura do Conv\u00eanio de M\u00fatua Coopera\u00e7\u00e3o entre a IELB e a ULBRA (Universidade Luterana do Brasil), o Semin\u00e1rio Conc\u00f3rdia entrou em uma nova fase de sua exist\u00eancia. Os professores come\u00e7aram a atuar tanto no Semin\u00e1rio Conc\u00f3rdia quanto no curso de Licenciatura em Educa\u00e7\u00e3o Crist\u00e3 da ULBRA, permitindo que os alunos pudessem cursar, simultaneamente, a Licenciatura da ULBRA e o Bacharelado do Semin\u00e1rio Conc\u00f3rdia.<\/span><\/p><p><span style=\"font-weight: 400;\">Em 2022, em resposta \u00e0s mudan\u00e7as na modalidade do curso de Teologia da ULBRA, a IELB decidiu iniciar o processo de credenciamento da &#8220;Faculdade Luterana Conc\u00f3rdia&#8221; junto ao Minist\u00e9rio da Educa\u00e7\u00e3o, visando inicialmente oferecer o curso de Teologia na modalidade presencial. <\/span><\/p><p><span style=\"font-weight: 400;\">Antevendo o futuro pr\u00f3ximo, a institui\u00e7\u00e3o planeja expandir sua oferta para incluir cursos nas \u00e1reas educacional, tecnol\u00f3gica e art\u00edstico-musical. Este \u00e9 um passo significativo na evolu\u00e7\u00e3o desta renomada institui\u00e7\u00e3o, que continuar\u00e1 a impactar a IELB e al\u00e9m com sua dedica\u00e7\u00e3o \u00e0 educa\u00e7\u00e3o e \u00e0 teologia.<\/span><\/p>\t\t\t\t\t\t<\/div>\n\t\t\t\t<\/div>\n\t\t\t\t\t<\/div>\n\t\t<\/div>\n\t\t\t\t\t\t\t<\/div>\n\t\t<\/section>\n\t\t\t\t\t\t\t<\/div>\n\t\t","protected":false},"excerpt":{"rendered":"<p>Hist\u00f3ria A hist\u00f3ria da Faculdade Luterana Conc\u00f3rdia remonta \u00e0s ra\u00edzes da Igreja Evang\u00e9lica Luterana do Brasil (IELB) e \u00e0 sua rela\u00e7\u00e3o intr\u00ednseca com o Semin\u00e1rio Conc\u00f3rdia, situado em S\u00e3o Leopoldo. A semente dessa institui\u00e7\u00e3o foi plantada em 1903, antes mesmo da funda\u00e7\u00e3o oficial da IELB em 24 de junho de 1904, quando o Semin\u00e1rio Conc\u00f3rdia [&hellip;]<\/p>\n","protected":false},"author":1,"featured_media":516,"parent":0,"menu_order":0,"comment_status":"closed","ping_status":"closed","template":"","meta":{"_acf_changed":false,"footnotes":""},"class_list":["post-182","page","type-page","status-publish","has-post-thumbnail","hentry"],"acf":[],"yoast_head":"<!-- This site is optimized with the Yoast SEO plugin v25.3.1 - https:\/\/yoast.com\/wordpress\/plugins\/seo\/ -->\n<title>Hist\u00f3ria - Faculdade Luterana Conc\u00f3rdia<\/title>\n<meta name=\"description\" content=\"A hist\u00f3ria da Faculdade Luterana Conc\u00f3rdia remonta \u00e0s ra\u00edzes da Igreja Evang\u00e9lica Luterana do Brasil (IELB) e \u00e0 sua rela\u00e7\u00e3o intr\u00ednseca com o Semin\u00e1rio Conc\u00f3rdia.\" \/>\n<meta name=\"robots\" content=\"index, follow, max-snippet:-1, max-image-preview:large, max-video-preview:-1\" \/>\n<link rel=\"canonical\" href=\"https:\/\/faculdadeluteranaconcordia.com.br\/site\/historia\/\" \/>\n<meta property=\"og:locale\" content=\"pt_PT\" \/>\n<meta property=\"og:type\" content=\"article\" \/>\n<meta property=\"og:title\" content=\"Hist\u00f3ria - Faculdade Luterana Conc\u00f3rdia\" \/>\n<meta property=\"og:description\" content=\"A hist\u00f3ria da Faculdade Luterana Conc\u00f3rdia remonta \u00e0s ra\u00edzes da Igreja Evang\u00e9lica Luterana do Brasil (IELB) e \u00e0 sua rela\u00e7\u00e3o intr\u00ednseca com o Semin\u00e1rio Conc\u00f3rdia.\" \/>\n<meta property=\"og:url\" content=\"https:\/\/faculdadeluteranaconcordia.com.br\/site\/historia\/\" \/>\n<meta property=\"og:site_name\" content=\"Faculdade Luterana Conc\u00f3rdia\" \/>\n<meta property=\"article:modified_time\" content=\"2025-06-24T17:03:00+00:00\" \/>\n<meta property=\"og:image\" content=\"https:\/\/faculdadeluteranaconcordia.com.br\/site\/wp-content\/uploads\/2023\/07\/imagem-slide-principal01-scaled.jpg\" \/>\n\t<meta property=\"og:image:width\" content=\"2560\" \/>\n\t<meta property=\"og:image:height\" content=\"1920\" \/>\n\t<meta property=\"og:image:type\" content=\"image\/jpeg\" \/>\n<meta name=\"twitter:card\" content=\"summary_large_image\" \/>\n<meta name=\"twitter:label1\" content=\"Tempo estimado de leitura\" \/>\n\t<meta name=\"twitter:data1\" content=\"3 minutos\" \/>\n<script type=\"application\/ld+json\" class=\"yoast-schema-graph\">{\"@context\":\"https:\/\/schema.org\",\"@graph\":[{\"@type\":\"WebPage\",\"@id\":\"https:\/\/faculdadeluteranaconcordia.com.br\/site\/historia\/\",\"url\":\"https:\/\/faculdadeluteranaconcordia.com.br\/site\/historia\/\",\"name\":\"Hist\u00f3ria - Faculdade Luterana Conc\u00f3rdia\",\"isPartOf\":{\"@id\":\"https:\/\/faculdadeluteranaconcordia.com.br\/site\/#website\"},\"primaryImageOfPage\":{\"@id\":\"https:\/\/faculdadeluteranaconcordia.com.br\/site\/historia\/#primaryimage\"},\"image\":{\"@id\":\"https:\/\/faculdadeluteranaconcordia.com.br\/site\/historia\/#primaryimage\"},\"thumbnailUrl\":\"https:\/\/faculdadeluteranaconcordia.com.br\/site\/wp-content\/uploads\/2023\/07\/imagem-slide-principal01-scaled.jpg\",\"datePublished\":\"2023-06-27T17:15:31+00:00\",\"dateModified\":\"2025-06-24T17:03:00+00:00\",\"description\":\"A hist\u00f3ria da Faculdade Luterana Conc\u00f3rdia remonta \u00e0s ra\u00edzes da Igreja Evang\u00e9lica Luterana do Brasil (IELB) e \u00e0 sua rela\u00e7\u00e3o intr\u00ednseca com o Semin\u00e1rio Conc\u00f3rdia.\",\"breadcrumb\":{\"@id\":\"https:\/\/faculdadeluteranaconcordia.com.br\/site\/historia\/#breadcrumb\"},\"inLanguage\":\"pt-PT\",\"potentialAction\":[{\"@type\":\"ReadAction\",\"target\":[\"https:\/\/faculdadeluteranaconcordia.com.br\/site\/historia\/\"]}]},{\"@type\":\"ImageObject\",\"inLanguage\":\"pt-PT\",\"@id\":\"https:\/\/faculdadeluteranaconcordia.com.br\/site\/historia\/#primaryimage\",\"url\":\"https:\/\/faculdadeluteranaconcordia.com.br\/site\/wp-content\/uploads\/2023\/07\/imagem-slide-principal01-scaled.jpg\",\"contentUrl\":\"https:\/\/faculdadeluteranaconcordia.com.br\/site\/wp-content\/uploads\/2023\/07\/imagem-slide-principal01-scaled.jpg\",\"width\":2560,\"height\":1920},{\"@type\":\"BreadcrumbList\",\"@id\":\"https:\/\/faculdadeluteranaconcordia.com.br\/site\/historia\/#breadcrumb\",\"itemListElement\":[{\"@type\":\"ListItem\",\"position\":1,\"name\":\"In\u00edcio\",\"item\":\"https:\/\/faculdadeluteranaconcordia.com.br\/site\/\"},{\"@type\":\"ListItem\",\"position\":2,\"name\":\"Hist\u00f3ria\"}]},{\"@type\":\"WebSite\",\"@id\":\"https:\/\/faculdadeluteranaconcordia.com.br\/site\/#website\",\"url\":\"https:\/\/faculdadeluteranaconcordia.com.br\/site\/\",\"name\":\"Faculdade Luterana Conc\u00f3rdia\",\"description\":\"Site Institucional da Faculdade Luterana\",\"publisher\":{\"@id\":\"https:\/\/faculdadeluteranaconcordia.com.br\/site\/#organization\"},\"potentialAction\":[{\"@type\":\"SearchAction\",\"target\":{\"@type\":\"EntryPoint\",\"urlTemplate\":\"https:\/\/faculdadeluteranaconcordia.com.br\/site\/?s={search_term_string}\"},\"query-input\":{\"@type\":\"PropertyValueSpecification\",\"valueRequired\":true,\"valueName\":\"search_term_string\"}}],\"inLanguage\":\"pt-PT\"},{\"@type\":\"Organization\",\"@id\":\"https:\/\/faculdadeluteranaconcordia.com.br\/site\/#organization\",\"name\":\"Faculdade Luterana Conc\u00f3rdia\",\"url\":\"https:\/\/faculdadeluteranaconcordia.com.br\/site\/\",\"logo\":{\"@type\":\"ImageObject\",\"inLanguage\":\"pt-PT\",\"@id\":\"https:\/\/faculdadeluteranaconcordia.com.br\/site\/#\/schema\/logo\/image\/\",\"url\":\"https:\/\/faculdadeluteranaconcordia.com.br\/site\/wp-content\/uploads\/2023\/04\/LOGO-NOVO-FACULDADE-1.webp\",\"contentUrl\":\"https:\/\/faculdadeluteranaconcordia.com.br\/site\/wp-content\/uploads\/2023\/04\/LOGO-NOVO-FACULDADE-1.webp\",\"width\":1200,\"height\":383,\"caption\":\"Faculdade Luterana Conc\u00f3rdia\"},\"image\":{\"@id\":\"https:\/\/faculdadeluteranaconcordia.com.br\/site\/#\/schema\/logo\/image\/\"}}]}<\/script>\n<!-- \/ Yoast SEO plugin. -->","yoast_head_json":{"title":"Hist\u00f3ria - Faculdade Luterana Conc\u00f3rdia","description":"A hist\u00f3ria da Faculdade Luterana Conc\u00f3rdia remonta \u00e0s ra\u00edzes da Igreja Evang\u00e9lica Luterana do Brasil (IELB) e \u00e0 sua rela\u00e7\u00e3o intr\u00ednseca com o Semin\u00e1rio Conc\u00f3rdia.","robots":{"index":"index","follow":"follow","max-snippet":"max-snippet:-1","max-image-preview":"max-image-preview:large","max-video-preview":"max-video-preview:-1"},"canonical":"https:\/\/faculdadeluteranaconcordia.com.br\/site\/historia\/","og_locale":"pt_PT","og_type":"article","og_title":"Hist\u00f3ria - Faculdade Luterana Conc\u00f3rdia","og_description":"A hist\u00f3ria da Faculdade Luterana Conc\u00f3rdia remonta \u00e0s ra\u00edzes da Igreja Evang\u00e9lica Luterana do Brasil (IELB) e \u00e0 sua rela\u00e7\u00e3o intr\u00ednseca com o Semin\u00e1rio Conc\u00f3rdia.","og_url":"https:\/\/faculdadeluteranaconcordia.com.br\/site\/historia\/","og_site_name":"Faculdade Luterana Conc\u00f3rdia","article_modified_time":"2025-06-24T17:03:00+00:00","og_image":[{"width":2560,"height":1920,"url":"https:\/\/faculdadeluteranaconcordia.com.br\/site\/wp-content\/uploads\/2023\/07\/imagem-slide-principal01-scaled.jpg","type":"image\/jpeg"}],"twitter_card":"summary_large_image","twitter_misc":{"Tempo estimado de leitura":"3 minutos"},"schema":{"@context":"https:\/\/schema.org","@graph":[{"@type":"WebPage","@id":"https:\/\/faculdadeluteranaconcordia.com.br\/site\/historia\/","url":"https:\/\/faculdadeluteranaconcordia.com.br\/site\/historia\/","name":"Hist\u00f3ria - Faculdade Luterana Conc\u00f3rdia","isPartOf":{"@id":"https:\/\/faculdadeluteranaconcordia.com.br\/site\/#website"},"primaryImageOfPage":{"@id":"https:\/\/faculdadeluteranaconcordia.com.br\/site\/historia\/#primaryimage"},"image":{"@id":"https:\/\/faculdadeluteranaconcordia.com.br\/site\/historia\/#primaryimage"},"thumbnailUrl":"https:\/\/faculdadeluteranaconcordia.com.br\/site\/wp-content\/uploads\/2023\/07\/imagem-slide-principal01-scaled.jpg","datePublished":"2023-06-27T17:15:31+00:00","dateModified":"2025-06-24T17:03:00+00:00","description":"A hist\u00f3ria da Faculdade Luterana Conc\u00f3rdia remonta \u00e0s ra\u00edzes da Igreja Evang\u00e9lica Luterana do Brasil (IELB) e \u00e0 sua rela\u00e7\u00e3o intr\u00ednseca com o Semin\u00e1rio Conc\u00f3rdia.","breadcrumb":{"@id":"https:\/\/faculdadeluteranaconcordia.com.br\/site\/historia\/#breadcrumb"},"inLanguage":"pt-PT","potentialAction":[{"@type":"ReadAction","target":["https:\/\/faculdadeluteranaconcordia.com.br\/site\/historia\/"]}]},{"@type":"ImageObject","inLanguage":"pt-PT","@id":"https:\/\/faculdadeluteranaconcordia.com.br\/site\/historia\/#primaryimage","url":"https:\/\/faculdadeluteranaconcordia.com.br\/site\/wp-content\/uploads\/2023\/07\/imagem-slide-principal01-scaled.jpg","contentUrl":"https:\/\/faculdadeluteranaconcordia.com.br\/site\/wp-content\/uploads\/2023\/07\/imagem-slide-principal01-scaled.jpg","width":2560,"height":1920},{"@type":"BreadcrumbList","@id":"https:\/\/faculdadeluteranaconcordia.com.br\/site\/historia\/#breadcrumb","itemListElement":[{"@type":"ListItem","position":1,"name":"In\u00edcio","item":"https:\/\/faculdadeluteranaconcordia.com.br\/site\/"},{"@type":"ListItem","position":2,"name":"Hist\u00f3ria"}]},{"@type":"WebSite","@id":"https:\/\/faculdadeluteranaconcordia.com.br\/site\/#website","url":"https:\/\/faculdadeluteranaconcordia.com.br\/site\/","name":"Faculdade Luterana Conc\u00f3rdia","description":"Site Institucional da Faculdade Luterana","publisher":{"@id":"https:\/\/faculdadeluteranaconcordia.com.br\/site\/#organization"},"potentialAction":[{"@type":"SearchAction","target":{"@type":"EntryPoint","urlTemplate":"https:\/\/faculdadeluteranaconcordia.com.br\/site\/?s={search_term_string}"},"query-input":{"@type":"PropertyValueSpecification","valueRequired":true,"valueName":"search_term_string"}}],"inLanguage":"pt-PT"},{"@type":"Organization","@id":"https:\/\/faculdadeluteranaconcordia.com.br\/site\/#organization","name":"Faculdade Luterana Conc\u00f3rdia","url":"https:\/\/faculdadeluteranaconcordia.com.br\/site\/","logo":{"@type":"ImageObject","inLanguage":"pt-PT","@id":"https:\/\/faculdadeluteranaconcordia.com.br\/site\/#\/schema\/logo\/image\/","url":"https:\/\/faculdadeluteranaconcordia.com.br\/site\/wp-content\/uploads\/2023\/04\/LOGO-NOVO-FACULDADE-1.webp","contentUrl":"https:\/\/faculdadeluteranaconcordia.com.br\/site\/wp-content\/uploads\/2023\/04\/LOGO-NOVO-FACULDADE-1.webp","width":1200,"height":383,"caption":"Faculdade Luterana Conc\u00f3rdia"},"image":{"@id":"https:\/\/faculdadeluteranaconcordia.com.br\/site\/#\/schema\/logo\/image\/"}}]}},"_links":{"self":[{"href":"https:\/\/faculdadeluteranaconcordia.com.br\/site\/wp-json\/wp\/v2\/pages\/182","targetHints":{"allow":["GET"]}}],"collection":[{"href":"https:\/\/faculdadeluteranaconcordia.com.br\/site\/wp-json\/wp\/v2\/pages"}],"about":[{"href":"https:\/\/faculdadeluteranaconcordia.com.br\/site\/wp-json\/wp\/v2\/types\/page"}],"author":[{"embeddable":true,"href":"https:\/\/faculdadeluteranaconcordia.com.br\/site\/wp-json\/wp\/v2\/users\/1"}],"replies":[{"embeddable":true,"href":"https:\/\/faculdadeluteranaconcordia.com.br\/site\/wp-json\/wp\/v2\/comments?post=182"}],"version-history":[{"count":50,"href":"https:\/\/faculdadeluteranaconcordia.com.br\/site\/wp-json\/wp\/v2\/pages\/182\/revisions"}],"predecessor-version":[{"id":2285,"href":"https:\/\/faculdadeluteranaconcordia.com.br\/site\/wp-json\/wp\/v2\/pages\/182\/revisions\/2285"}],"wp:featuredmedia":[{"embeddable":true,"href":"https:\/\/faculdadeluteranaconcordia.com.br\/site\/wp-json\/wp\/v2\/media\/516"}],"wp:attachment":[{"href":"https:\/\/faculdadeluteranaconcordia.com.br\/site\/wp-json\/wp\/v2\/media?parent=182"}],"curies":[{"name":"wp","href":"https:\/\/api.w.org\/{rel}","templated":true}]}}