{"id":197,"date":"2023-06-27T17:22:11","date_gmt":"2023-06-27T17:22:11","guid":{"rendered":"https:\/\/faculdadeluteranaconcordia.com.br\/site\/?page_id=197"},"modified":"2026-04-27T13:56:47","modified_gmt":"2026-04-27T13:56:47","slug":"corpo-docente","status":"publish","type":"page","link":"https:\/\/faculdadeluteranaconcordia.com.br\/site\/corpo-docente\/","title":{"rendered":"Corpo Docente"},"content":{"rendered":"\t\t<div data-elementor-type=\"wp-page\" data-elementor-id=\"197\" class=\"elementor elementor-197\" data-elementor-post-type=\"page\">\n\t\t\t\t\t\t\t\t\t<section class=\"elementor-section elementor-top-section elementor-element elementor-element-57629e0 elementor-section-full_width elementor-section-height-default elementor-section-height-default\" data-id=\"57629e0\" data-element_type=\"section\" data-settings=\"{&quot;shape_divider_bottom&quot;:&quot;mountains&quot;,&quot;motion_fx_motion_fx_scrolling&quot;:&quot;yes&quot;,&quot;motion_fx_scale_effect&quot;:&quot;yes&quot;,&quot;motion_fx_scale_speed&quot;:{&quot;unit&quot;:&quot;px&quot;,&quot;size&quot;:2,&quot;sizes&quot;:[]},&quot;motion_fx_devices&quot;:[&quot;desktop&quot;],&quot;background_background&quot;:&quot;classic&quot;,&quot;motion_fx_scale_direction&quot;:&quot;out-in&quot;,&quot;motion_fx_scale_range&quot;:{&quot;unit&quot;:&quot;%&quot;,&quot;size&quot;:&quot;&quot;,&quot;sizes&quot;:{&quot;start&quot;:20,&quot;end&quot;:80}}}\">\n\t\t\t\t\t<div class=\"elementor-shape elementor-shape-bottom\" data-negative=\"false\">\n\t\t\t<svg xmlns=\"http:\/\/www.w3.org\/2000\/svg\" viewBox=\"0 0 1000 100\" preserveAspectRatio=\"none\">\n\t<path class=\"elementor-shape-fill\" opacity=\"0.33\" d=\"M473,67.3c-203.9,88.3-263.1-34-320.3,0C66,119.1,0,59.7,0,59.7V0h1000v59.7 c0,0-62.1,26.1-94.9,29.3c-32.8,3.3-62.8-12.3-75.8-22.1C806,49.6,745.3,8.7,694.9,4.7S492.4,59,473,67.3z\"\/>\n\t<path class=\"elementor-shape-fill\" opacity=\"0.66\" d=\"M734,67.3c-45.5,0-77.2-23.2-129.1-39.1c-28.6-8.7-150.3-10.1-254,39.1 s-91.7-34.4-149.2,0C115.7,118.3,0,39.8,0,39.8V0h1000v36.5c0,0-28.2-18.5-92.1-18.5C810.2,18.1,775.7,67.3,734,67.3z\"\/>\n\t<path class=\"elementor-shape-fill\" d=\"M766.1,28.9c-200-57.5-266,65.5-395.1,19.5C242,1.8,242,5.4,184.8,20.6C128,35.8,132.3,44.9,89.9,52.5C28.6,63.7,0,0,0,0 h1000c0,0-9.9,40.9-83.6,48.1S829.6,47,766.1,28.9z\"\/>\n<\/svg>\t\t<\/div>\n\t\t\t\t\t<div class=\"elementor-container elementor-column-gap-default\">\n\t\t\t\t\t<div class=\"elementor-column elementor-col-100 elementor-top-column elementor-element elementor-element-97fa7dc\" data-id=\"97fa7dc\" data-element_type=\"column\">\n\t\t\t<div class=\"elementor-widget-wrap elementor-element-populated\">\n\t\t\t\t\t\t\t\t<div class=\"elementor-element elementor-element-dfd35e3 elementor--h-position-center elementor--v-position-middle elementor-widget elementor-widget-slides\" data-id=\"dfd35e3\" data-element_type=\"widget\" data-settings=\"{&quot;navigation&quot;:&quot;none&quot;,&quot;autoplay_speed&quot;:4000,&quot;autoplay&quot;:&quot;yes&quot;,&quot;infinite&quot;:&quot;yes&quot;,&quot;transition&quot;:&quot;slide&quot;,&quot;transition_speed&quot;:500}\" data-widget_type=\"slides.default\">\n\t\t\t\t<div class=\"elementor-widget-container\">\n\t\t\t<style>\/*! elementor-pro - v3.14.0 - 26-06-2023 *\/\n.elementor-slides .swiper-slide-bg{background-size:cover;background-position:50%;background-repeat:no-repeat;min-width:100%;min-height:100%}.elementor-slides .swiper-slide-inner{background-repeat:no-repeat;background-position:50%;position:absolute;top:0;left:0;bottom:0;right:0;padding:50px;margin:auto}.elementor-slides .swiper-slide-inner,.elementor-slides .swiper-slide-inner:hover{color:#fff;display:flex}.elementor-slides .swiper-slide-inner .elementor-background-overlay{position:absolute;z-index:0;top:0;bottom:0;left:0;right:0}.elementor-slides .swiper-slide-inner .elementor-slide-content{position:relative;z-index:1;width:100%}.elementor-slides .swiper-slide-inner .elementor-slide-heading{font-size:35px;font-weight:700;line-height:1}.elementor-slides .swiper-slide-inner .elementor-slide-description{font-size:17px;line-height:1.4}.elementor-slides .swiper-slide-inner .elementor-slide-description:not(:last-child),.elementor-slides .swiper-slide-inner .elementor-slide-heading:not(:last-child){margin-bottom:30px}.elementor-slides .swiper-slide-inner .elementor-slide-button{border:2px solid #fff;color:#fff;background:transparent;display:inline-block}.elementor-slides .swiper-slide-inner .elementor-slide-button,.elementor-slides .swiper-slide-inner .elementor-slide-button:hover{background:transparent;color:inherit;text-decoration:none}.elementor--v-position-top .swiper-slide-inner{align-items:flex-start}.elementor--v-position-bottom .swiper-slide-inner{align-items:flex-end}.elementor--v-position-middle .swiper-slide-inner{align-items:center}.elementor--h-position-left .swiper-slide-inner{justify-content:flex-start}.elementor--h-position-right .swiper-slide-inner{justify-content:flex-end}.elementor--h-position-center .swiper-slide-inner{justify-content:center}body.rtl .elementor-widget-slides .elementor-swiper-button-next{left:10px;right:auto}body.rtl .elementor-widget-slides .elementor-swiper-button-prev{right:10px;left:auto}.elementor-slides-wrapper div:not(.swiper-slide)>.swiper-slide-inner{display:none}@media (max-width:767px){.elementor-slides .swiper-slide-inner{padding:30px}.elementor-slides .swiper-slide-inner .elementor-slide-heading{font-size:23px;line-height:1;margin-bottom:15px}.elementor-slides .swiper-slide-inner .elementor-slide-description{font-size:13px;line-height:1.4;margin-bottom:15px}}<\/style>\t\t<div class=\"elementor-swiper\">\n\t\t\t<div class=\"elementor-slides-wrapper elementor-main-swiper swiper\" dir=\"ltr\" data-animation=\"fadeInUp\">\n\t\t\t\t<div class=\"swiper-wrapper elementor-slides\">\n\t\t\t\t\t\t\t\t\t\t<div class=\"elementor-repeater-item-2df0d87 swiper-slide\"><div class=\"swiper-slide-bg elementor-ken-burns elementor-ken-burns--in\" role=\"img\"><\/div><div class=\"elementor-background-overlay\"><\/div><div class=\"swiper-slide-inner\" ><div class=\"swiper-slide-contents\"><div class=\"elementor-slide-heading\">Corpo Docente<\/div><\/div><\/div><\/div><div class=\"elementor-repeater-item-a31e96a swiper-slide\"><div class=\"swiper-slide-bg elementor-ken-burns elementor-ken-burns--in\" role=\"img\"><\/div><div class=\"elementor-background-overlay\"><\/div><div class=\"swiper-slide-inner\" ><div class=\"swiper-slide-contents\"><\/div><\/div><\/div>\t\t\t\t<\/div>\n\t\t\t\t\t\t\t\t\t\t\t\t\t\t\t\t\t\t\t\t\t<\/div>\n\t\t<\/div>\n\t\t\t\t<\/div>\n\t\t\t\t<\/div>\n\t\t\t\t\t<\/div>\n\t\t<\/div>\n\t\t\t\t\t\t\t<\/div>\n\t\t<\/section>\n\t\t\t\t<section class=\"elementor-section elementor-top-section elementor-element elementor-element-101470a7 elementor-section-content-middle elementor-section-boxed elementor-section-height-default elementor-section-height-default\" data-id=\"101470a7\" data-element_type=\"section\" data-settings=\"{&quot;background_background&quot;:&quot;classic&quot;}\">\n\t\t\t\t\t\t<div class=\"elementor-container elementor-column-gap-no\">\n\t\t\t\t\t<div class=\"elementor-column elementor-col-100 elementor-top-column elementor-element elementor-element-3efea3c9\" data-id=\"3efea3c9\" data-element_type=\"column\">\n\t\t\t<div class=\"elementor-widget-wrap elementor-element-populated\">\n\t\t\t\t\t\t\t\t<section class=\"elementor-section elementor-inner-section elementor-element elementor-element-ef7b2f7 elementor-section-boxed elementor-section-height-default elementor-section-height-default\" data-id=\"ef7b2f7\" data-element_type=\"section\">\n\t\t\t\t\t\t<div class=\"elementor-container elementor-column-gap-default\">\n\t\t\t\t\t<div class=\"elementor-column elementor-col-50 elementor-inner-column elementor-element elementor-element-6ab14b94 elementor-invisible\" data-id=\"6ab14b94\" data-element_type=\"column\" data-settings=\"{&quot;animation&quot;:&quot;fadeIn&quot;}\">\n\t\t\t<div class=\"elementor-widget-wrap elementor-element-populated\">\n\t\t\t\t\t\t\t\t<div class=\"elementor-element elementor-element-395c9bf elementor-vertical-align-middle elementor-position-top elementor-widget elementor-widget-image-box\" data-id=\"395c9bf\" data-element_type=\"widget\" data-widget_type=\"image-box.default\">\n\t\t\t\t<div class=\"elementor-widget-container\">\n\t\t\t<style>\/*! elementor - v3.14.0 - 26-06-2023 *\/\n.elementor-widget-image-box .elementor-image-box-content{width:100%}@media (min-width:768px){.elementor-widget-image-box.elementor-position-left .elementor-image-box-wrapper,.elementor-widget-image-box.elementor-position-right .elementor-image-box-wrapper{display:flex}.elementor-widget-image-box.elementor-position-right .elementor-image-box-wrapper{text-align:right;flex-direction:row-reverse}.elementor-widget-image-box.elementor-position-left .elementor-image-box-wrapper{text-align:left;flex-direction:row}.elementor-widget-image-box.elementor-position-top .elementor-image-box-img{margin:auto}.elementor-widget-image-box.elementor-vertical-align-top .elementor-image-box-wrapper{align-items:flex-start}.elementor-widget-image-box.elementor-vertical-align-middle .elementor-image-box-wrapper{align-items:center}.elementor-widget-image-box.elementor-vertical-align-bottom .elementor-image-box-wrapper{align-items:flex-end}}@media (max-width:767px){.elementor-widget-image-box .elementor-image-box-img{margin-left:auto!important;margin-right:auto!important;margin-bottom:15px}}.elementor-widget-image-box .elementor-image-box-img{display:inline-block}.elementor-widget-image-box .elementor-image-box-title a{color:inherit}.elementor-widget-image-box .elementor-image-box-wrapper{text-align:center}.elementor-widget-image-box .elementor-image-box-description{margin:0}<\/style><div class=\"elementor-image-box-wrapper\"><figure class=\"elementor-image-box-img\"><img loading=\"lazy\" decoding=\"async\" width=\"150\" height=\"150\" src=\"https:\/\/faculdadeluteranaconcordia.com.br\/site\/wp-content\/uploads\/2026\/04\/Anselmo-150x150.png\" class=\"elementor-animation-grow attachment-thumbnail size-thumbnail wp-image-3145\" alt=\"\" \/><\/figure><div class=\"elementor-image-box-content\"><h3 class=\"elementor-image-box-title\">Anselmo Ernesto Graff<\/h3><p class=\"elementor-image-box-description\">B.D., S.T.M., Dr. Ed. Professor de Teologia Pr\u00e1tica <\/p><\/div><\/div>\t\t<\/div>\n\t\t\t\t<\/div>\n\t\t\t\t<div class=\"elementor-element elementor-element-55ed41c2 elementor-widget elementor-widget-text-editor\" data-id=\"55ed41c2\" data-element_type=\"widget\" data-widget_type=\"text-editor.default\">\n\t\t\t\t<div class=\"elementor-widget-container\">\n\t\t\t<style>\/*! elementor - v3.14.0 - 26-06-2023 *\/\n.elementor-widget-text-editor.elementor-drop-cap-view-stacked .elementor-drop-cap{background-color:#69727d;color:#fff}.elementor-widget-text-editor.elementor-drop-cap-view-framed .elementor-drop-cap{color:#69727d;border:3px solid;background-color:transparent}.elementor-widget-text-editor:not(.elementor-drop-cap-view-default) .elementor-drop-cap{margin-top:8px}.elementor-widget-text-editor:not(.elementor-drop-cap-view-default) .elementor-drop-cap-letter{width:1em;height:1em}.elementor-widget-text-editor .elementor-drop-cap{float:left;text-align:center;line-height:1;font-size:50px}.elementor-widget-text-editor .elementor-drop-cap-letter{display:inline-block}<\/style>\t\t\t\t<p class=\"resumo\"><b data-path-to-node=\"1\" data-index-in-node=\"0\">Bacharel em Teologia<\/b>, Semin\u00e1rio Conc\u00f3rdia, S\u00e3o Leopoldo (1997). <b data-path-to-node=\"1\" data-index-in-node=\"64\">Mestre em Teologia Sistem\u00e1tica<\/b>, Concordia Seminary, St. Louis, USA (2008). <b data-path-to-node=\"1\" data-index-in-node=\"139\">Doutor em Educa\u00e7\u00e3o<\/b> pela Unilasalle, Canoas, RS (2018). Atuou como <b data-path-to-node=\"1\" data-index-in-node=\"205\">pastor<\/b> na Par\u00f3quia Esperan\u00e7a, em Barra do Gar\u00e7as e Nova Xavantina (MT) e Aragar\u00e7as (GO), entre 1998 e 2003. Casado com Camilla Evangelista dos Santos Graff, \u00e9 pai de Stella. Foi <b data-path-to-node=\"1\" data-index-in-node=\"383\">coordenador adjunto<\/b> do curso de Teologia da ULBRA (2010-2014) e <b data-path-to-node=\"1\" data-index-in-node=\"447\">professor de Teologia<\/b> na ULBRA (2004-2023), no Semin\u00e1rio Conc\u00f3rdia (2004-) e na Faculdade Luterana Conc\u00f3rdia (2024-). Exerceu as fun\u00e7\u00f5es de <b data-path-to-node=\"1\" data-index-in-node=\"587\">secret\u00e1rio<\/b> da Congrega\u00e7\u00e3o de Professores do Semin\u00e1rio Conc\u00f3rdia (2004-2018), <b data-path-to-node=\"1\" data-index-in-node=\"664\">de\u00e3o de alunos<\/b> (2006-2010) e <b data-path-to-node=\"1\" data-index-in-node=\"693\">coordenador de est\u00e1gio<\/b> (2011-2020). Foi <b data-path-to-node=\"1\" data-index-in-node=\"733\">editor<\/b> do Esquema (2004-2018) e da Revista Igreja Luterana (2020-). Atualmente, \u00e9 <b data-path-to-node=\"1\" data-index-in-node=\"815\">vice-diretor<\/b> do Centro Educacional Conc\u00f3rdia (2021-), <b data-path-to-node=\"1\" data-index-in-node=\"869\">coordenador de p\u00f3s-gradua\u00e7\u00e3o<\/b> (2023-2024) e <b data-path-to-node=\"1\" data-index-in-node=\"912\">coordenador acad\u00eamico<\/b> do Semin\u00e1rio Conc\u00f3rdia (2023-) e do curso de Teologia da Faculdade Luterana Conc\u00f3rdia (2024-).<\/p>\t\t\t\t\t\t<\/div>\n\t\t\t\t<\/div>\n\t\t\t\t\t<\/div>\n\t\t<\/div>\n\t\t\t\t<div class=\"elementor-column elementor-col-50 elementor-inner-column elementor-element elementor-element-2ffa0fe elementor-invisible\" data-id=\"2ffa0fe\" data-element_type=\"column\" data-settings=\"{&quot;animation&quot;:&quot;fadeIn&quot;}\">\n\t\t\t<div class=\"elementor-widget-wrap elementor-element-populated\">\n\t\t\t\t\t\t\t\t<div class=\"elementor-element elementor-element-a578d97 elementor-vertical-align-middle elementor-position-top elementor-widget elementor-widget-image-box\" data-id=\"a578d97\" data-element_type=\"widget\" data-widget_type=\"image-box.default\">\n\t\t\t\t<div class=\"elementor-widget-container\">\n\t\t\t<div class=\"elementor-image-box-wrapper\"><figure class=\"elementor-image-box-img\"><img loading=\"lazy\" decoding=\"async\" width=\"150\" height=\"150\" src=\"https:\/\/faculdadeluteranaconcordia.com.br\/site\/wp-content\/uploads\/2026\/04\/Prunzel-1-150x150.png\" class=\"elementor-animation-grow attachment-thumbnail size-thumbnail wp-image-3148\" alt=\"\" \/><\/figure><div class=\"elementor-image-box-content\"><h3 class=\"elementor-image-box-title\">Cl\u00f3vis Jair Prunzel<\/h3><p class=\"elementor-image-box-description\">Tecnologia e EaD, Ph.D. Professor de Teologia Sistem\u00e1tica <\/p><\/div><\/div>\t\t<\/div>\n\t\t\t\t<\/div>\n\t\t\t\t<div class=\"elementor-element elementor-element-2550615 elementor-widget elementor-widget-text-editor\" data-id=\"2550615\" data-element_type=\"widget\" data-widget_type=\"text-editor.default\">\n\t\t\t\t<div class=\"elementor-widget-container\">\n\t\t\t\t\t\t\t<p><b data-path-to-node=\"1\" data-index-in-node=\"0\">Bacharel em Teologia<\/b> pelo Semin\u00e1rio Conc\u00f3rdia (1991), com integraliza\u00e7\u00e3o pela ULBRA (2013). \u00c9 <b data-path-to-node=\"1\" data-index-in-node=\"94\">licenciado em Letras<\/b> pela FAPA (1991), <b data-path-to-node=\"1\" data-index-in-node=\"133\">especialista em Tecnologias e Educa\u00e7\u00e3o a Dist\u00e2ncia<\/b> pela Bar\u00e3o de Mau\u00e1 (2013) e em <b data-path-to-node=\"1\" data-index-in-node=\"215\">Tecnologias Digitais Aplicadas \u00e0 Educa\u00e7\u00e3o<\/b> pela ULBRA (2023). Possui <b data-path-to-node=\"1\" data-index-in-node=\"283\">mestrado em Teologia<\/b> pelo Semin\u00e1rio Conc\u00f3rdia (1997) e <b data-path-to-node=\"1\" data-index-in-node=\"338\">doutorado em Teologia (Ph.D.)<\/b> Sistem\u00e1tica e Confessional pelo Concordia Theological Seminary, Fort Wayne, USA (2014). Casado com C\u00e1rin Ester Prunzel, atuou como <b data-path-to-node=\"1\" data-index-in-node=\"499\">pastor<\/b> na Par\u00f3quia Martinho Lutero, em Curitiba e S\u00e3o Jos\u00e9 dos Pinhais, PR (1992-2001). Foi membro da Comiss\u00e3o de Educa\u00e7\u00e3o Continuada da IELB (1998-2003), monitor de cursos de extens\u00e3o da EST do ICSP (1996-2000) e integrou a Comiss\u00e3o Interluterana de Di\u00e1logo (2001-2012), a Comiss\u00e3o Obras de Lutero (2006-), o Conselho Editorial da IELB (2001-2013) e a Diretoria Executiva da Conc\u00f3rdia Editora (2007-2013). \u00c9 <b data-path-to-node=\"1\" data-index-in-node=\"908\">professor de Teologia<\/b> no Semin\u00e1rio Conc\u00f3rdia (2001-), na ULBRA (2001-2024) e na Faculdade Luterana Conc\u00f3rdia (2024-). Atualmente, exerce as fun\u00e7\u00f5es de <b data-path-to-node=\"1\" data-index-in-node=\"1059\">coordenador da biblioteca<\/b> do Semin\u00e1rio Conc\u00f3rdia e da Faculdade Luterana Conc\u00f3rdia, <b data-path-to-node=\"1\" data-index-in-node=\"1143\">coordenador da ETE<\/b> do Semin\u00e1rio Conc\u00f3rdia e <b data-path-to-node=\"1\" data-index-in-node=\"1187\">coordenador editorial<\/b> da Editora Conc\u00f3rdia (2025-).<\/p>\t\t\t\t\t\t<\/div>\n\t\t\t\t<\/div>\n\t\t\t\t<div class=\"elementor-element elementor-element-97a8a82 elementor-shape-rounded elementor-grid-0 e-grid-align-center elementor-widget elementor-widget-social-icons\" data-id=\"97a8a82\" data-element_type=\"widget\" data-widget_type=\"social-icons.default\">\n\t\t\t\t<div class=\"elementor-widget-container\">\n\t\t\t<style>\/*! elementor - v3.14.0 - 26-06-2023 *\/\n.elementor-widget-social-icons.elementor-grid-0 .elementor-widget-container,.elementor-widget-social-icons.elementor-grid-mobile-0 .elementor-widget-container,.elementor-widget-social-icons.elementor-grid-tablet-0 .elementor-widget-container{line-height:1;font-size:0}.elementor-widget-social-icons:not(.elementor-grid-0):not(.elementor-grid-tablet-0):not(.elementor-grid-mobile-0) .elementor-grid{display:inline-grid}.elementor-widget-social-icons .elementor-grid{grid-column-gap:var(--grid-column-gap,5px);grid-row-gap:var(--grid-row-gap,5px);grid-template-columns:var(--grid-template-columns);justify-content:var(--justify-content,center);justify-items:var(--justify-content,center)}.elementor-icon.elementor-social-icon{font-size:var(--icon-size,25px);line-height:var(--icon-size,25px);width:calc(var(--icon-size, 25px) + (2 * var(--icon-padding, .5em)));height:calc(var(--icon-size, 25px) + (2 * var(--icon-padding, .5em)))}.elementor-social-icon{--e-social-icon-icon-color:#fff;display:inline-flex;background-color:#69727d;align-items:center;justify-content:center;text-align:center;cursor:pointer}.elementor-social-icon i{color:var(--e-social-icon-icon-color)}.elementor-social-icon svg{fill:var(--e-social-icon-icon-color)}.elementor-social-icon:last-child{margin:0}.elementor-social-icon:hover{opacity:.9;color:#fff}.elementor-social-icon-android{background-color:#a4c639}.elementor-social-icon-apple{background-color:#999}.elementor-social-icon-behance{background-color:#1769ff}.elementor-social-icon-bitbucket{background-color:#205081}.elementor-social-icon-codepen{background-color:#000}.elementor-social-icon-delicious{background-color:#39f}.elementor-social-icon-deviantart{background-color:#05cc47}.elementor-social-icon-digg{background-color:#005be2}.elementor-social-icon-dribbble{background-color:#ea4c89}.elementor-social-icon-elementor{background-color:#d30c5c}.elementor-social-icon-envelope{background-color:#ea4335}.elementor-social-icon-facebook,.elementor-social-icon-facebook-f{background-color:#3b5998}.elementor-social-icon-flickr{background-color:#0063dc}.elementor-social-icon-foursquare{background-color:#2d5be3}.elementor-social-icon-free-code-camp,.elementor-social-icon-freecodecamp{background-color:#006400}.elementor-social-icon-github{background-color:#333}.elementor-social-icon-gitlab{background-color:#e24329}.elementor-social-icon-globe{background-color:#69727d}.elementor-social-icon-google-plus,.elementor-social-icon-google-plus-g{background-color:#dd4b39}.elementor-social-icon-houzz{background-color:#7ac142}.elementor-social-icon-instagram{background-color:#262626}.elementor-social-icon-jsfiddle{background-color:#487aa2}.elementor-social-icon-link{background-color:#818a91}.elementor-social-icon-linkedin,.elementor-social-icon-linkedin-in{background-color:#0077b5}.elementor-social-icon-medium{background-color:#00ab6b}.elementor-social-icon-meetup{background-color:#ec1c40}.elementor-social-icon-mixcloud{background-color:#273a4b}.elementor-social-icon-odnoklassniki{background-color:#f4731c}.elementor-social-icon-pinterest{background-color:#bd081c}.elementor-social-icon-product-hunt{background-color:#da552f}.elementor-social-icon-reddit{background-color:#ff4500}.elementor-social-icon-rss{background-color:#f26522}.elementor-social-icon-shopping-cart{background-color:#4caf50}.elementor-social-icon-skype{background-color:#00aff0}.elementor-social-icon-slideshare{background-color:#0077b5}.elementor-social-icon-snapchat{background-color:#fffc00}.elementor-social-icon-soundcloud{background-color:#f80}.elementor-social-icon-spotify{background-color:#2ebd59}.elementor-social-icon-stack-overflow{background-color:#fe7a15}.elementor-social-icon-steam{background-color:#00adee}.elementor-social-icon-stumbleupon{background-color:#eb4924}.elementor-social-icon-telegram{background-color:#2ca5e0}.elementor-social-icon-thumb-tack{background-color:#1aa1d8}.elementor-social-icon-tripadvisor{background-color:#589442}.elementor-social-icon-tumblr{background-color:#35465c}.elementor-social-icon-twitch{background-color:#6441a5}.elementor-social-icon-twitter{background-color:#1da1f2}.elementor-social-icon-viber{background-color:#665cac}.elementor-social-icon-vimeo{background-color:#1ab7ea}.elementor-social-icon-vk{background-color:#45668e}.elementor-social-icon-weibo{background-color:#dd2430}.elementor-social-icon-weixin{background-color:#31a918}.elementor-social-icon-whatsapp{background-color:#25d366}.elementor-social-icon-wordpress{background-color:#21759b}.elementor-social-icon-xing{background-color:#026466}.elementor-social-icon-yelp{background-color:#af0606}.elementor-social-icon-youtube{background-color:#cd201f}.elementor-social-icon-500px{background-color:#0099e5}.elementor-shape-rounded .elementor-icon.elementor-social-icon{border-radius:10%}.elementor-shape-circle .elementor-icon.elementor-social-icon{border-radius:50%}<\/style>\t\t<div class=\"elementor-social-icons-wrapper elementor-grid\">\n\t\t\t\t\t\t\t<span class=\"elementor-grid-item\">\n\t\t\t\t\t<a class=\"elementor-icon elementor-social-icon elementor-social-icon-facebook elementor-animation-grow elementor-repeater-item-8b93740\" target=\"_blank\">\n\t\t\t\t\t\t<span class=\"elementor-screen-only\">Facebook<\/span>\n\t\t\t\t\t\t\t\t\t\t\t\t\t<i class=\"fa fa-facebook\"><\/i>\n\t\t\t\t\t\t\t\t\t\t\t<\/a>\n\t\t\t\t<\/span>\n\t\t\t\t\t\t\t<span class=\"elementor-grid-item\">\n\t\t\t\t\t<a class=\"elementor-icon elementor-social-icon elementor-social-icon-twitter elementor-animation-grow elementor-repeater-item-d2b7695\" target=\"_blank\">\n\t\t\t\t\t\t<span class=\"elementor-screen-only\">Twitter<\/span>\n\t\t\t\t\t\t\t\t\t\t\t\t\t<i class=\"fa fa-twitter\"><\/i>\n\t\t\t\t\t\t\t\t\t\t\t<\/a>\n\t\t\t\t<\/span>\n\t\t\t\t\t\t\t<span class=\"elementor-grid-item\">\n\t\t\t\t\t<a class=\"elementor-icon elementor-social-icon elementor-social-icon-dribbble elementor-animation-grow elementor-repeater-item-0831677\" target=\"_blank\">\n\t\t\t\t\t\t<span class=\"elementor-screen-only\">Dribbble<\/span>\n\t\t\t\t\t\t\t\t\t\t\t\t\t<i class=\"fa fa-dribbble\"><\/i>\n\t\t\t\t\t\t\t\t\t\t\t<\/a>\n\t\t\t\t<\/span>\n\t\t\t\t\t\t\t<span class=\"elementor-grid-item\">\n\t\t\t\t\t<a class=\"elementor-icon elementor-social-icon elementor-social-icon-behance elementor-animation-grow elementor-repeater-item-0ac3790\" target=\"_blank\">\n\t\t\t\t\t\t<span class=\"elementor-screen-only\">Behance<\/span>\n\t\t\t\t\t\t\t\t\t\t\t\t\t<i class=\"fa fa-behance\"><\/i>\n\t\t\t\t\t\t\t\t\t\t\t<\/a>\n\t\t\t\t<\/span>\n\t\t\t\t\t<\/div>\n\t\t\t\t<\/div>\n\t\t\t\t<\/div>\n\t\t\t\t\t<\/div>\n\t\t<\/div>\n\t\t\t\t\t\t\t<\/div>\n\t\t<\/section>\n\t\t\t\t<section class=\"elementor-section elementor-inner-section elementor-element elementor-element-fef068e elementor-section-boxed elementor-section-height-default elementor-section-height-default\" data-id=\"fef068e\" data-element_type=\"section\">\n\t\t\t\t\t\t<div class=\"elementor-container elementor-column-gap-default\">\n\t\t\t\t\t<div class=\"elementor-column elementor-col-50 elementor-inner-column elementor-element elementor-element-0fd5d4b elementor-invisible\" data-id=\"0fd5d4b\" data-element_type=\"column\" data-settings=\"{&quot;animation&quot;:&quot;fadeIn&quot;}\">\n\t\t\t<div class=\"elementor-widget-wrap elementor-element-populated\">\n\t\t\t\t\t\t\t\t<div class=\"elementor-element elementor-element-e9cf102 elementor-vertical-align-middle elementor-position-top elementor-widget elementor-widget-image-box\" data-id=\"e9cf102\" data-element_type=\"widget\" data-widget_type=\"image-box.default\">\n\t\t\t\t<div class=\"elementor-widget-container\">\n\t\t\t<div class=\"elementor-image-box-wrapper\"><figure class=\"elementor-image-box-img\"><img loading=\"lazy\" decoding=\"async\" width=\"890\" height=\"890\" src=\"https:\/\/faculdadeluteranaconcordia.com.br\/site\/wp-content\/uploads\/2026\/04\/gedrart.png\" class=\"elementor-animation-grow attachment-full size-full wp-image-3165\" alt=\"\" srcset=\"https:\/\/faculdadeluteranaconcordia.com.br\/site\/wp-content\/uploads\/2026\/04\/gedrart.png 890w, https:\/\/faculdadeluteranaconcordia.com.br\/site\/wp-content\/uploads\/2026\/04\/gedrart-300x300.png 300w, https:\/\/faculdadeluteranaconcordia.com.br\/site\/wp-content\/uploads\/2026\/04\/gedrart-150x150.png 150w, https:\/\/faculdadeluteranaconcordia.com.br\/site\/wp-content\/uploads\/2026\/04\/gedrart-768x768.png 768w\" sizes=\"auto, (max-width: 890px) 100vw, 890px\" \/><\/figure><div class=\"elementor-image-box-content\"><h3 class=\"elementor-image-box-title\">Cl\u00f3vis Vitor Gedrat<\/h3><p class=\"elementor-image-box-description\">Professor de <\/p><\/div><\/div>\t\t<\/div>\n\t\t\t\t<\/div>\n\t\t\t\t<div class=\"elementor-element elementor-element-c29fde4 elementor-widget elementor-widget-text-editor\" data-id=\"c29fde4\" data-element_type=\"widget\" data-widget_type=\"text-editor.default\">\n\t\t\t\t<div class=\"elementor-widget-container\">\n\t\t\t\t\t\t\t<p class=\"resumo\"><b data-path-to-node=\"1\" data-index-in-node=\"0\">Bacharel em Teologia<\/b> pelo Semin\u00e1rio Conc\u00f3rdia (1987) e pela ULBRA (2015). \u00c9 <b data-path-to-node=\"1\" data-index-in-node=\"76\">licenciado<\/b> (2006) e <b data-path-to-node=\"1\" data-index-in-node=\"96\">mestre em Filosofia<\/b> (2008) pela Unisinos, com <b data-path-to-node=\"1\" data-index-in-node=\"142\">estudos em M\u00fasica Sacra<\/b> pela Escola Superior de Teologia (EST) (1985 e 1987). Casado com Ligia Rosane Reimann Gedrat, \u00e9 pai de Aline e Let\u00edcia. Atuou como <b data-path-to-node=\"1\" data-index-in-node=\"297\">pastor<\/b> na Igreja Evang\u00e9lica Luterana Portuguesa (IELP) e <b data-path-to-node=\"1\" data-index-in-node=\"354\">diretor<\/b> da International Lutheran Ministries (1990-1995). Foi pastor na CEL da Cruz, em Porto Alegre (1997-2000), e na Comunidade Conc\u00f3rdia, em S\u00e3o Leopoldo (2003-2010). Exerceu as fun\u00e7\u00f5es de <b data-path-to-node=\"1\" data-index-in-node=\"546\">capel\u00e3o hospitalar<\/b> no Hospital Universit\u00e1rio de Canoas (2015-2020) e <b data-path-to-node=\"1\" data-index-in-node=\"615\">capel\u00e3o universit\u00e1rio<\/b> na ULBRA-Gravata\u00ed (2018-2020). \u00c9 <b data-path-to-node=\"1\" data-index-in-node=\"670\">professor de Filosofia<\/b> na Unisinos (2009-) e de <b data-path-to-node=\"1\" data-index-in-node=\"718\">Teologia<\/b> na ULBRA (2010-). Foi membro do Conselho de Ensino Religioso Estadual \u2013 CONER\/RS (2005-2008) e lecionou no Col\u00e9gio Sinodal (1988-1990; 1996-2010), no Col\u00e9gio Luterano Arthur Konrath (1998-2000), no Col\u00e9gio Cristo Redentor (1998-1999) e na EST (2000-2001). Atuou como <b data-path-to-node=\"1\" data-index-in-node=\"994\">conselheiro<\/b> do Lar Sant\u00edssima Trindade (1997-2011) e, atualmente, \u00e9 <b data-path-to-node=\"1\" data-index-in-node=\"1062\">professor convidado<\/b> no Semin\u00e1rio Conc\u00f3rdia (2010-) e <b data-path-to-node=\"1\" data-index-in-node=\"1115\">professor horista<\/b> nas \u00e1reas de Teologia e Filosofia na Faculdade Luterana Conc\u00f3rdia (2024-).<\/p>\t\t\t\t\t\t<\/div>\n\t\t\t\t<\/div>\n\t\t\t\t<div class=\"elementor-element elementor-element-3d79622 elementor-shape-rounded elementor-grid-0 e-grid-align-center elementor-widget elementor-widget-social-icons\" data-id=\"3d79622\" data-element_type=\"widget\" data-widget_type=\"social-icons.default\">\n\t\t\t\t<div class=\"elementor-widget-container\">\n\t\t\t\t\t<div class=\"elementor-social-icons-wrapper elementor-grid\">\n\t\t\t\t\t\t\t<span class=\"elementor-grid-item\">\n\t\t\t\t\t<a class=\"elementor-icon elementor-social-icon elementor-social-icon-facebook elementor-animation-grow elementor-repeater-item-8b93740\" target=\"_blank\">\n\t\t\t\t\t\t<span class=\"elementor-screen-only\">Facebook<\/span>\n\t\t\t\t\t\t\t\t\t\t\t\t\t<i class=\"fa fa-facebook\"><\/i>\n\t\t\t\t\t\t\t\t\t\t\t<\/a>\n\t\t\t\t<\/span>\n\t\t\t\t\t\t\t<span class=\"elementor-grid-item\">\n\t\t\t\t\t<a class=\"elementor-icon elementor-social-icon elementor-social-icon-twitter elementor-animation-grow elementor-repeater-item-d2b7695\" target=\"_blank\">\n\t\t\t\t\t\t<span class=\"elementor-screen-only\">Twitter<\/span>\n\t\t\t\t\t\t\t\t\t\t\t\t\t<i class=\"fa fa-twitter\"><\/i>\n\t\t\t\t\t\t\t\t\t\t\t<\/a>\n\t\t\t\t<\/span>\n\t\t\t\t\t\t\t<span class=\"elementor-grid-item\">\n\t\t\t\t\t<a class=\"elementor-icon elementor-social-icon elementor-social-icon-dribbble elementor-animation-grow elementor-repeater-item-0831677\" target=\"_blank\">\n\t\t\t\t\t\t<span class=\"elementor-screen-only\">Dribbble<\/span>\n\t\t\t\t\t\t\t\t\t\t\t\t\t<i class=\"fa fa-dribbble\"><\/i>\n\t\t\t\t\t\t\t\t\t\t\t<\/a>\n\t\t\t\t<\/span>\n\t\t\t\t\t\t\t<span class=\"elementor-grid-item\">\n\t\t\t\t\t<a class=\"elementor-icon elementor-social-icon elementor-social-icon-behance elementor-animation-grow elementor-repeater-item-0ac3790\" target=\"_blank\">\n\t\t\t\t\t\t<span class=\"elementor-screen-only\">Behance<\/span>\n\t\t\t\t\t\t\t\t\t\t\t\t\t<i class=\"fa fa-behance\"><\/i>\n\t\t\t\t\t\t\t\t\t\t\t<\/a>\n\t\t\t\t<\/span>\n\t\t\t\t\t<\/div>\n\t\t\t\t<\/div>\n\t\t\t\t<\/div>\n\t\t\t\t\t<\/div>\n\t\t<\/div>\n\t\t\t\t<div class=\"elementor-column elementor-col-50 elementor-inner-column elementor-element elementor-element-218759b elementor-invisible\" data-id=\"218759b\" data-element_type=\"column\" data-settings=\"{&quot;animation&quot;:&quot;fadeIn&quot;}\">\n\t\t\t<div class=\"elementor-widget-wrap elementor-element-populated\">\n\t\t\t\t\t\t\t\t<div class=\"elementor-element elementor-element-74cb84d elementor-vertical-align-middle elementor-position-top elementor-widget elementor-widget-image-box\" data-id=\"74cb84d\" data-element_type=\"widget\" data-widget_type=\"image-box.default\">\n\t\t\t\t<div class=\"elementor-widget-container\">\n\t\t\t<div class=\"elementor-image-box-wrapper\"><figure class=\"elementor-image-box-img\"><img loading=\"lazy\" decoding=\"async\" width=\"890\" height=\"890\" src=\"https:\/\/faculdadeluteranaconcordia.com.br\/site\/wp-content\/uploads\/2026\/04\/francis.png\" class=\"elementor-animation-grow attachment-full size-full wp-image-3164\" alt=\"\" srcset=\"https:\/\/faculdadeluteranaconcordia.com.br\/site\/wp-content\/uploads\/2026\/04\/francis.png 890w, https:\/\/faculdadeluteranaconcordia.com.br\/site\/wp-content\/uploads\/2026\/04\/francis-300x300.png 300w, https:\/\/faculdadeluteranaconcordia.com.br\/site\/wp-content\/uploads\/2026\/04\/francis-150x150.png 150w, https:\/\/faculdadeluteranaconcordia.com.br\/site\/wp-content\/uploads\/2026\/04\/francis-768x768.png 768w\" sizes=\"auto, (max-width: 890px) 100vw, 890px\" \/><\/figure><div class=\"elementor-image-box-content\"><h3 class=\"elementor-image-box-title\">Francis Dietrich Hoffmann<\/h3><p class=\"elementor-image-box-description\">Teologia; M.S.T. Professor de Teologia Hist\u00f3rica<\/p><\/div><\/div>\t\t<\/div>\n\t\t\t\t<\/div>\n\t\t\t\t<div class=\"elementor-element elementor-element-8683d9a elementor-widget elementor-widget-text-editor\" data-id=\"8683d9a\" data-element_type=\"widget\" data-widget_type=\"text-editor.default\">\n\t\t\t\t<div class=\"elementor-widget-container\">\n\t\t\t\t\t\t\t<p><b data-path-to-node=\"1\" data-index-in-node=\"0\">Bacharel em Teologia<\/b> pela ULBRA, Canoas (2008). \u00c9 <b data-path-to-node=\"1\" data-index-in-node=\"50\">especialista em Minist\u00e9rio Pastoral<\/b> (2010) e <b data-path-to-node=\"1\" data-index-in-node=\"95\">mestre em Teologia B\u00edblica<\/b> (2016) pelo Semin\u00e1rio Conc\u00f3rdia, S\u00e3o Leopoldo. Possui p\u00f3s-gradua\u00e7\u00e3o em <b data-path-to-node=\"1\" data-index-in-node=\"193\">Estudos do Novo Testamento<\/b> pela Unicesumar, Maring\u00e1 (2022), e \u00e9 <b data-path-to-node=\"1\" data-index-in-node=\"257\">doutorando em Hist\u00f3ria da Exegese<\/b> em St. Louis, USA (2018-). Casado com Luana Lambrecht Hoffmann, \u00e9 pai de Joaquim. Atuou como <b data-path-to-node=\"1\" data-index-in-node=\"384\">pastor<\/b> em Cangu\u00e7u, RS (2011-2018) e Gramado, RS (2018-2022). Foi <b data-path-to-node=\"1\" data-index-in-node=\"449\">professor mission\u00e1rio<\/b> no Mekane Yesus Seminary, em Adis Abeba, Eti\u00f3pia (2022-2023). \u00c9 <b data-path-to-node=\"1\" data-index-in-node=\"535\">professor de Teologia<\/b> no Semin\u00e1rio Conc\u00f3rdia (2023-), na Universidade Luterana do Brasil (ULBRA) (2023-) e na Faculdade Luterana Conc\u00f3rdia (2024-). Atualmente, exerce as fun\u00e7\u00f5es de <b data-path-to-node=\"1\" data-index-in-node=\"716\">coordenador do Centro Internacional de Treinamento Mission\u00e1rio (CITM)<\/b> (2024), <b data-path-to-node=\"1\" data-index-in-node=\"794\">coordenador do Simp\u00f3sio de Lutero<\/b> (2024-), <b data-path-to-node=\"1\" data-index-in-node=\"837\">editor da Revista Historia Sacra<\/b> (2024-) e <b data-path-to-node=\"1\" data-index-in-node=\"880\">coordenador do Memorial do Semin\u00e1rio Conc\u00f3rdia<\/b> (2023-).<\/p>\t\t\t\t\t\t<\/div>\n\t\t\t\t<\/div>\n\t\t\t\t<div class=\"elementor-element elementor-element-ba139c9 elementor-shape-rounded elementor-grid-0 e-grid-align-center elementor-widget elementor-widget-social-icons\" data-id=\"ba139c9\" data-element_type=\"widget\" data-widget_type=\"social-icons.default\">\n\t\t\t\t<div class=\"elementor-widget-container\">\n\t\t\t\t\t<div class=\"elementor-social-icons-wrapper elementor-grid\">\n\t\t\t\t\t\t\t<span class=\"elementor-grid-item\">\n\t\t\t\t\t<a class=\"elementor-icon elementor-social-icon elementor-social-icon-facebook elementor-animation-grow elementor-repeater-item-8b93740\" target=\"_blank\">\n\t\t\t\t\t\t<span class=\"elementor-screen-only\">Facebook<\/span>\n\t\t\t\t\t\t\t\t\t\t\t\t\t<i class=\"fa fa-facebook\"><\/i>\n\t\t\t\t\t\t\t\t\t\t\t<\/a>\n\t\t\t\t<\/span>\n\t\t\t\t\t\t\t<span class=\"elementor-grid-item\">\n\t\t\t\t\t<a class=\"elementor-icon elementor-social-icon elementor-social-icon-twitter elementor-animation-grow elementor-repeater-item-d2b7695\" target=\"_blank\">\n\t\t\t\t\t\t<span class=\"elementor-screen-only\">Twitter<\/span>\n\t\t\t\t\t\t\t\t\t\t\t\t\t<i class=\"fa fa-twitter\"><\/i>\n\t\t\t\t\t\t\t\t\t\t\t<\/a>\n\t\t\t\t<\/span>\n\t\t\t\t\t\t\t<span class=\"elementor-grid-item\">\n\t\t\t\t\t<a class=\"elementor-icon elementor-social-icon elementor-social-icon-dribbble elementor-animation-grow elementor-repeater-item-0831677\" target=\"_blank\">\n\t\t\t\t\t\t<span class=\"elementor-screen-only\">Dribbble<\/span>\n\t\t\t\t\t\t\t\t\t\t\t\t\t<i class=\"fa fa-dribbble\"><\/i>\n\t\t\t\t\t\t\t\t\t\t\t<\/a>\n\t\t\t\t<\/span>\n\t\t\t\t\t\t\t<span class=\"elementor-grid-item\">\n\t\t\t\t\t<a class=\"elementor-icon elementor-social-icon elementor-social-icon-behance elementor-animation-grow elementor-repeater-item-0ac3790\" target=\"_blank\">\n\t\t\t\t\t\t<span class=\"elementor-screen-only\">Behance<\/span>\n\t\t\t\t\t\t\t\t\t\t\t\t\t<i class=\"fa fa-behance\"><\/i>\n\t\t\t\t\t\t\t\t\t\t\t<\/a>\n\t\t\t\t<\/span>\n\t\t\t\t\t<\/div>\n\t\t\t\t<\/div>\n\t\t\t\t<\/div>\n\t\t\t\t\t<\/div>\n\t\t<\/div>\n\t\t\t\t\t\t\t<\/div>\n\t\t<\/section>\n\t\t\t\t<section class=\"elementor-section elementor-inner-section elementor-element elementor-element-7a51711 elementor-section-boxed elementor-section-height-default elementor-section-height-default\" data-id=\"7a51711\" data-element_type=\"section\">\n\t\t\t\t\t\t<div class=\"elementor-container elementor-column-gap-default\">\n\t\t\t\t\t<div class=\"elementor-column elementor-col-50 elementor-inner-column elementor-element elementor-element-c9343f6 elementor-invisible\" data-id=\"c9343f6\" data-element_type=\"column\" data-settings=\"{&quot;animation&quot;:&quot;fadeIn&quot;}\">\n\t\t\t<div class=\"elementor-widget-wrap elementor-element-populated\">\n\t\t\t\t\t\t\t\t<div class=\"elementor-element elementor-element-9406924 elementor-vertical-align-middle elementor-position-top elementor-widget elementor-widget-image-box\" data-id=\"9406924\" data-element_type=\"widget\" data-widget_type=\"image-box.default\">\n\t\t\t\t<div class=\"elementor-widget-container\">\n\t\t\t<div class=\"elementor-image-box-wrapper\"><figure class=\"elementor-image-box-img\"><img loading=\"lazy\" decoding=\"async\" width=\"150\" height=\"150\" src=\"https:\/\/faculdadeluteranaconcordia.com.br\/site\/wp-content\/uploads\/2026\/04\/Gerson-150x150.png\" class=\"elementor-animation-grow attachment-thumbnail size-thumbnail wp-image-3146\" alt=\"\" \/><\/figure><div class=\"elementor-image-box-content\"><h3 class=\"elementor-image-box-title\">Gerson Luis Linden<\/h3><p class=\"elementor-image-box-description\">B.D., S.T.M., Esp. em Gest\u00e3o e Doc\u00eancia no Ensino Superior, Ph.D. Professor de Teologia Exeg\u00e9tica<\/p><\/div><\/div>\t\t<\/div>\n\t\t\t\t<\/div>\n\t\t\t\t<div class=\"elementor-element elementor-element-f2240d5 elementor-widget elementor-widget-text-editor\" data-id=\"f2240d5\" data-element_type=\"widget\" data-widget_type=\"text-editor.default\">\n\t\t\t\t<div class=\"elementor-widget-container\">\n\t\t\t\t\t\t\t<p class=\"resumo\"><b data-path-to-node=\"1\" data-index-in-node=\"0\">Bacharel em Teologia<\/b>, Semin\u00e1rio Conc\u00f3rdia, S\u00e3o Leopoldo (1984). <b data-path-to-node=\"1\" data-index-in-node=\"64\">Mestre em Novo Testamento<\/b>, Concordia Seminary, St. Louis, USA (1993). <b data-path-to-node=\"1\" data-index-in-node=\"134\">Doutor em Teologia Sistem\u00e1tica<\/b>, Concordia Seminary, St. Louis, USA (2017). <b data-path-to-node=\"1\" data-index-in-node=\"209\">Especialista em Gest\u00e3o e Doc\u00eancia do Ensino Superior<\/b>, ULBRA (2022). Casado com Sandra Denise Linden, \u00e9 pai de Lucas, Tobias e Gabriele Ta\u00eds. Atuou como <b data-path-to-node=\"1\" data-index-in-node=\"361\">pastor<\/b> em Niter\u00f3i, Canoas, RS (1985-1988), Interlagos, S\u00e3o Paulo, SP (1988-1991) e S\u00e3o Bernardo do Campo, SP (1993-1996). Foi <b data-path-to-node=\"1\" data-index-in-node=\"487\">professor convidado<\/b> da EST \u2013 S\u00e3o Paulo, SP (1994-1995), <b data-path-to-node=\"1\" data-index-in-node=\"543\">professor de Teologia<\/b> na ULBRA (1996-2022), no Semin\u00e1rio Conc\u00f3rdia (1996-) e na Faculdade Luterana Conc\u00f3rdia (2024-). Exerceu os cargos de <b data-path-to-node=\"1\" data-index-in-node=\"682\">vice-diretor<\/b> (1996-2004; 2013-2020) e <b data-path-to-node=\"1\" data-index-in-node=\"720\">diretor<\/b> (2004-2012; 2021-) do Centro Educacional Conc\u00f3rdia. Foi <b data-path-to-node=\"1\" data-index-in-node=\"784\">editor<\/b> da Revista Igreja Luterana (2011-2018), <b data-path-to-node=\"1\" data-index-in-node=\"831\">coordenador de p\u00f3s-gradua\u00e7\u00e3o<\/b> (2019-2020) e, atualmente, \u00e9 <b data-path-to-node=\"1\" data-index-in-node=\"889\">diretor<\/b> da Faculdade Luterana Conc\u00f3rdia (2024-).<\/p>\t\t\t\t\t\t<\/div>\n\t\t\t\t<\/div>\n\t\t\t\t<div class=\"elementor-element elementor-element-b5f8a9a elementor-shape-rounded elementor-grid-0 e-grid-align-center elementor-widget elementor-widget-social-icons\" data-id=\"b5f8a9a\" data-element_type=\"widget\" data-widget_type=\"social-icons.default\">\n\t\t\t\t<div class=\"elementor-widget-container\">\n\t\t\t\t\t<div class=\"elementor-social-icons-wrapper elementor-grid\">\n\t\t\t\t\t\t\t<span class=\"elementor-grid-item\">\n\t\t\t\t\t<a class=\"elementor-icon elementor-social-icon elementor-social-icon-facebook elementor-animation-grow elementor-repeater-item-8b93740\" target=\"_blank\">\n\t\t\t\t\t\t<span class=\"elementor-screen-only\">Facebook<\/span>\n\t\t\t\t\t\t\t\t\t\t\t\t\t<i class=\"fa fa-facebook\"><\/i>\n\t\t\t\t\t\t\t\t\t\t\t<\/a>\n\t\t\t\t<\/span>\n\t\t\t\t\t\t\t<span class=\"elementor-grid-item\">\n\t\t\t\t\t<a class=\"elementor-icon elementor-social-icon elementor-social-icon-twitter elementor-animation-grow elementor-repeater-item-d2b7695\" target=\"_blank\">\n\t\t\t\t\t\t<span class=\"elementor-screen-only\">Twitter<\/span>\n\t\t\t\t\t\t\t\t\t\t\t\t\t<i class=\"fa fa-twitter\"><\/i>\n\t\t\t\t\t\t\t\t\t\t\t<\/a>\n\t\t\t\t<\/span>\n\t\t\t\t\t\t\t<span class=\"elementor-grid-item\">\n\t\t\t\t\t<a class=\"elementor-icon elementor-social-icon elementor-social-icon-dribbble elementor-animation-grow elementor-repeater-item-0831677\" target=\"_blank\">\n\t\t\t\t\t\t<span class=\"elementor-screen-only\">Dribbble<\/span>\n\t\t\t\t\t\t\t\t\t\t\t\t\t<i class=\"fa fa-dribbble\"><\/i>\n\t\t\t\t\t\t\t\t\t\t\t<\/a>\n\t\t\t\t<\/span>\n\t\t\t\t\t\t\t<span class=\"elementor-grid-item\">\n\t\t\t\t\t<a class=\"elementor-icon elementor-social-icon elementor-social-icon-behance elementor-animation-grow elementor-repeater-item-0ac3790\" target=\"_blank\">\n\t\t\t\t\t\t<span class=\"elementor-screen-only\">Behance<\/span>\n\t\t\t\t\t\t\t\t\t\t\t\t\t<i class=\"fa fa-behance\"><\/i>\n\t\t\t\t\t\t\t\t\t\t\t<\/a>\n\t\t\t\t<\/span>\n\t\t\t\t\t<\/div>\n\t\t\t\t<\/div>\n\t\t\t\t<\/div>\n\t\t\t\t\t<\/div>\n\t\t<\/div>\n\t\t\t\t<div class=\"elementor-column elementor-col-50 elementor-inner-column elementor-element elementor-element-1615287 elementor-invisible\" data-id=\"1615287\" data-element_type=\"column\" data-settings=\"{&quot;animation&quot;:&quot;fadeIn&quot;}\">\n\t\t\t<div class=\"elementor-widget-wrap elementor-element-populated\">\n\t\t\t\t\t\t\t\t<div class=\"elementor-element elementor-element-b11c077 elementor-vertical-align-middle elementor-position-top elementor-widget elementor-widget-image-box\" data-id=\"b11c077\" data-element_type=\"widget\" data-widget_type=\"image-box.default\">\n\t\t\t\t<div class=\"elementor-widget-container\">\n\t\t\t<div class=\"elementor-image-box-wrapper\"><figure class=\"elementor-image-box-img\"><img loading=\"lazy\" decoding=\"async\" width=\"150\" height=\"150\" src=\"https:\/\/faculdadeluteranaconcordia.com.br\/site\/wp-content\/uploads\/2026\/04\/Leonidio-Otto-Leila-2-150x150.png\" class=\"elementor-animation-grow attachment-thumbnail size-thumbnail wp-image-3147\" alt=\"\" \/><\/figure><div class=\"elementor-image-box-content\"><h3 class=\"elementor-image-box-title\">Leonidio Schulz G\u00f6rl<\/h3><p class=\"elementor-image-box-description\">B.D., Esp. Psican. M.M.P., Mestre em Teologia Pr\u00e1tica Professor de Teologia Pr\u00e1ticA<\/p><\/div><\/div>\t\t<\/div>\n\t\t\t\t<\/div>\n\t\t\t\t<div class=\"elementor-element elementor-element-eb3b849 elementor-widget elementor-widget-text-editor\" data-id=\"eb3b849\" data-element_type=\"widget\" data-widget_type=\"text-editor.default\">\n\t\t\t\t<div class=\"elementor-widget-container\">\n\t\t\t\t\t\t\t<p><b data-path-to-node=\"1\" data-index-in-node=\"0\">Bacharel em Teologia<\/b> pelo Instituto Conc\u00f3rdia de S\u00e3o Paulo (1999) e pela Faculdade Teol\u00f3gica Batista Ana Wollerman (2013). \u00c9 <b data-path-to-node=\"1\" data-index-in-node=\"125\">especialista em Psican\u00e1lise Cl\u00ednica<\/b> pela Faculdade de Ci\u00eancias e Educa\u00e7\u00e3o (UNIVES), Esp\u00edrito Santo (2016), com curso livre de forma\u00e7\u00e3o na \u00e1rea pela Associa\u00e7\u00e3o Brasileira de Psican\u00e1lise Cl\u00ednica (2018). Possui <b data-path-to-node=\"1\" data-index-in-node=\"333\">mestrado em Minist\u00e9rio Pastoral<\/b> pelo Semin\u00e1rio Conc\u00f3rdia (2024) e em <b data-path-to-node=\"1\" data-index-in-node=\"402\">Teologia Pr\u00e1tica<\/b> pelas Faculdades EST (2024), onde atualmente \u00e9 <b data-path-to-node=\"1\" data-index-in-node=\"466\">doutorando<\/b> (2025-). Casado com Leila M\u00e1rcia Alberto G\u00f6rl, \u00e9 pai de Cec\u00edlia e Otto. Atuou como <b data-path-to-node=\"1\" data-index-in-node=\"560\">pastor<\/b> em Campo Grande, MS (2000-2012) e Vit\u00f3ria, ES (2012-2018). \u00c9 <b data-path-to-node=\"1\" data-index-in-node=\"628\">professor<\/b> do Semin\u00e1rio Conc\u00f3rdia (2019-) e de Teologia na Faculdade Luterana Conc\u00f3rdia (2024-). Exerceu a coordena\u00e7\u00e3o da ETE e do Programa Preparat\u00f3rio aos candidatos \u00e0 Teologia (2019-2024). Atualmente, desempenha as fun\u00e7\u00f5es de <b data-path-to-node=\"1\" data-index-in-node=\"856\">coordenador de pr\u00e9-est\u00e1gio e capelanias<\/b>, <b data-path-to-node=\"1\" data-index-in-node=\"897\">editor<\/b> do Esquema, <b data-path-to-node=\"1\" data-index-in-node=\"916\">secret\u00e1rio<\/b> da Congrega\u00e7\u00e3o de Professores, <b data-path-to-node=\"1\" data-index-in-node=\"958\">coordenador da Pastoral<\/b> do campus (2019-) e <b data-path-to-node=\"1\" data-index-in-node=\"1002\">coordenador de est\u00e1gio<\/b> no Semin\u00e1rio Conc\u00f3rdia (2025-).<\/p>\t\t\t\t\t\t<\/div>\n\t\t\t\t<\/div>\n\t\t\t\t\t<\/div>\n\t\t<\/div>\n\t\t\t\t\t\t\t<\/div>\n\t\t<\/section>\n\t\t\t\t<section class=\"elementor-section elementor-inner-section elementor-element elementor-element-681cf04 elementor-section-boxed elementor-section-height-default elementor-section-height-default\" data-id=\"681cf04\" data-element_type=\"section\">\n\t\t\t\t\t\t<div class=\"elementor-container elementor-column-gap-default\">\n\t\t\t\t\t<div class=\"elementor-column elementor-col-50 elementor-inner-column elementor-element elementor-element-50fb598 elementor-invisible\" data-id=\"50fb598\" data-element_type=\"column\" data-settings=\"{&quot;animation&quot;:&quot;fadeIn&quot;}\">\n\t\t\t<div class=\"elementor-widget-wrap elementor-element-populated\">\n\t\t\t\t\t\t\t\t<div class=\"elementor-element elementor-element-eb615da elementor-vertical-align-middle elementor-position-top elementor-widget elementor-widget-image-box\" data-id=\"eb615da\" data-element_type=\"widget\" data-widget_type=\"image-box.default\">\n\t\t\t\t<div class=\"elementor-widget-container\">\n\t\t\t<div class=\"elementor-image-box-wrapper\"><figure class=\"elementor-image-box-img\"><img loading=\"lazy\" decoding=\"async\" width=\"150\" height=\"150\" src=\"https:\/\/faculdadeluteranaconcordia.com.br\/site\/wp-content\/uploads\/2026\/04\/samuel-150x150.jpg\" class=\"elementor-animation-grow attachment-thumbnail size-thumbnail wp-image-3149\" alt=\"\" \/><\/figure><div class=\"elementor-image-box-content\"><h3 class=\"elementor-image-box-title\"><h3 class=\"elementor-image-box-title elementor-inline-editing pen\" data-elementor-setting-key=\"title_text\" data-elementor-inline-editing-toolbar=\"none\" data-pen-placeholder=\"Digite aqui...\" style=\"font-family: Montserrat, sans-serif; color: rgb(114, 178, 221);\">Samuel Reduss Fuhrmann<\/h3><\/h3><p class=\"elementor-image-box-description\">B.D., Esp. em Teol., PhD. Professor de Teologia Sistem\u00e1tica e Pr\u00e1tica<\/p><\/div><\/div>\t\t<\/div>\n\t\t\t\t<\/div>\n\t\t\t\t<div class=\"elementor-element elementor-element-f59d529 elementor-widget elementor-widget-text-editor\" data-id=\"f59d529\" data-element_type=\"widget\" data-widget_type=\"text-editor.default\">\n\t\t\t\t<div class=\"elementor-widget-container\">\n\t\t\t\t\t\t\t<p class=\"resumo\"><b data-path-to-node=\"1\" data-index-in-node=\"0\">Bacharel em Teologia<\/b> pela ULBRA, Canoas (2007). \u00c9 <b data-path-to-node=\"1\" data-index-in-node=\"50\">especialista em Minist\u00e9rio Pastoral<\/b> pelo Semin\u00e1rio Conc\u00f3rdia, S\u00e3o Leopoldo (2010), e <b data-path-to-node=\"1\" data-index-in-node=\"135\">doutor em Teologia e Cultura<\/b> pelo Concordia Seminary, St. Louis, USA (2020). Casado com Vivian Astrid Malaszkiewicz Fuhrmann, \u00e9 pai de Livia e Larissa. Atuou como <b data-path-to-node=\"1\" data-index-in-node=\"298\">pastor<\/b> em Santa Cruz do Sul, RS (2011-2012) e S\u00e3o Paulo, SP (2017-2022). Foi <b data-path-to-node=\"1\" data-index-in-node=\"375\">professor mission\u00e1rio<\/b> no Mekane Yesus Seminary, em Adis Abeba, Eti\u00f3pia (2022-2024). Atualmente, \u00e9 <b data-path-to-node=\"1\" data-index-in-node=\"473\">professor<\/b> do Semin\u00e1rio Conc\u00f3rdia e da Faculdade Luterana Conc\u00f3rdia (2025-), onde tamb\u00e9m exerce as fun\u00e7\u00f5es de <b data-path-to-node=\"1\" data-index-in-node=\"582\">coordenador do Centro Internacional de Treinamento Mission\u00e1rio (CITM)<\/b>, <b data-path-to-node=\"1\" data-index-in-node=\"653\">coordenador do Programa Preparat\u00f3rio<\/b> aos candidatos \u00e0 forma\u00e7\u00e3o pastoral e <b data-path-to-node=\"1\" data-index-in-node=\"727\">coordenador de p\u00f3s-gradua\u00e7\u00e3o<\/b> (2025-).<\/p>\t\t\t\t\t\t<\/div>\n\t\t\t\t<\/div>\n\t\t\t\t<div class=\"elementor-element elementor-element-a628177 elementor-shape-rounded elementor-grid-0 e-grid-align-center elementor-widget elementor-widget-social-icons\" data-id=\"a628177\" data-element_type=\"widget\" data-widget_type=\"social-icons.default\">\n\t\t\t\t<div class=\"elementor-widget-container\">\n\t\t\t\t\t<div class=\"elementor-social-icons-wrapper elementor-grid\">\n\t\t\t\t\t\t\t<span class=\"elementor-grid-item\">\n\t\t\t\t\t<a class=\"elementor-icon elementor-social-icon elementor-social-icon-facebook elementor-animation-grow elementor-repeater-item-8b93740\" target=\"_blank\">\n\t\t\t\t\t\t<span class=\"elementor-screen-only\">Facebook<\/span>\n\t\t\t\t\t\t\t\t\t\t\t\t\t<i class=\"fa fa-facebook\"><\/i>\n\t\t\t\t\t\t\t\t\t\t\t<\/a>\n\t\t\t\t<\/span>\n\t\t\t\t\t\t\t<span class=\"elementor-grid-item\">\n\t\t\t\t\t<a class=\"elementor-icon elementor-social-icon elementor-social-icon-twitter elementor-animation-grow elementor-repeater-item-d2b7695\" target=\"_blank\">\n\t\t\t\t\t\t<span class=\"elementor-screen-only\">Twitter<\/span>\n\t\t\t\t\t\t\t\t\t\t\t\t\t<i class=\"fa fa-twitter\"><\/i>\n\t\t\t\t\t\t\t\t\t\t\t<\/a>\n\t\t\t\t<\/span>\n\t\t\t\t\t\t\t<span class=\"elementor-grid-item\">\n\t\t\t\t\t<a class=\"elementor-icon elementor-social-icon elementor-social-icon-dribbble elementor-animation-grow elementor-repeater-item-0831677\" target=\"_blank\">\n\t\t\t\t\t\t<span class=\"elementor-screen-only\">Dribbble<\/span>\n\t\t\t\t\t\t\t\t\t\t\t\t\t<i class=\"fa fa-dribbble\"><\/i>\n\t\t\t\t\t\t\t\t\t\t\t<\/a>\n\t\t\t\t<\/span>\n\t\t\t\t\t\t\t<span class=\"elementor-grid-item\">\n\t\t\t\t\t<a class=\"elementor-icon elementor-social-icon elementor-social-icon-behance elementor-animation-grow elementor-repeater-item-0ac3790\" target=\"_blank\">\n\t\t\t\t\t\t<span class=\"elementor-screen-only\">Behance<\/span>\n\t\t\t\t\t\t\t\t\t\t\t\t\t<i class=\"fa fa-behance\"><\/i>\n\t\t\t\t\t\t\t\t\t\t\t<\/a>\n\t\t\t\t<\/span>\n\t\t\t\t\t<\/div>\n\t\t\t\t<\/div>\n\t\t\t\t<\/div>\n\t\t\t\t\t<\/div>\n\t\t<\/div>\n\t\t\t\t<div class=\"elementor-column elementor-col-50 elementor-inner-column elementor-element elementor-element-e2f0682 elementor-invisible\" data-id=\"e2f0682\" data-element_type=\"column\" data-settings=\"{&quot;animation&quot;:&quot;fadeIn&quot;}\">\n\t\t\t<div class=\"elementor-widget-wrap elementor-element-populated\">\n\t\t\t\t\t\t\t\t<div class=\"elementor-element elementor-element-d6d4c39 elementor-vertical-align-middle elementor-position-top elementor-widget elementor-widget-image-box\" data-id=\"d6d4c39\" data-element_type=\"widget\" data-widget_type=\"image-box.default\">\n\t\t\t\t<div class=\"elementor-widget-container\">\n\t\t\t<div class=\"elementor-image-box-wrapper\"><figure class=\"elementor-image-box-img\"><img loading=\"lazy\" decoding=\"async\" width=\"150\" height=\"150\" src=\"https:\/\/faculdadeluteranaconcordia.com.br\/site\/wp-content\/uploads\/2026\/04\/Vilson-150x150.png\" class=\"elementor-animation-grow attachment-thumbnail size-thumbnail wp-image-3150\" alt=\"\" \/><\/figure><div class=\"elementor-image-box-content\"><h3 class=\"elementor-image-box-title\">Vilson Scholz<\/h3><p class=\"elementor-image-box-description\">B.D., S.T.M., Th.D.\nProfessor de Teologia Exeg\u00e9tica<\/p><\/div><\/div>\t\t<\/div>\n\t\t\t\t<\/div>\n\t\t\t\t<div class=\"elementor-element elementor-element-eec6efb elementor-widget elementor-widget-text-editor\" data-id=\"eec6efb\" data-element_type=\"widget\" data-widget_type=\"text-editor.default\">\n\t\t\t\t<div class=\"elementor-widget-container\">\n\t\t\t\t\t\t\t<p class=\"resumo\"><b data-path-to-node=\"1\" data-index-in-node=\"0\">Bacharel em Teologia<\/b> pelo Semin\u00e1rio Conc\u00f3rdia, Porto Alegre (1977). \u00c9 <b data-path-to-node=\"1\" data-index-in-node=\"70\">mestre<\/b> (1981) e <b data-path-to-node=\"1\" data-index-in-node=\"86\">doutor em Novo Testamento<\/b> (1993) pelo Concordia Seminary, St. Louis, USA. Casado com Iris Scholz, \u00e9 pai de Fernando, Nat\u00e1lia e Rodrigo. Atuou como <b data-path-to-node=\"1\" data-index-in-node=\"233\">pastor<\/b> da Par\u00f3quia Paz, em Santiago, RS (1981-1984). Foi <b data-path-to-node=\"1\" data-index-in-node=\"290\">professor de grego<\/b> no Instituto Conc\u00f3rdia e no Semin\u00e1rio Conc\u00f3rdia (1978-1979) e, desde 1985, \u00e9 <b data-path-to-node=\"1\" data-index-in-node=\"386\">professor de Teologia Exeg\u00e9tica<\/b> no Semin\u00e1rio Conc\u00f3rdia. Lecionou como <b data-path-to-node=\"1\" data-index-in-node=\"456\">professor de Teologia<\/b> na ULBRA (1995-2020) e atuou como <b data-path-to-node=\"1\" data-index-in-node=\"512\">professor visitante<\/b> de Teologia Exeg\u00e9tica no Concordia Seminary, St. Louis, USA (1996-1999; 2022-2025). Foi tamb\u00e9m <b data-path-to-node=\"1\" data-index-in-node=\"627\">consultor de tradu\u00e7\u00e3o<\/b> da Sociedade B\u00edblica do Brasil (1996-2020).<\/p>\t\t\t\t\t\t<\/div>\n\t\t\t\t<\/div>\n\t\t\t\t<div class=\"elementor-element elementor-element-36e47a1 elementor-shape-rounded elementor-grid-0 e-grid-align-center elementor-widget elementor-widget-social-icons\" data-id=\"36e47a1\" data-element_type=\"widget\" data-widget_type=\"social-icons.default\">\n\t\t\t\t<div class=\"elementor-widget-container\">\n\t\t\t\t\t<div class=\"elementor-social-icons-wrapper elementor-grid\">\n\t\t\t\t\t\t\t<span class=\"elementor-grid-item\">\n\t\t\t\t\t<a class=\"elementor-icon elementor-social-icon elementor-social-icon-facebook elementor-animation-grow elementor-repeater-item-8b93740\" target=\"_blank\">\n\t\t\t\t\t\t<span class=\"elementor-screen-only\">Facebook<\/span>\n\t\t\t\t\t\t\t\t\t\t\t\t\t<i class=\"fa fa-facebook\"><\/i>\n\t\t\t\t\t\t\t\t\t\t\t<\/a>\n\t\t\t\t<\/span>\n\t\t\t\t\t\t\t<span class=\"elementor-grid-item\">\n\t\t\t\t\t<a class=\"elementor-icon elementor-social-icon elementor-social-icon-twitter elementor-animation-grow elementor-repeater-item-d2b7695\" target=\"_blank\">\n\t\t\t\t\t\t<span class=\"elementor-screen-only\">Twitter<\/span>\n\t\t\t\t\t\t\t\t\t\t\t\t\t<i class=\"fa fa-twitter\"><\/i>\n\t\t\t\t\t\t\t\t\t\t\t<\/a>\n\t\t\t\t<\/span>\n\t\t\t\t\t\t\t<span class=\"elementor-grid-item\">\n\t\t\t\t\t<a class=\"elementor-icon elementor-social-icon elementor-social-icon-dribbble elementor-animation-grow elementor-repeater-item-0831677\" target=\"_blank\">\n\t\t\t\t\t\t<span class=\"elementor-screen-only\">Dribbble<\/span>\n\t\t\t\t\t\t\t\t\t\t\t\t\t<i class=\"fa fa-dribbble\"><\/i>\n\t\t\t\t\t\t\t\t\t\t\t<\/a>\n\t\t\t\t<\/span>\n\t\t\t\t\t\t\t<span class=\"elementor-grid-item\">\n\t\t\t\t\t<a class=\"elementor-icon elementor-social-icon elementor-social-icon-behance elementor-animation-grow elementor-repeater-item-0ac3790\" target=\"_blank\">\n\t\t\t\t\t\t<span class=\"elementor-screen-only\">Behance<\/span>\n\t\t\t\t\t\t\t\t\t\t\t\t\t<i class=\"fa fa-behance\"><\/i>\n\t\t\t\t\t\t\t\t\t\t\t<\/a>\n\t\t\t\t<\/span>\n\t\t\t\t\t<\/div>\n\t\t\t\t<\/div>\n\t\t\t\t<\/div>\n\t\t\t\t\t<\/div>\n\t\t<\/div>\n\t\t\t\t\t\t\t<\/div>\n\t\t<\/section>\n\t\t\t\t<section class=\"elementor-section elementor-inner-section elementor-element elementor-element-4cee7a7 elementor-section-boxed elementor-section-height-default elementor-section-height-default\" data-id=\"4cee7a7\" data-element_type=\"section\">\n\t\t\t\t\t\t<div class=\"elementor-container elementor-column-gap-default\">\n\t\t\t\t\t<div class=\"elementor-column elementor-col-50 elementor-inner-column elementor-element elementor-element-088c3c2 elementor-invisible\" data-id=\"088c3c2\" data-element_type=\"column\" data-settings=\"{&quot;animation&quot;:&quot;fadeIn&quot;}\">\n\t\t\t<div class=\"elementor-widget-wrap elementor-element-populated\">\n\t\t\t\t\t\t\t\t<div class=\"elementor-element elementor-element-1b84316 elementor-vertical-align-middle elementor-position-top elementor-widget elementor-widget-image-box\" data-id=\"1b84316\" data-element_type=\"widget\" data-widget_type=\"image-box.default\">\n\t\t\t\t<div class=\"elementor-widget-container\">\n\t\t\t<div class=\"elementor-image-box-wrapper\"><figure class=\"elementor-image-box-img\"><img loading=\"lazy\" decoding=\"async\" width=\"890\" height=\"890\" src=\"https:\/\/faculdadeluteranaconcordia.com.br\/site\/wp-content\/uploads\/2026\/04\/raul.png\" class=\"elementor-animation-grow attachment-full size-full wp-image-3166\" alt=\"\" srcset=\"https:\/\/faculdadeluteranaconcordia.com.br\/site\/wp-content\/uploads\/2026\/04\/raul.png 890w, https:\/\/faculdadeluteranaconcordia.com.br\/site\/wp-content\/uploads\/2026\/04\/raul-300x300.png 300w, https:\/\/faculdadeluteranaconcordia.com.br\/site\/wp-content\/uploads\/2026\/04\/raul-150x150.png 150w, https:\/\/faculdadeluteranaconcordia.com.br\/site\/wp-content\/uploads\/2026\/04\/raul-768x768.png 768w\" sizes=\"auto, (max-width: 890px) 100vw, 890px\" \/><\/figure><div class=\"elementor-image-box-content\"><h3 class=\"elementor-image-box-title\">Raul Blum<\/h3><p class=\"elementor-image-box-description\">Pastor, Professor, Maestro e Organista<\/p><\/div><\/div>\t\t<\/div>\n\t\t\t\t<\/div>\n\t\t\t\t<div class=\"elementor-element elementor-element-718198b elementor-widget elementor-widget-text-editor\" data-id=\"718198b\" data-element_type=\"widget\" data-widget_type=\"text-editor.default\">\n\t\t\t\t<div class=\"elementor-widget-container\">\n\t\t\t\t\t\t\t<p data-path-to-node=\"1\">nasceu em 24 de janeiro de 1949, em Novo Hamburgo (RS), e consolidou uma trajet\u00f3ria marcada pela profunda integra\u00e7\u00e3o entre a teologia e a m\u00fasica sacra. Pastor da Igreja Evang\u00e9lica Luterana do Brasil (IELB), ele \u00e9 professor de teologia e m\u00fasica no Semin\u00e1rio Conc\u00f3rdia, institui\u00e7\u00e3o onde iniciou sua caminhada acad\u00eamica ao graduar-se em Teologia, na \u00e9poca em que o semin\u00e1rio se localizava em Porto Alegre. Sua forma\u00e7\u00e3o art\u00edstica inclui a gradua\u00e7\u00e3o em Reg\u00eancia pela Faculdade Santa Marcelina, em S\u00e3o Paulo, e o Mestrado em M\u00fasica Sacra pela Concordia University Wisconsin, nos Estados Unidos. Desenvolvendo uma carreira multifacetada como maestro, arranjador, orquestrador e organista, Blum aperfei\u00e7oou seus estudos de \u00f3rg\u00e3o com Hans-Gerhard Rottmann, Dorot\u00e9a Kerr e Any Raquel Carvalho.<\/p><p data-path-to-node=\"2\">Ao longo de sua experi\u00eancia profissional, atuou como pastor em diversas congrega\u00e7\u00f5es da IELB e exerceu o magist\u00e9rio no Instituto Conc\u00f3rdia de S\u00e3o Paulo, onde tamb\u00e9m esteve \u00e0 frente da dire\u00e7\u00e3o dos corais. Atualmente, leciona no curso de Teologia do Semin\u00e1rio Conc\u00f3rdia, em S\u00e3o Leopoldo (RS), atuando especificamente nas \u00e1reas de culto e m\u00fasica, al\u00e9m de reger os coros masculino e misto da institui\u00e7\u00e3o e coordenar seus cursos de extens\u00e3o. Sua contribui\u00e7\u00e3o institucional \u00e0 IELB \u00e9 not\u00e1vel como integrante da Comiss\u00e3o de Culto e da subcomiss\u00e3o do Hin\u00e1rio Luterano, sendo tamb\u00e9m o respons\u00e1vel pela cria\u00e7\u00e3o dos Cultos Cantate, eventos que celebram a m\u00fasica atrav\u00e9s da uni\u00e3o de coros e orquestra. Em reconhecimento ao seu impacto e dedica\u00e7\u00e3o, recebeu em 2023 o t\u00edtulo honor\u00edfico de \u201cDoctor of Laws\u201d (honoris causa) pelo Concordia Seminary de St. Louis, Missouri.<\/p>\t\t\t\t\t\t<\/div>\n\t\t\t\t<\/div>\n\t\t\t\t<div class=\"elementor-element elementor-element-ebb0b0c elementor-shape-rounded elementor-grid-0 e-grid-align-center elementor-widget elementor-widget-social-icons\" data-id=\"ebb0b0c\" data-element_type=\"widget\" data-widget_type=\"social-icons.default\">\n\t\t\t\t<div class=\"elementor-widget-container\">\n\t\t\t\t\t<div class=\"elementor-social-icons-wrapper elementor-grid\">\n\t\t\t\t\t\t\t<span class=\"elementor-grid-item\">\n\t\t\t\t\t<a class=\"elementor-icon elementor-social-icon elementor-social-icon-facebook elementor-animation-grow elementor-repeater-item-8b93740\" target=\"_blank\">\n\t\t\t\t\t\t<span class=\"elementor-screen-only\">Facebook<\/span>\n\t\t\t\t\t\t\t\t\t\t\t\t\t<i class=\"fa fa-facebook\"><\/i>\n\t\t\t\t\t\t\t\t\t\t\t<\/a>\n\t\t\t\t<\/span>\n\t\t\t\t\t\t\t<span class=\"elementor-grid-item\">\n\t\t\t\t\t<a class=\"elementor-icon elementor-social-icon elementor-social-icon-twitter elementor-animation-grow elementor-repeater-item-d2b7695\" target=\"_blank\">\n\t\t\t\t\t\t<span class=\"elementor-screen-only\">Twitter<\/span>\n\t\t\t\t\t\t\t\t\t\t\t\t\t<i class=\"fa fa-twitter\"><\/i>\n\t\t\t\t\t\t\t\t\t\t\t<\/a>\n\t\t\t\t<\/span>\n\t\t\t\t\t\t\t<span class=\"elementor-grid-item\">\n\t\t\t\t\t<a class=\"elementor-icon elementor-social-icon elementor-social-icon-dribbble elementor-animation-grow elementor-repeater-item-0831677\" target=\"_blank\">\n\t\t\t\t\t\t<span class=\"elementor-screen-only\">Dribbble<\/span>\n\t\t\t\t\t\t\t\t\t\t\t\t\t<i class=\"fa fa-dribbble\"><\/i>\n\t\t\t\t\t\t\t\t\t\t\t<\/a>\n\t\t\t\t<\/span>\n\t\t\t\t\t\t\t<span class=\"elementor-grid-item\">\n\t\t\t\t\t<a class=\"elementor-icon elementor-social-icon elementor-social-icon-behance elementor-animation-grow elementor-repeater-item-0ac3790\" target=\"_blank\">\n\t\t\t\t\t\t<span class=\"elementor-screen-only\">Behance<\/span>\n\t\t\t\t\t\t\t\t\t\t\t\t\t<i class=\"fa fa-behance\"><\/i>\n\t\t\t\t\t\t\t\t\t\t\t<\/a>\n\t\t\t\t<\/span>\n\t\t\t\t\t<\/div>\n\t\t\t\t<\/div>\n\t\t\t\t<\/div>\n\t\t\t\t\t<\/div>\n\t\t<\/div>\n\t\t\t\t<div class=\"elementor-column elementor-col-50 elementor-inner-column elementor-element elementor-element-969be52 elementor-invisible\" data-id=\"969be52\" data-element_type=\"column\" data-settings=\"{&quot;animation&quot;:&quot;fadeIn&quot;}\">\n\t\t\t<div class=\"elementor-widget-wrap\">\n\t\t\t\t\t\t\t\t\t<\/div>\n\t\t<\/div>\n\t\t\t\t\t\t\t<\/div>\n\t\t<\/section>\n\t\t\t\t\t<\/div>\n\t\t<\/div>\n\t\t\t\t\t\t\t<\/div>\n\t\t<\/section>\n\t\t\t\t\t\t\t<\/div>\n\t\t","protected":false},"excerpt":{"rendered":"<p>Corpo Docente Anselmo Ernesto Graff B.D., S.T.M., Dr. Ed. Professor de Teologia Pr\u00e1tica Bacharel em Teologia, Semin\u00e1rio Conc\u00f3rdia, S\u00e3o Leopoldo (1997). Mestre em Teologia Sistem\u00e1tica, Concordia Seminary, St. Louis, USA (2008). Doutor em Educa\u00e7\u00e3o pela Unilasalle, Canoas, RS (2018). Atuou como pastor na Par\u00f3quia Esperan\u00e7a, em Barra do Gar\u00e7as e Nova Xavantina (MT) e Aragar\u00e7as [&hellip;]<\/p>\n","protected":false},"author":1,"featured_media":516,"parent":0,"menu_order":0,"comment_status":"closed","ping_status":"closed","template":"","meta":{"_acf_changed":false,"footnotes":""},"class_list":["post-197","page","type-page","status-publish","has-post-thumbnail","hentry"],"acf":[],"yoast_head":"<!-- This site is optimized with the Yoast SEO plugin v25.3.1 - https:\/\/yoast.com\/wordpress\/plugins\/seo\/ -->\n<title>Corpo Docente - Faculdade Luterana Conc\u00f3rdia<\/title>\n<meta name=\"description\" content=\"Compromisso em oferecer uma educa\u00e7\u00e3o de qualidade. Formamos centenas de pastores que servem em cerca de 1900 congrega\u00e7\u00f5es no Brasil e no exterior.\" \/>\n<meta name=\"robots\" content=\"index, follow, max-snippet:-1, max-image-preview:large, max-video-preview:-1\" \/>\n<link rel=\"canonical\" href=\"https:\/\/faculdadeluteranaconcordia.com.br\/site\/corpo-docente\/\" \/>\n<meta property=\"og:locale\" content=\"pt_PT\" \/>\n<meta property=\"og:type\" content=\"article\" \/>\n<meta property=\"og:title\" content=\"Corpo Docente - Faculdade Luterana Conc\u00f3rdia\" \/>\n<meta property=\"og:description\" content=\"Compromisso em oferecer uma educa\u00e7\u00e3o de qualidade. Formamos centenas de pastores que servem em cerca de 1900 congrega\u00e7\u00f5es no Brasil e no exterior.\" \/>\n<meta property=\"og:url\" content=\"https:\/\/faculdadeluteranaconcordia.com.br\/site\/corpo-docente\/\" \/>\n<meta property=\"og:site_name\" content=\"Faculdade Luterana Conc\u00f3rdia\" \/>\n<meta property=\"article:modified_time\" content=\"2026-04-27T13:56:47+00:00\" \/>\n<meta property=\"og:image\" content=\"https:\/\/faculdadeluteranaconcordia.com.br\/site\/wp-content\/uploads\/2023\/07\/imagem-slide-principal01-scaled.jpg\" \/>\n\t<meta property=\"og:image:width\" content=\"2560\" \/>\n\t<meta property=\"og:image:height\" content=\"1920\" \/>\n\t<meta property=\"og:image:type\" content=\"image\/jpeg\" \/>\n<meta name=\"twitter:card\" content=\"summary_large_image\" \/>\n<meta name=\"twitter:label1\" content=\"Tempo estimado de leitura\" \/>\n\t<meta name=\"twitter:data1\" content=\"11 minutos\" \/>\n<script type=\"application\/ld+json\" class=\"yoast-schema-graph\">{\"@context\":\"https:\/\/schema.org\",\"@graph\":[{\"@type\":\"WebPage\",\"@id\":\"https:\/\/faculdadeluteranaconcordia.com.br\/site\/corpo-docente\/\",\"url\":\"https:\/\/faculdadeluteranaconcordia.com.br\/site\/corpo-docente\/\",\"name\":\"Corpo Docente - Faculdade Luterana Conc\u00f3rdia\",\"isPartOf\":{\"@id\":\"https:\/\/faculdadeluteranaconcordia.com.br\/site\/#website\"},\"primaryImageOfPage\":{\"@id\":\"https:\/\/faculdadeluteranaconcordia.com.br\/site\/corpo-docente\/#primaryimage\"},\"image\":{\"@id\":\"https:\/\/faculdadeluteranaconcordia.com.br\/site\/corpo-docente\/#primaryimage\"},\"thumbnailUrl\":\"https:\/\/faculdadeluteranaconcordia.com.br\/site\/wp-content\/uploads\/2023\/07\/imagem-slide-principal01-scaled.jpg\",\"datePublished\":\"2023-06-27T17:22:11+00:00\",\"dateModified\":\"2026-04-27T13:56:47+00:00\",\"description\":\"Compromisso em oferecer uma educa\u00e7\u00e3o de qualidade. Formamos centenas de pastores que servem em cerca de 1900 congrega\u00e7\u00f5es no Brasil e no exterior.\",\"breadcrumb\":{\"@id\":\"https:\/\/faculdadeluteranaconcordia.com.br\/site\/corpo-docente\/#breadcrumb\"},\"inLanguage\":\"pt-PT\",\"potentialAction\":[{\"@type\":\"ReadAction\",\"target\":[\"https:\/\/faculdadeluteranaconcordia.com.br\/site\/corpo-docente\/\"]}]},{\"@type\":\"ImageObject\",\"inLanguage\":\"pt-PT\",\"@id\":\"https:\/\/faculdadeluteranaconcordia.com.br\/site\/corpo-docente\/#primaryimage\",\"url\":\"https:\/\/faculdadeluteranaconcordia.com.br\/site\/wp-content\/uploads\/2023\/07\/imagem-slide-principal01-scaled.jpg\",\"contentUrl\":\"https:\/\/faculdadeluteranaconcordia.com.br\/site\/wp-content\/uploads\/2023\/07\/imagem-slide-principal01-scaled.jpg\",\"width\":2560,\"height\":1920},{\"@type\":\"BreadcrumbList\",\"@id\":\"https:\/\/faculdadeluteranaconcordia.com.br\/site\/corpo-docente\/#breadcrumb\",\"itemListElement\":[{\"@type\":\"ListItem\",\"position\":1,\"name\":\"In\u00edcio\",\"item\":\"https:\/\/faculdadeluteranaconcordia.com.br\/site\/\"},{\"@type\":\"ListItem\",\"position\":2,\"name\":\"Corpo Docente\"}]},{\"@type\":\"WebSite\",\"@id\":\"https:\/\/faculdadeluteranaconcordia.com.br\/site\/#website\",\"url\":\"https:\/\/faculdadeluteranaconcordia.com.br\/site\/\",\"name\":\"Faculdade Luterana Conc\u00f3rdia\",\"description\":\"Site Institucional da Faculdade Luterana\",\"publisher\":{\"@id\":\"https:\/\/faculdadeluteranaconcordia.com.br\/site\/#organization\"},\"potentialAction\":[{\"@type\":\"SearchAction\",\"target\":{\"@type\":\"EntryPoint\",\"urlTemplate\":\"https:\/\/faculdadeluteranaconcordia.com.br\/site\/?s={search_term_string}\"},\"query-input\":{\"@type\":\"PropertyValueSpecification\",\"valueRequired\":true,\"valueName\":\"search_term_string\"}}],\"inLanguage\":\"pt-PT\"},{\"@type\":\"Organization\",\"@id\":\"https:\/\/faculdadeluteranaconcordia.com.br\/site\/#organization\",\"name\":\"Faculdade Luterana Conc\u00f3rdia\",\"url\":\"https:\/\/faculdadeluteranaconcordia.com.br\/site\/\",\"logo\":{\"@type\":\"ImageObject\",\"inLanguage\":\"pt-PT\",\"@id\":\"https:\/\/faculdadeluteranaconcordia.com.br\/site\/#\/schema\/logo\/image\/\",\"url\":\"https:\/\/faculdadeluteranaconcordia.com.br\/site\/wp-content\/uploads\/2023\/04\/LOGO-NOVO-FACULDADE-1.webp\",\"contentUrl\":\"https:\/\/faculdadeluteranaconcordia.com.br\/site\/wp-content\/uploads\/2023\/04\/LOGO-NOVO-FACULDADE-1.webp\",\"width\":1200,\"height\":383,\"caption\":\"Faculdade Luterana Conc\u00f3rdia\"},\"image\":{\"@id\":\"https:\/\/faculdadeluteranaconcordia.com.br\/site\/#\/schema\/logo\/image\/\"}}]}<\/script>\n<!-- \/ Yoast SEO plugin. -->","yoast_head_json":{"title":"Corpo Docente - Faculdade Luterana Conc\u00f3rdia","description":"Compromisso em oferecer uma educa\u00e7\u00e3o de qualidade. Formamos centenas de pastores que servem em cerca de 1900 congrega\u00e7\u00f5es no Brasil e no exterior.","robots":{"index":"index","follow":"follow","max-snippet":"max-snippet:-1","max-image-preview":"max-image-preview:large","max-video-preview":"max-video-preview:-1"},"canonical":"https:\/\/faculdadeluteranaconcordia.com.br\/site\/corpo-docente\/","og_locale":"pt_PT","og_type":"article","og_title":"Corpo Docente - Faculdade Luterana Conc\u00f3rdia","og_description":"Compromisso em oferecer uma educa\u00e7\u00e3o de qualidade. Formamos centenas de pastores que servem em cerca de 1900 congrega\u00e7\u00f5es no Brasil e no exterior.","og_url":"https:\/\/faculdadeluteranaconcordia.com.br\/site\/corpo-docente\/","og_site_name":"Faculdade Luterana Conc\u00f3rdia","article_modified_time":"2026-04-27T13:56:47+00:00","og_image":[{"width":2560,"height":1920,"url":"https:\/\/faculdadeluteranaconcordia.com.br\/site\/wp-content\/uploads\/2023\/07\/imagem-slide-principal01-scaled.jpg","type":"image\/jpeg"}],"twitter_card":"summary_large_image","twitter_misc":{"Tempo estimado de leitura":"11 minutos"},"schema":{"@context":"https:\/\/schema.org","@graph":[{"@type":"WebPage","@id":"https:\/\/faculdadeluteranaconcordia.com.br\/site\/corpo-docente\/","url":"https:\/\/faculdadeluteranaconcordia.com.br\/site\/corpo-docente\/","name":"Corpo Docente - Faculdade Luterana Conc\u00f3rdia","isPartOf":{"@id":"https:\/\/faculdadeluteranaconcordia.com.br\/site\/#website"},"primaryImageOfPage":{"@id":"https:\/\/faculdadeluteranaconcordia.com.br\/site\/corpo-docente\/#primaryimage"},"image":{"@id":"https:\/\/faculdadeluteranaconcordia.com.br\/site\/corpo-docente\/#primaryimage"},"thumbnailUrl":"https:\/\/faculdadeluteranaconcordia.com.br\/site\/wp-content\/uploads\/2023\/07\/imagem-slide-principal01-scaled.jpg","datePublished":"2023-06-27T17:22:11+00:00","dateModified":"2026-04-27T13:56:47+00:00","description":"Compromisso em oferecer uma educa\u00e7\u00e3o de qualidade. Formamos centenas de pastores que servem em cerca de 1900 congrega\u00e7\u00f5es no Brasil e no exterior.","breadcrumb":{"@id":"https:\/\/faculdadeluteranaconcordia.com.br\/site\/corpo-docente\/#breadcrumb"},"inLanguage":"pt-PT","potentialAction":[{"@type":"ReadAction","target":["https:\/\/faculdadeluteranaconcordia.com.br\/site\/corpo-docente\/"]}]},{"@type":"ImageObject","inLanguage":"pt-PT","@id":"https:\/\/faculdadeluteranaconcordia.com.br\/site\/corpo-docente\/#primaryimage","url":"https:\/\/faculdadeluteranaconcordia.com.br\/site\/wp-content\/uploads\/2023\/07\/imagem-slide-principal01-scaled.jpg","contentUrl":"https:\/\/faculdadeluteranaconcordia.com.br\/site\/wp-content\/uploads\/2023\/07\/imagem-slide-principal01-scaled.jpg","width":2560,"height":1920},{"@type":"BreadcrumbList","@id":"https:\/\/faculdadeluteranaconcordia.com.br\/site\/corpo-docente\/#breadcrumb","itemListElement":[{"@type":"ListItem","position":1,"name":"In\u00edcio","item":"https:\/\/faculdadeluteranaconcordia.com.br\/site\/"},{"@type":"ListItem","position":2,"name":"Corpo Docente"}]},{"@type":"WebSite","@id":"https:\/\/faculdadeluteranaconcordia.com.br\/site\/#website","url":"https:\/\/faculdadeluteranaconcordia.com.br\/site\/","name":"Faculdade Luterana Conc\u00f3rdia","description":"Site Institucional da Faculdade Luterana","publisher":{"@id":"https:\/\/faculdadeluteranaconcordia.com.br\/site\/#organization"},"potentialAction":[{"@type":"SearchAction","target":{"@type":"EntryPoint","urlTemplate":"https:\/\/faculdadeluteranaconcordia.com.br\/site\/?s={search_term_string}"},"query-input":{"@type":"PropertyValueSpecification","valueRequired":true,"valueName":"search_term_string"}}],"inLanguage":"pt-PT"},{"@type":"Organization","@id":"https:\/\/faculdadeluteranaconcordia.com.br\/site\/#organization","name":"Faculdade Luterana Conc\u00f3rdia","url":"https:\/\/faculdadeluteranaconcordia.com.br\/site\/","logo":{"@type":"ImageObject","inLanguage":"pt-PT","@id":"https:\/\/faculdadeluteranaconcordia.com.br\/site\/#\/schema\/logo\/image\/","url":"https:\/\/faculdadeluteranaconcordia.com.br\/site\/wp-content\/uploads\/2023\/04\/LOGO-NOVO-FACULDADE-1.webp","contentUrl":"https:\/\/faculdadeluteranaconcordia.com.br\/site\/wp-content\/uploads\/2023\/04\/LOGO-NOVO-FACULDADE-1.webp","width":1200,"height":383,"caption":"Faculdade Luterana Conc\u00f3rdia"},"image":{"@id":"https:\/\/faculdadeluteranaconcordia.com.br\/site\/#\/schema\/logo\/image\/"}}]}},"_links":{"self":[{"href":"https:\/\/faculdadeluteranaconcordia.com.br\/site\/wp-json\/wp\/v2\/pages\/197","targetHints":{"allow":["GET"]}}],"collection":[{"href":"https:\/\/faculdadeluteranaconcordia.com.br\/site\/wp-json\/wp\/v2\/pages"}],"about":[{"href":"https:\/\/faculdadeluteranaconcordia.com.br\/site\/wp-json\/wp\/v2\/types\/page"}],"author":[{"embeddable":true,"href":"https:\/\/faculdadeluteranaconcordia.com.br\/site\/wp-json\/wp\/v2\/users\/1"}],"replies":[{"embeddable":true,"href":"https:\/\/faculdadeluteranaconcordia.com.br\/site\/wp-json\/wp\/v2\/comments?post=197"}],"version-history":[{"count":149,"href":"https:\/\/faculdadeluteranaconcordia.com.br\/site\/wp-json\/wp\/v2\/pages\/197\/revisions"}],"predecessor-version":[{"id":3170,"href":"https:\/\/faculdadeluteranaconcordia.com.br\/site\/wp-json\/wp\/v2\/pages\/197\/revisions\/3170"}],"wp:featuredmedia":[{"embeddable":true,"href":"https:\/\/faculdadeluteranaconcordia.com.br\/site\/wp-json\/wp\/v2\/media\/516"}],"wp:attachment":[{"href":"https:\/\/faculdadeluteranaconcordia.com.br\/site\/wp-json\/wp\/v2\/media?parent=197"}],"curies":[{"name":"wp","href":"https:\/\/api.w.org\/{rel}","templated":true}]}}