{"id":2070,"date":"2025-06-23T19:01:58","date_gmt":"2025-06-23T19:01:58","guid":{"rendered":"https:\/\/faculdadeluteranaconcordia.com.br\/site\/?page_id=2070"},"modified":"2025-08-26T13:54:26","modified_gmt":"2025-08-26T13:54:26","slug":"noticias","status":"publish","type":"page","link":"https:\/\/faculdadeluteranaconcordia.com.br\/site\/noticias\/","title":{"rendered":"Not\u00edcias"},"content":{"rendered":"\t\t<div data-elementor-type=\"wp-page\" data-elementor-id=\"2070\" class=\"elementor elementor-2070\" data-elementor-post-type=\"page\">\n\t\t\t\t\t\t\t\t\t<section class=\"elementor-section elementor-top-section elementor-element elementor-element-1f62ef2 elementor-section-height-min-height elementor-section-items-top elementor-section-content-top elementor-section-boxed elementor-section-height-default\" data-id=\"1f62ef2\" data-element_type=\"section\" data-settings=\"{&quot;background_background&quot;:&quot;classic&quot;}\">\n\t\t\t\t\t\t<div class=\"elementor-container elementor-column-gap-default\">\n\t\t\t\t\t<div class=\"elementor-column elementor-col-100 elementor-top-column elementor-element elementor-element-ee5d93f\" data-id=\"ee5d93f\" data-element_type=\"column\">\n\t\t\t<div class=\"elementor-widget-wrap elementor-element-populated\">\n\t\t\t\t\t\t\t\t<div class=\"elementor-element elementor-element-b9f1674 elementor-widget elementor-widget-heading\" data-id=\"b9f1674\" data-element_type=\"widget\" data-widget_type=\"heading.default\">\n\t\t\t\t<div class=\"elementor-widget-container\">\n\t\t\t<style>\/*! elementor - v3.14.0 - 26-06-2023 *\/\n.elementor-heading-title{padding:0;margin:0;line-height:1}.elementor-widget-heading .elementor-heading-title[class*=elementor-size-]>a{color:inherit;font-size:inherit;line-height:inherit}.elementor-widget-heading .elementor-heading-title.elementor-size-small{font-size:15px}.elementor-widget-heading .elementor-heading-title.elementor-size-medium{font-size:19px}.elementor-widget-heading .elementor-heading-title.elementor-size-large{font-size:29px}.elementor-widget-heading .elementor-heading-title.elementor-size-xl{font-size:39px}.elementor-widget-heading .elementor-heading-title.elementor-size-xxl{font-size:59px}<\/style><h2 class=\"elementor-heading-title elementor-size-default\">Not\u00edcias<\/h2>\t\t<\/div>\n\t\t\t\t<\/div>\n\t\t\t\t\t<\/div>\n\t\t<\/div>\n\t\t\t\t\t\t\t<\/div>\n\t\t<\/section>\n\t\t\t\t<section class=\"elementor-section elementor-top-section elementor-element elementor-element-45b9cda elementor-section-boxed elementor-section-height-default elementor-section-height-default\" data-id=\"45b9cda\" data-element_type=\"section\" data-settings=\"{&quot;background_background&quot;:&quot;classic&quot;}\">\n\t\t\t\t\t\t<div class=\"elementor-container elementor-column-gap-default\">\n\t\t\t\t\t<div class=\"elementor-column elementor-col-100 elementor-top-column elementor-element elementor-element-c586b29\" data-id=\"c586b29\" data-element_type=\"column\">\n\t\t\t<div class=\"elementor-widget-wrap elementor-element-populated\">\n\t\t\t\t\t\t\t\t<div class=\"elementor-element elementor-element-c76f34f elementor-grid-3 elementor-grid-tablet-2 elementor-grid-mobile-1 elementor-posts--thumbnail-top elementor-card-shadow-yes elementor-posts__hover-gradient elementor-widget elementor-widget-posts\" data-id=\"c76f34f\" data-element_type=\"widget\" data-settings=\"{&quot;pagination_type&quot;:&quot;numbers&quot;,&quot;cards_columns&quot;:&quot;3&quot;,&quot;cards_columns_tablet&quot;:&quot;2&quot;,&quot;cards_columns_mobile&quot;:&quot;1&quot;,&quot;cards_row_gap&quot;:{&quot;unit&quot;:&quot;px&quot;,&quot;size&quot;:35,&quot;sizes&quot;:[]},&quot;cards_row_gap_tablet&quot;:{&quot;unit&quot;:&quot;px&quot;,&quot;size&quot;:&quot;&quot;,&quot;sizes&quot;:[]},&quot;cards_row_gap_mobile&quot;:{&quot;unit&quot;:&quot;px&quot;,&quot;size&quot;:&quot;&quot;,&quot;sizes&quot;:[]}}\" data-widget_type=\"posts.cards\">\n\t\t\t\t<div class=\"elementor-widget-container\">\n\t\t\t<link rel=\"stylesheet\" href=\"https:\/\/faculdadeluteranaconcordia.com.br\/site\/wp-content\/plugins\/elementor-pro\/assets\/css\/widget-posts.min.css\">\t\t<div class=\"elementor-posts-container elementor-posts elementor-posts--skin-cards elementor-grid\">\n\t\t\t\t<article class=\"elementor-post elementor-grid-item post-3174 post type-post status-publish format-standard has-post-thumbnail hentry category-uncategorized\">\n\t\t\t<div class=\"elementor-post__card\">\n\t\t\t\t<a class=\"elementor-post__thumbnail__link\" href=\"https:\/\/faculdadeluteranaconcordia.com.br\/site\/2026\/04\/28\/curso-de-extensao-inscircoes-abertas\/\" ><div class=\"elementor-post__thumbnail\"><img loading=\"lazy\" decoding=\"async\" width=\"300\" height=\"225\" src=\"https:\/\/faculdadeluteranaconcordia.com.br\/site\/wp-content\/uploads\/2026\/04\/Formacao-de-Professores-de-Escola-Dominical-1-300x225.png\" class=\"attachment-medium size-medium wp-image-3184\" alt=\"\" srcset=\"https:\/\/faculdadeluteranaconcordia.com.br\/site\/wp-content\/uploads\/2026\/04\/Formacao-de-Professores-de-Escola-Dominical-1-300x225.png 300w, https:\/\/faculdadeluteranaconcordia.com.br\/site\/wp-content\/uploads\/2026\/04\/Formacao-de-Professores-de-Escola-Dominical-1-768x576.png 768w, https:\/\/faculdadeluteranaconcordia.com.br\/site\/wp-content\/uploads\/2026\/04\/Formacao-de-Professores-de-Escola-Dominical-1.png 960w\" sizes=\"auto, (max-width: 300px) 100vw, 300px\" \/><\/div><\/a>\n\t\t\t\t<div class=\"elementor-post__text\">\n\t\t\t\t<h3 class=\"elementor-post__title\">\n\t\t\t<a href=\"https:\/\/faculdadeluteranaconcordia.com.br\/site\/2026\/04\/28\/curso-de-extensao-inscircoes-abertas\/\" >\n\t\t\t\tCurso de Extens\u00e3o &#8211; Inscri\u00e7\u00f5es Abertas!\t\t\t<\/a>\n\t\t<\/h3>\n\t\t\t\t<div class=\"elementor-post__excerpt\">\n\t\t\t<p>Venha participar da forma\u00e7\u00e3o teol\u00f3gica e did\u00e1tico-pr\u00e1tica para professores de Escola Dominical.<\/p>\n\t\t<\/div>\n\t\t\n\t\t<a class=\"elementor-post__read-more\" href=\"https:\/\/faculdadeluteranaconcordia.com.br\/site\/2026\/04\/28\/curso-de-extensao-inscircoes-abertas\/\" aria-label=\"Read more about Curso de Extens\u00e3o &#8211; Inscri\u00e7\u00f5es Abertas!\" >\n\t\t\tLeia mais \u00bb\t\t<\/a>\n\n\t\t\t\t<\/div>\n\t\t\t\t<div class=\"elementor-post__meta-data\">\n\t\t\t\t\t<span class=\"elementor-post-date\">\n\t\t\t28\/04\/2026\t\t<\/span>\n\t\t\t\t<\/div>\n\t\t\t\t\t<\/div>\n\t\t<\/article>\n\t\t\t\t<article class=\"elementor-post elementor-grid-item post-3126 post type-post status-publish format-standard has-post-thumbnail hentry category-uncategorized\">\n\t\t\t<div class=\"elementor-post__card\">\n\t\t\t\t<a class=\"elementor-post__thumbnail__link\" href=\"https:\/\/faculdadeluteranaconcordia.com.br\/site\/2026\/04\/07\/inauguracao-da-biblioteca-do-seminario-concordia-e-faculdade-luterana-concordia\/\" ><div class=\"elementor-post__thumbnail\"><img loading=\"lazy\" decoding=\"async\" width=\"300\" height=\"169\" src=\"https:\/\/faculdadeluteranaconcordia.com.br\/site\/wp-content\/uploads\/2026\/04\/20260312_163926-300x169.jpg\" class=\"attachment-medium size-medium wp-image-3132\" alt=\"\" srcset=\"https:\/\/faculdadeluteranaconcordia.com.br\/site\/wp-content\/uploads\/2026\/04\/20260312_163926-300x169.jpg 300w, https:\/\/faculdadeluteranaconcordia.com.br\/site\/wp-content\/uploads\/2026\/04\/20260312_163926-1024x576.jpg 1024w, https:\/\/faculdadeluteranaconcordia.com.br\/site\/wp-content\/uploads\/2026\/04\/20260312_163926-768x432.jpg 768w, https:\/\/faculdadeluteranaconcordia.com.br\/site\/wp-content\/uploads\/2026\/04\/20260312_163926-1536x864.jpg 1536w, https:\/\/faculdadeluteranaconcordia.com.br\/site\/wp-content\/uploads\/2026\/04\/20260312_163926-2048x1153.jpg 2048w\" sizes=\"auto, (max-width: 300px) 100vw, 300px\" \/><\/div><\/a>\n\t\t\t\t<div class=\"elementor-post__text\">\n\t\t\t\t<h3 class=\"elementor-post__title\">\n\t\t\t<a href=\"https:\/\/faculdadeluteranaconcordia.com.br\/site\/2026\/04\/07\/inauguracao-da-biblioteca-do-seminario-concordia-e-faculdade-luterana-concordia\/\" >\n\t\t\t\tInaugura\u00e7\u00e3o da Biblioteca do Semin\u00e1rio Conc\u00f3rdia e Faculdade Luterana Conc\u00f3rdia\t\t\t<\/a>\n\t\t<\/h3>\n\t\t\t\t<div class=\"elementor-post__excerpt\">\n\t\t\t<p>Inaugurado novo espa\u00e7o da Biblioteca do Semin\u00e1rio Conc\u00f3rdia e Faculdade Luterana Conc\u00f3rdia<\/p>\n\t\t<\/div>\n\t\t\n\t\t<a class=\"elementor-post__read-more\" href=\"https:\/\/faculdadeluteranaconcordia.com.br\/site\/2026\/04\/07\/inauguracao-da-biblioteca-do-seminario-concordia-e-faculdade-luterana-concordia\/\" aria-label=\"Read more about Inaugura\u00e7\u00e3o da Biblioteca do Semin\u00e1rio Conc\u00f3rdia e Faculdade Luterana Conc\u00f3rdia\" >\n\t\t\tLeia mais \u00bb\t\t<\/a>\n\n\t\t\t\t<\/div>\n\t\t\t\t<div class=\"elementor-post__meta-data\">\n\t\t\t\t\t<span class=\"elementor-post-date\">\n\t\t\t07\/04\/2026\t\t<\/span>\n\t\t\t\t<\/div>\n\t\t\t\t\t<\/div>\n\t\t<\/article>\n\t\t\t\t<article class=\"elementor-post elementor-grid-item post-3114 post type-post status-publish format-standard has-post-thumbnail hentry category-uncategorized\">\n\t\t\t<div class=\"elementor-post__card\">\n\t\t\t\t<a class=\"elementor-post__thumbnail__link\" href=\"https:\/\/faculdadeluteranaconcordia.com.br\/site\/2026\/03\/23\/monitoria-voluntaria-de-grego-e-hebraico\/\" ><div class=\"elementor-post__thumbnail\"><img loading=\"lazy\" decoding=\"async\" width=\"300\" height=\"200\" src=\"https:\/\/faculdadeluteranaconcordia.com.br\/site\/wp-content\/uploads\/2026\/03\/gregoe-hebraico-300x200.webp\" class=\"attachment-medium size-medium wp-image-3115\" alt=\"\" srcset=\"https:\/\/faculdadeluteranaconcordia.com.br\/site\/wp-content\/uploads\/2026\/03\/gregoe-hebraico-300x200.webp 300w, https:\/\/faculdadeluteranaconcordia.com.br\/site\/wp-content\/uploads\/2026\/03\/gregoe-hebraico-1024x683.webp 1024w, https:\/\/faculdadeluteranaconcordia.com.br\/site\/wp-content\/uploads\/2026\/03\/gregoe-hebraico-768x512.webp 768w, https:\/\/faculdadeluteranaconcordia.com.br\/site\/wp-content\/uploads\/2026\/03\/gregoe-hebraico.webp 1536w\" sizes=\"auto, (max-width: 300px) 100vw, 300px\" \/><\/div><\/a>\n\t\t\t\t<div class=\"elementor-post__text\">\n\t\t\t\t<h3 class=\"elementor-post__title\">\n\t\t\t<a href=\"https:\/\/faculdadeluteranaconcordia.com.br\/site\/2026\/03\/23\/monitoria-voluntaria-de-grego-e-hebraico\/\" >\n\t\t\t\tMonitoria Voluntaria de Grego e Hebraico\t\t\t<\/a>\n\t\t<\/h3>\n\t\t\t\t<div class=\"elementor-post__excerpt\">\n\t\t\t<p>A Faculdade Luterana Conc\u00f3rdia, por meio Curso de Teologia, torna p\u00fablico o presente Edital para a sele\u00e7\u00e3o de monitores de L\u00edngua Grega e L\u00edngua Hebraica, visando auxiliar nas atividades de ensinodos componentes curriculares Grego I, II e III e Hebraico III, no per\u00edodo de mar\u00e7o a junho de 2026.<\/p>\n\t\t<\/div>\n\t\t\n\t\t<a class=\"elementor-post__read-more\" href=\"https:\/\/faculdadeluteranaconcordia.com.br\/site\/2026\/03\/23\/monitoria-voluntaria-de-grego-e-hebraico\/\" aria-label=\"Read more about Monitoria Voluntaria de Grego e Hebraico\" >\n\t\t\tLeia mais \u00bb\t\t<\/a>\n\n\t\t\t\t<\/div>\n\t\t\t\t<div class=\"elementor-post__meta-data\">\n\t\t\t\t\t<span class=\"elementor-post-date\">\n\t\t\t23\/03\/2026\t\t<\/span>\n\t\t\t\t<\/div>\n\t\t\t\t\t<\/div>\n\t\t<\/article>\n\t\t\t\t<article class=\"elementor-post elementor-grid-item post-3101 post type-post status-publish format-standard has-post-thumbnail hentry category-uncategorized\">\n\t\t\t<div class=\"elementor-post__card\">\n\t\t\t\t<a class=\"elementor-post__thumbnail__link\" href=\"https:\/\/faculdadeluteranaconcordia.com.br\/site\/2026\/03\/23\/primeira-assembleia-geral-ordinaria\/\" ><div class=\"elementor-post__thumbnail\"><img loading=\"lazy\" decoding=\"async\" width=\"300\" height=\"169\" src=\"https:\/\/faculdadeluteranaconcordia.com.br\/site\/wp-content\/uploads\/2026\/03\/20260306_134333-300x169.jpg\" class=\"attachment-medium size-medium wp-image-3102\" alt=\"\" srcset=\"https:\/\/faculdadeluteranaconcordia.com.br\/site\/wp-content\/uploads\/2026\/03\/20260306_134333-300x169.jpg 300w, https:\/\/faculdadeluteranaconcordia.com.br\/site\/wp-content\/uploads\/2026\/03\/20260306_134333-1024x576.jpg 1024w, https:\/\/faculdadeluteranaconcordia.com.br\/site\/wp-content\/uploads\/2026\/03\/20260306_134333-768x432.jpg 768w, https:\/\/faculdadeluteranaconcordia.com.br\/site\/wp-content\/uploads\/2026\/03\/20260306_134333-1536x864.jpg 1536w, https:\/\/faculdadeluteranaconcordia.com.br\/site\/wp-content\/uploads\/2026\/03\/20260306_134333-2048x1153.jpg 2048w\" sizes=\"auto, (max-width: 300px) 100vw, 300px\" \/><\/div><\/a>\n\t\t\t\t<div class=\"elementor-post__text\">\n\t\t\t\t<h3 class=\"elementor-post__title\">\n\t\t\t<a href=\"https:\/\/faculdadeluteranaconcordia.com.br\/site\/2026\/03\/23\/primeira-assembleia-geral-ordinaria\/\" >\n\t\t\t\tPrimeira Assembleia Geral Ordin\u00e1ria\t\t\t<\/a>\n\t\t<\/h3>\n\t\t\t\t<div class=\"elementor-post__excerpt\">\n\t\t\t<p>Primeira Assembleia Geral Ordin\u00e1ria do Diret\u00f3rio Acad\u00eamico Martinho Lutero (DAMAL), em 2026<\/p>\n\t\t<\/div>\n\t\t\n\t\t<a class=\"elementor-post__read-more\" href=\"https:\/\/faculdadeluteranaconcordia.com.br\/site\/2026\/03\/23\/primeira-assembleia-geral-ordinaria\/\" aria-label=\"Read more about Primeira Assembleia Geral Ordin\u00e1ria\" >\n\t\t\tLeia mais \u00bb\t\t<\/a>\n\n\t\t\t\t<\/div>\n\t\t\t\t<div class=\"elementor-post__meta-data\">\n\t\t\t\t\t<span class=\"elementor-post-date\">\n\t\t\t23\/03\/2026\t\t<\/span>\n\t\t\t\t<\/div>\n\t\t\t\t\t<\/div>\n\t\t<\/article>\n\t\t\t\t<article class=\"elementor-post elementor-grid-item post-3089 post type-post status-publish format-standard has-post-thumbnail hentry category-uncategorized\">\n\t\t\t<div class=\"elementor-post__card\">\n\t\t\t\t<a class=\"elementor-post__thumbnail__link\" href=\"https:\/\/faculdadeluteranaconcordia.com.br\/site\/2026\/03\/23\/semana-academica\/\" ><div class=\"elementor-post__thumbnail\"><img loading=\"lazy\" decoding=\"async\" width=\"300\" height=\"169\" src=\"https:\/\/faculdadeluteranaconcordia.com.br\/site\/wp-content\/uploads\/2026\/03\/24-02-Semana-Academica-300x169.jpg\" class=\"attachment-medium size-medium wp-image-3091\" alt=\"\" srcset=\"https:\/\/faculdadeluteranaconcordia.com.br\/site\/wp-content\/uploads\/2026\/03\/24-02-Semana-Academica-300x169.jpg 300w, https:\/\/faculdadeluteranaconcordia.com.br\/site\/wp-content\/uploads\/2026\/03\/24-02-Semana-Academica-1024x576.jpg 1024w, https:\/\/faculdadeluteranaconcordia.com.br\/site\/wp-content\/uploads\/2026\/03\/24-02-Semana-Academica-768x432.jpg 768w, https:\/\/faculdadeluteranaconcordia.com.br\/site\/wp-content\/uploads\/2026\/03\/24-02-Semana-Academica-1536x864.jpg 1536w, https:\/\/faculdadeluteranaconcordia.com.br\/site\/wp-content\/uploads\/2026\/03\/24-02-Semana-Academica-2048x1153.jpg 2048w\" sizes=\"auto, (max-width: 300px) 100vw, 300px\" \/><\/div><\/a>\n\t\t\t\t<div class=\"elementor-post__text\">\n\t\t\t\t<h3 class=\"elementor-post__title\">\n\t\t\t<a href=\"https:\/\/faculdadeluteranaconcordia.com.br\/site\/2026\/03\/23\/semana-academica\/\" >\n\t\t\t\tSemana Acad\u00eamica\t\t\t<\/a>\n\t\t<\/h3>\n\t\t\t\t<div class=\"elementor-post__excerpt\">\n\t\t\t<p>Semana Acad\u00eamica promovida pelo Diret\u00f3rio Acad\u00eamico Martinho Lutero (DAMAL), em parceria com o Semin\u00e1rio Conc\u00f3rdia e a Faculdade Luterana Conc\u00f3rdia.<\/p>\n\t\t<\/div>\n\t\t\n\t\t<a class=\"elementor-post__read-more\" href=\"https:\/\/faculdadeluteranaconcordia.com.br\/site\/2026\/03\/23\/semana-academica\/\" aria-label=\"Read more about Semana Acad\u00eamica\" >\n\t\t\tLeia mais \u00bb\t\t<\/a>\n\n\t\t\t\t<\/div>\n\t\t\t\t<div class=\"elementor-post__meta-data\">\n\t\t\t\t\t<span class=\"elementor-post-date\">\n\t\t\t23\/03\/2026\t\t<\/span>\n\t\t\t\t<\/div>\n\t\t\t\t\t<\/div>\n\t\t<\/article>\n\t\t\t\t<article class=\"elementor-post elementor-grid-item post-3063 post type-post status-publish format-standard has-post-thumbnail hentry category-uncategorized\">\n\t\t\t<div class=\"elementor-post__card\">\n\t\t\t\t<a class=\"elementor-post__thumbnail__link\" href=\"https:\/\/faculdadeluteranaconcordia.com.br\/site\/2026\/03\/12\/curso-de-teologia-da-faculdade-luterana-realiza-processo-seletivo\/\" ><div class=\"elementor-post__thumbnail\"><img loading=\"lazy\" decoding=\"async\" width=\"300\" height=\"183\" src=\"https:\/\/faculdadeluteranaconcordia.com.br\/site\/wp-content\/uploads\/2026\/03\/alunos-300x183.jpg\" class=\"attachment-medium size-medium wp-image-3064\" alt=\"\" srcset=\"https:\/\/faculdadeluteranaconcordia.com.br\/site\/wp-content\/uploads\/2026\/03\/alunos-300x183.jpg 300w, https:\/\/faculdadeluteranaconcordia.com.br\/site\/wp-content\/uploads\/2026\/03\/alunos-1024x626.jpg 1024w, https:\/\/faculdadeluteranaconcordia.com.br\/site\/wp-content\/uploads\/2026\/03\/alunos-768x470.jpg 768w, https:\/\/faculdadeluteranaconcordia.com.br\/site\/wp-content\/uploads\/2026\/03\/alunos.jpg 1333w\" sizes=\"auto, (max-width: 300px) 100vw, 300px\" \/><\/div><\/a>\n\t\t\t\t<div class=\"elementor-post__text\">\n\t\t\t\t<h3 class=\"elementor-post__title\">\n\t\t\t<a href=\"https:\/\/faculdadeluteranaconcordia.com.br\/site\/2026\/03\/12\/curso-de-teologia-da-faculdade-luterana-realiza-processo-seletivo\/\" >\n\t\t\t\tCurso de Teologia da Faculdade Luterana realiza processo seletivo\t\t\t<\/a>\n\t\t<\/h3>\n\t\t\t\t<div class=\"elementor-post__excerpt\">\n\t\t\t<p>No dia 19 de fevereiro, no campus do Semin\u00e1rio Conc\u00f3rdia e Faculdade Luterana Conc\u00f3rdia, 21 candidatos participaram do processo seletivo para o Curso de Teologia.<\/p>\n\t\t<\/div>\n\t\t\n\t\t<a class=\"elementor-post__read-more\" href=\"https:\/\/faculdadeluteranaconcordia.com.br\/site\/2026\/03\/12\/curso-de-teologia-da-faculdade-luterana-realiza-processo-seletivo\/\" aria-label=\"Read more about Curso de Teologia da Faculdade Luterana realiza processo seletivo\" >\n\t\t\tLeia mais \u00bb\t\t<\/a>\n\n\t\t\t\t<\/div>\n\t\t\t\t<div class=\"elementor-post__meta-data\">\n\t\t\t\t\t<span class=\"elementor-post-date\">\n\t\t\t12\/03\/2026\t\t<\/span>\n\t\t\t\t<\/div>\n\t\t\t\t\t<\/div>\n\t\t<\/article>\n\t\t\t\t<article class=\"elementor-post elementor-grid-item post-3047 post type-post status-publish format-standard has-post-thumbnail hentry category-uncategorized\">\n\t\t\t<div class=\"elementor-post__card\">\n\t\t\t\t<a class=\"elementor-post__thumbnail__link\" href=\"https:\/\/faculdadeluteranaconcordia.com.br\/site\/2026\/03\/11\/formacao-docente-do-curso-de-teologia-da-faculdade-luterana-concordia\/\" ><div class=\"elementor-post__thumbnail\"><img loading=\"lazy\" decoding=\"async\" width=\"300\" height=\"225\" src=\"https:\/\/faculdadeluteranaconcordia.com.br\/site\/wp-content\/uploads\/2026\/03\/WhatsApp-Image-2026-03-10-at-10.49.19-300x225.jpeg\" class=\"attachment-medium size-medium wp-image-3048\" alt=\"\" srcset=\"https:\/\/faculdadeluteranaconcordia.com.br\/site\/wp-content\/uploads\/2026\/03\/WhatsApp-Image-2026-03-10-at-10.49.19-300x225.jpeg 300w, https:\/\/faculdadeluteranaconcordia.com.br\/site\/wp-content\/uploads\/2026\/03\/WhatsApp-Image-2026-03-10-at-10.49.19-1024x768.jpeg 1024w, https:\/\/faculdadeluteranaconcordia.com.br\/site\/wp-content\/uploads\/2026\/03\/WhatsApp-Image-2026-03-10-at-10.49.19-768x576.jpeg 768w, https:\/\/faculdadeluteranaconcordia.com.br\/site\/wp-content\/uploads\/2026\/03\/WhatsApp-Image-2026-03-10-at-10.49.19-1536x1152.jpeg 1536w, https:\/\/faculdadeluteranaconcordia.com.br\/site\/wp-content\/uploads\/2026\/03\/WhatsApp-Image-2026-03-10-at-10.49.19.jpeg 1600w\" sizes=\"auto, (max-width: 300px) 100vw, 300px\" \/><\/div><\/a>\n\t\t\t\t<div class=\"elementor-post__text\">\n\t\t\t\t<h3 class=\"elementor-post__title\">\n\t\t\t<a href=\"https:\/\/faculdadeluteranaconcordia.com.br\/site\/2026\/03\/11\/formacao-docente-do-curso-de-teologia-da-faculdade-luterana-concordia\/\" >\n\t\t\t\tForma\u00e7\u00e3o Docente do Curso de Teologia da Faculdade Luterana Conc\u00f3rdia.\t\t\t<\/a>\n\t\t<\/h3>\n\t\t\t\t<div class=\"elementor-post__excerpt\">\n\t\t\t<p>Docentes do curso de Teologia da Faculdade Luterana Conc\u00f3rdia participam de forma\u00e7\u00e3o nos dias 11 e 12 de fevereiro.<\/p>\n\t\t<\/div>\n\t\t\n\t\t<a class=\"elementor-post__read-more\" href=\"https:\/\/faculdadeluteranaconcordia.com.br\/site\/2026\/03\/11\/formacao-docente-do-curso-de-teologia-da-faculdade-luterana-concordia\/\" aria-label=\"Read more about Forma\u00e7\u00e3o Docente do Curso de Teologia da Faculdade Luterana Conc\u00f3rdia.\" >\n\t\t\tLeia mais \u00bb\t\t<\/a>\n\n\t\t\t\t<\/div>\n\t\t\t\t<div class=\"elementor-post__meta-data\">\n\t\t\t\t\t<span class=\"elementor-post-date\">\n\t\t\t11\/03\/2026\t\t<\/span>\n\t\t\t\t<\/div>\n\t\t\t\t\t<\/div>\n\t\t<\/article>\n\t\t\t\t<article class=\"elementor-post elementor-grid-item post-3019 post type-post status-publish format-standard has-post-thumbnail hentry category-uncategorized\">\n\t\t\t<div class=\"elementor-post__card\">\n\t\t\t\t<a class=\"elementor-post__thumbnail__link\" href=\"https:\/\/faculdadeluteranaconcordia.com.br\/site\/2025\/10\/28\/completado-com-exito-o-primeiro-curso-de-extensao-da-faculdade-luterana-concordia\/\" ><div class=\"elementor-post__thumbnail\"><img loading=\"lazy\" decoding=\"async\" width=\"300\" height=\"225\" src=\"https:\/\/faculdadeluteranaconcordia.com.br\/site\/wp-content\/uploads\/2025\/10\/WhatsApp-Image-2025-10-28-at-08.12.40-2-300x225.jpeg\" class=\"attachment-medium size-medium wp-image-3020\" alt=\"\" srcset=\"https:\/\/faculdadeluteranaconcordia.com.br\/site\/wp-content\/uploads\/2025\/10\/WhatsApp-Image-2025-10-28-at-08.12.40-2-300x225.jpeg 300w, https:\/\/faculdadeluteranaconcordia.com.br\/site\/wp-content\/uploads\/2025\/10\/WhatsApp-Image-2025-10-28-at-08.12.40-2-1024x768.jpeg 1024w, https:\/\/faculdadeluteranaconcordia.com.br\/site\/wp-content\/uploads\/2025\/10\/WhatsApp-Image-2025-10-28-at-08.12.40-2-768x576.jpeg 768w, https:\/\/faculdadeluteranaconcordia.com.br\/site\/wp-content\/uploads\/2025\/10\/WhatsApp-Image-2025-10-28-at-08.12.40-2-1536x1152.jpeg 1536w, https:\/\/faculdadeluteranaconcordia.com.br\/site\/wp-content\/uploads\/2025\/10\/WhatsApp-Image-2025-10-28-at-08.12.40-2.jpeg 1600w\" sizes=\"auto, (max-width: 300px) 100vw, 300px\" \/><\/div><\/a>\n\t\t\t\t<div class=\"elementor-post__text\">\n\t\t\t\t<h3 class=\"elementor-post__title\">\n\t\t\t<a href=\"https:\/\/faculdadeluteranaconcordia.com.br\/site\/2025\/10\/28\/completado-com-exito-o-primeiro-curso-de-extensao-da-faculdade-luterana-concordia\/\" >\n\t\t\t\tCompletado com \u00eaxito o primeiro Curso de Extens\u00e3o da Faculdade Luterana Conc\u00f3rdia\t\t\t<\/a>\n\t\t<\/h3>\n\t\t\t\t<div class=\"elementor-post__excerpt\">\n\t\t\t<p>Terminou nesta segunda, 27\/10, a primeira edi\u00e7\u00e3o do Curso de Extens\u00e3o A B\u00edblia que lemos hoje: composi\u00e7\u00e3o, interpreta\u00e7\u00e3o e mensagem. <\/p>\n\t\t<\/div>\n\t\t\n\t\t<a class=\"elementor-post__read-more\" href=\"https:\/\/faculdadeluteranaconcordia.com.br\/site\/2025\/10\/28\/completado-com-exito-o-primeiro-curso-de-extensao-da-faculdade-luterana-concordia\/\" aria-label=\"Read more about Completado com \u00eaxito o primeiro Curso de Extens\u00e3o da Faculdade Luterana Conc\u00f3rdia\" >\n\t\t\tLeia mais \u00bb\t\t<\/a>\n\n\t\t\t\t<\/div>\n\t\t\t\t<div class=\"elementor-post__meta-data\">\n\t\t\t\t\t<span class=\"elementor-post-date\">\n\t\t\t28\/10\/2025\t\t<\/span>\n\t\t\t\t<\/div>\n\t\t\t\t\t<\/div>\n\t\t<\/article>\n\t\t\t\t<article class=\"elementor-post elementor-grid-item post-2394 post type-post status-publish format-standard has-post-thumbnail hentry category-uncategorized\">\n\t\t\t<div class=\"elementor-post__card\">\n\t\t\t\t<a class=\"elementor-post__thumbnail__link\" href=\"https:\/\/faculdadeluteranaconcordia.com.br\/site\/2025\/08\/12\/curso-de-teologia-da-faculdade-luterana-concordia-lanca-os-dois-primeiros-cursos-de-extensao\/\" ><div class=\"elementor-post__thumbnail\"><img loading=\"lazy\" decoding=\"async\" width=\"300\" height=\"200\" src=\"https:\/\/faculdadeluteranaconcordia.com.br\/site\/wp-content\/uploads\/2025\/08\/pexels-kevin-malik-9017412-300x200.webp\" class=\"attachment-medium size-medium wp-image-2395\" alt=\"\" srcset=\"https:\/\/faculdadeluteranaconcordia.com.br\/site\/wp-content\/uploads\/2025\/08\/pexels-kevin-malik-9017412-300x200.webp 300w, https:\/\/faculdadeluteranaconcordia.com.br\/site\/wp-content\/uploads\/2025\/08\/pexels-kevin-malik-9017412-1024x683.webp 1024w, https:\/\/faculdadeluteranaconcordia.com.br\/site\/wp-content\/uploads\/2025\/08\/pexels-kevin-malik-9017412-768x512.webp 768w, https:\/\/faculdadeluteranaconcordia.com.br\/site\/wp-content\/uploads\/2025\/08\/pexels-kevin-malik-9017412-1536x1024.webp 1536w, https:\/\/faculdadeluteranaconcordia.com.br\/site\/wp-content\/uploads\/2025\/08\/pexels-kevin-malik-9017412-2048x1365.webp 2048w\" sizes=\"auto, (max-width: 300px) 100vw, 300px\" \/><\/div><\/a>\n\t\t\t\t<div class=\"elementor-post__text\">\n\t\t\t\t<h3 class=\"elementor-post__title\">\n\t\t\t<a href=\"https:\/\/faculdadeluteranaconcordia.com.br\/site\/2025\/08\/12\/curso-de-teologia-da-faculdade-luterana-concordia-lanca-os-dois-primeiros-cursos-de-extensao\/\" >\n\t\t\t\tCurso de Teologia da Faculdade Luterana Conc\u00f3rdia lan\u00e7a os dois primeiros cursos de Extens\u00e3o\t\t\t<\/a>\n\t\t<\/h3>\n\t\t\t\t<div class=\"elementor-post__excerpt\">\n\t\t\t<p>Curso de Teologia da Faculdade Luterana Conc\u00f3rdia lan\u00e7a os dois primeiros cursos de Extens\u00e3o<\/p>\n\t\t<\/div>\n\t\t\n\t\t<a class=\"elementor-post__read-more\" href=\"https:\/\/faculdadeluteranaconcordia.com.br\/site\/2025\/08\/12\/curso-de-teologia-da-faculdade-luterana-concordia-lanca-os-dois-primeiros-cursos-de-extensao\/\" aria-label=\"Read more about Curso de Teologia da Faculdade Luterana Conc\u00f3rdia lan\u00e7a os dois primeiros cursos de Extens\u00e3o\" >\n\t\t\tLeia mais \u00bb\t\t<\/a>\n\n\t\t\t\t<\/div>\n\t\t\t\t<div class=\"elementor-post__meta-data\">\n\t\t\t\t\t<span class=\"elementor-post-date\">\n\t\t\t12\/08\/2025\t\t<\/span>\n\t\t\t\t<\/div>\n\t\t\t\t\t<\/div>\n\t\t<\/article>\n\t\t\t\t<article class=\"elementor-post elementor-grid-item post-2369 post type-post status-publish format-standard has-post-thumbnail hentry category-uncategorized\">\n\t\t\t<div class=\"elementor-post__card\">\n\t\t\t\t<a class=\"elementor-post__thumbnail__link\" href=\"https:\/\/faculdadeluteranaconcordia.com.br\/site\/2025\/07\/10\/depois-de-tres-anos-ministrando-aulas-e-trabalhando-em-pesquisa-biblica-nos-estados-unidos-esta-de-volta-ao-seminario-concordia-e-a-faculdade-luterana-concordia-o-professor-vilson-scholz\/\" ><div class=\"elementor-post__thumbnail\"><img loading=\"lazy\" decoding=\"async\" width=\"300\" height=\"207\" src=\"https:\/\/faculdadeluteranaconcordia.com.br\/site\/wp-content\/uploads\/2025\/07\/scholz-pro-site-300x207.webp\" class=\"attachment-medium size-medium wp-image-2370\" alt=\"\" srcset=\"https:\/\/faculdadeluteranaconcordia.com.br\/site\/wp-content\/uploads\/2025\/07\/scholz-pro-site-300x207.webp 300w, https:\/\/faculdadeluteranaconcordia.com.br\/site\/wp-content\/uploads\/2025\/07\/scholz-pro-site-1024x705.webp 1024w, https:\/\/faculdadeluteranaconcordia.com.br\/site\/wp-content\/uploads\/2025\/07\/scholz-pro-site-768x529.webp 768w, https:\/\/faculdadeluteranaconcordia.com.br\/site\/wp-content\/uploads\/2025\/07\/scholz-pro-site.webp 1240w\" sizes=\"auto, (max-width: 300px) 100vw, 300px\" \/><\/div><\/a>\n\t\t\t\t<div class=\"elementor-post__text\">\n\t\t\t\t<h3 class=\"elementor-post__title\">\n\t\t\t<a href=\"https:\/\/faculdadeluteranaconcordia.com.br\/site\/2025\/07\/10\/depois-de-tres-anos-ministrando-aulas-e-trabalhando-em-pesquisa-biblica-nos-estados-unidos-esta-de-volta-ao-seminario-concordia-e-a-faculdade-luterana-concordia-o-professor-vilson-scholz\/\" >\n\t\t\t\tDe volta para casa\t\t\t<\/a>\n\t\t<\/h3>\n\t\t\t\t<div class=\"elementor-post__excerpt\">\n\t\t\t<p>Depois de tr\u00eas anos ministrando aulas e trabalhando em pesquisa b\u00edblica nos Estados Unidos, est\u00e1 de volta ao Semin\u00e1rio Conc\u00f3rdia e \u00e0 Faculdade Luterana Conc\u00f3rdia, o professor Vilson Scholz.<\/p>\n\t\t<\/div>\n\t\t\n\t\t<a class=\"elementor-post__read-more\" href=\"https:\/\/faculdadeluteranaconcordia.com.br\/site\/2025\/07\/10\/depois-de-tres-anos-ministrando-aulas-e-trabalhando-em-pesquisa-biblica-nos-estados-unidos-esta-de-volta-ao-seminario-concordia-e-a-faculdade-luterana-concordia-o-professor-vilson-scholz\/\" aria-label=\"Read more about De volta para casa\" >\n\t\t\tLeia mais \u00bb\t\t<\/a>\n\n\t\t\t\t<\/div>\n\t\t\t\t<div class=\"elementor-post__meta-data\">\n\t\t\t\t\t<span class=\"elementor-post-date\">\n\t\t\t10\/07\/2025\t\t<\/span>\n\t\t\t\t<\/div>\n\t\t\t\t\t<\/div>\n\t\t<\/article>\n\t\t\t\t<article class=\"elementor-post elementor-grid-item post-2360 post type-post status-publish format-standard has-post-thumbnail hentry category-uncategorized\">\n\t\t\t<div class=\"elementor-post__card\">\n\t\t\t\t<a class=\"elementor-post__thumbnail__link\" href=\"https:\/\/faculdadeluteranaconcordia.com.br\/site\/2025\/07\/07\/horario-das-devocoes-semanais-no-seminario-concordia-e-na-faculdade-luterana-concordia-mudam-no-segundo-semestre-de-2025\/\" ><div class=\"elementor-post__thumbnail\"><img loading=\"lazy\" decoding=\"async\" width=\"300\" height=\"207\" src=\"https:\/\/faculdadeluteranaconcordia.com.br\/site\/wp-content\/uploads\/2025\/07\/culto-na-capela-do-campus-300x207.webp\" class=\"attachment-medium size-medium wp-image-2363\" alt=\"\" srcset=\"https:\/\/faculdadeluteranaconcordia.com.br\/site\/wp-content\/uploads\/2025\/07\/culto-na-capela-do-campus-300x207.webp 300w, https:\/\/faculdadeluteranaconcordia.com.br\/site\/wp-content\/uploads\/2025\/07\/culto-na-capela-do-campus-1024x705.webp 1024w, https:\/\/faculdadeluteranaconcordia.com.br\/site\/wp-content\/uploads\/2025\/07\/culto-na-capela-do-campus-768x529.webp 768w, https:\/\/faculdadeluteranaconcordia.com.br\/site\/wp-content\/uploads\/2025\/07\/culto-na-capela-do-campus.webp 1240w\" sizes=\"auto, (max-width: 300px) 100vw, 300px\" \/><\/div><\/a>\n\t\t\t\t<div class=\"elementor-post__text\">\n\t\t\t\t<h3 class=\"elementor-post__title\">\n\t\t\t<a href=\"https:\/\/faculdadeluteranaconcordia.com.br\/site\/2025\/07\/07\/horario-das-devocoes-semanais-no-seminario-concordia-e-na-faculdade-luterana-concordia-mudam-no-segundo-semestre-de-2025\/\" >\n\t\t\t\tHor\u00e1rio das devo\u00e7\u00f5es semanais no Semin\u00e1rio Conc\u00f3rdia e na Faculdade Luterana Conc\u00f3rdia mudam no segundo semestre de 2025\t\t\t<\/a>\n\t\t<\/h3>\n\t\t\t\t<div class=\"elementor-post__excerpt\">\n\t\t\t<p>Hor\u00e1rio das devo\u00e7\u00f5es semanais no Semin\u00e1rio Conc\u00f3rdia e na Faculdade Luterana Conc\u00f3rdia mudam no segundo semestre de 2025<\/p>\n\t\t<\/div>\n\t\t\n\t\t<a class=\"elementor-post__read-more\" href=\"https:\/\/faculdadeluteranaconcordia.com.br\/site\/2025\/07\/07\/horario-das-devocoes-semanais-no-seminario-concordia-e-na-faculdade-luterana-concordia-mudam-no-segundo-semestre-de-2025\/\" aria-label=\"Read more about Hor\u00e1rio das devo\u00e7\u00f5es semanais no Semin\u00e1rio Conc\u00f3rdia e na Faculdade Luterana Conc\u00f3rdia mudam no segundo semestre de 2025\" >\n\t\t\tLeia mais \u00bb\t\t<\/a>\n\n\t\t\t\t<\/div>\n\t\t\t\t<div class=\"elementor-post__meta-data\">\n\t\t\t\t\t<span class=\"elementor-post-date\">\n\t\t\t07\/07\/2025\t\t<\/span>\n\t\t\t\t<\/div>\n\t\t\t\t\t<\/div>\n\t\t<\/article>\n\t\t\t\t<article class=\"elementor-post elementor-grid-item post-2349 post type-post status-publish format-standard has-post-thumbnail hentry category-uncategorized\">\n\t\t\t<div class=\"elementor-post__card\">\n\t\t\t\t<a class=\"elementor-post__thumbnail__link\" href=\"https:\/\/faculdadeluteranaconcordia.com.br\/site\/2025\/06\/30\/segundo-dia-do-simposio-de-lutero-encerra-reflexoes-sobre-a-fe-nicena\/\" ><div class=\"elementor-post__thumbnail\"><img loading=\"lazy\" decoding=\"async\" width=\"300\" height=\"200\" src=\"https:\/\/faculdadeluteranaconcordia.com.br\/site\/wp-content\/uploads\/2025\/06\/prof-prunzel-300x200.webp\" class=\"attachment-medium size-medium wp-image-2350\" alt=\"\" srcset=\"https:\/\/faculdadeluteranaconcordia.com.br\/site\/wp-content\/uploads\/2025\/06\/prof-prunzel-300x200.webp 300w, https:\/\/faculdadeluteranaconcordia.com.br\/site\/wp-content\/uploads\/2025\/06\/prof-prunzel-1024x683.webp 1024w, https:\/\/faculdadeluteranaconcordia.com.br\/site\/wp-content\/uploads\/2025\/06\/prof-prunzel-768x512.webp 768w, https:\/\/faculdadeluteranaconcordia.com.br\/site\/wp-content\/uploads\/2025\/06\/prof-prunzel.webp 1280w\" sizes=\"auto, (max-width: 300px) 100vw, 300px\" \/><\/div><\/a>\n\t\t\t\t<div class=\"elementor-post__text\">\n\t\t\t\t<h3 class=\"elementor-post__title\">\n\t\t\t<a href=\"https:\/\/faculdadeluteranaconcordia.com.br\/site\/2025\/06\/30\/segundo-dia-do-simposio-de-lutero-encerra-reflexoes-sobre-a-fe-nicena\/\" >\n\t\t\t\tSegundo dia do Simp\u00f3sio de Lutero encerra reflex\u00f5es sobre a F\u00e9 Nicena\t\t\t<\/a>\n\t\t<\/h3>\n\t\t\t\t<div class=\"elementor-post__excerpt\">\n\t\t\t<p>Na sexta-feira, 27, encerrou-se o Simp\u00f3sio Internacional de Lutero, com foco na rela\u00e7\u00e3o entre a F\u00e9 Nicena e a tradi\u00e7\u00e3o Luterana. O dia contou com palestras do Dr. Cl\u00f3vis Prunzel, sobre a centralidade da F\u00e9 Nicena na teologia luterana, e do Dr. Benjamin Mayes, sobre Johann Gerhard. A devo\u00e7\u00e3o de encerramento foi conduzida pelo Rev. Lucas Prando.<\/p>\n\t\t<\/div>\n\t\t\n\t\t<a class=\"elementor-post__read-more\" href=\"https:\/\/faculdadeluteranaconcordia.com.br\/site\/2025\/06\/30\/segundo-dia-do-simposio-de-lutero-encerra-reflexoes-sobre-a-fe-nicena\/\" aria-label=\"Read more about Segundo dia do Simp\u00f3sio de Lutero encerra reflex\u00f5es sobre a F\u00e9 Nicena\" >\n\t\t\tLeia mais \u00bb\t\t<\/a>\n\n\t\t\t\t<\/div>\n\t\t\t\t<div class=\"elementor-post__meta-data\">\n\t\t\t\t\t<span class=\"elementor-post-date\">\n\t\t\t30\/06\/2025\t\t<\/span>\n\t\t\t\t<\/div>\n\t\t\t\t\t<\/div>\n\t\t<\/article>\n\t\t\t\t<article class=\"elementor-post elementor-grid-item post-2346 post type-post status-publish format-standard has-post-thumbnail hentry category-uncategorized\">\n\t\t\t<div class=\"elementor-post__card\">\n\t\t\t\t<a class=\"elementor-post__thumbnail__link\" href=\"https:\/\/faculdadeluteranaconcordia.com.br\/site\/2025\/06\/30\/segundo-dia-do-simposio-internacional-de-historia-da-igreja-destaca-a-relevancia-do-concilio-de-niceia-e-inicio-do-primeiro-dia-do-simposio-de-lutero\/\" ><div class=\"elementor-post__thumbnail\"><img loading=\"lazy\" decoding=\"async\" width=\"300\" height=\"200\" src=\"https:\/\/faculdadeluteranaconcordia.com.br\/site\/wp-content\/uploads\/2025\/06\/O-Senhor-da-Historia-300x200.webp\" class=\"attachment-medium size-medium wp-image-2347\" alt=\"\" srcset=\"https:\/\/faculdadeluteranaconcordia.com.br\/site\/wp-content\/uploads\/2025\/06\/O-Senhor-da-Historia-300x200.webp 300w, https:\/\/faculdadeluteranaconcordia.com.br\/site\/wp-content\/uploads\/2025\/06\/O-Senhor-da-Historia-1024x683.webp 1024w, https:\/\/faculdadeluteranaconcordia.com.br\/site\/wp-content\/uploads\/2025\/06\/O-Senhor-da-Historia-768x512.webp 768w, https:\/\/faculdadeluteranaconcordia.com.br\/site\/wp-content\/uploads\/2025\/06\/O-Senhor-da-Historia.webp 1280w\" sizes=\"auto, (max-width: 300px) 100vw, 300px\" \/><\/div><\/a>\n\t\t\t\t<div class=\"elementor-post__text\">\n\t\t\t\t<h3 class=\"elementor-post__title\">\n\t\t\t<a href=\"https:\/\/faculdadeluteranaconcordia.com.br\/site\/2025\/06\/30\/segundo-dia-do-simposio-internacional-de-historia-da-igreja-destaca-a-relevancia-do-concilio-de-niceia-e-inicio-do-primeiro-dia-do-simposio-de-lutero\/\" >\n\t\t\t\tSegundo dia do Simp\u00f3sio Internacional de Hist\u00f3ria da Igreja destaca a relev\u00e2ncia do Conc\u00edlio de Niceia e in\u00edcio do primeiro dia do Simp\u00f3sio de Lutero\t\t\t<\/a>\n\t\t<\/h3>\n\t\t\t\t<div class=\"elementor-post__excerpt\">\n\t\t\t<p>Segundo dia do Simp\u00f3sio Internacional de Hist\u00f3ria da Igreja destaca a relev\u00e2ncia do Conc\u00edlio de Niceia e in\u00edcio do primeiro dia do Simp\u00f3sio de Lutero<\/p>\n\t\t<\/div>\n\t\t\n\t\t<a class=\"elementor-post__read-more\" href=\"https:\/\/faculdadeluteranaconcordia.com.br\/site\/2025\/06\/30\/segundo-dia-do-simposio-internacional-de-historia-da-igreja-destaca-a-relevancia-do-concilio-de-niceia-e-inicio-do-primeiro-dia-do-simposio-de-lutero\/\" aria-label=\"Read more about Segundo dia do Simp\u00f3sio Internacional de Hist\u00f3ria da Igreja destaca a relev\u00e2ncia do Conc\u00edlio de Niceia e in\u00edcio do primeiro dia do Simp\u00f3sio de Lutero\" >\n\t\t\tLeia mais \u00bb\t\t<\/a>\n\n\t\t\t\t<\/div>\n\t\t\t\t<div class=\"elementor-post__meta-data\">\n\t\t\t\t\t<span class=\"elementor-post-date\">\n\t\t\t30\/06\/2025\t\t<\/span>\n\t\t\t\t<\/div>\n\t\t\t\t\t<\/div>\n\t\t<\/article>\n\t\t\t\t<article class=\"elementor-post elementor-grid-item post-2309 post type-post status-publish format-standard has-post-thumbnail hentry category-uncategorized\">\n\t\t\t<div class=\"elementor-post__card\">\n\t\t\t\t<a class=\"elementor-post__thumbnail__link\" href=\"https:\/\/faculdadeluteranaconcordia.com.br\/site\/2025\/06\/27\/simposio-internacional-relembra-1700-anos-do-concilio-de-niceia\/\" ><div class=\"elementor-post__thumbnail\"><img loading=\"lazy\" decoding=\"async\" width=\"300\" height=\"200\" src=\"https:\/\/faculdadeluteranaconcordia.com.br\/site\/wp-content\/uploads\/2025\/06\/SimposioI-300x200.webp\" class=\"attachment-medium size-medium wp-image-2310\" alt=\"\" srcset=\"https:\/\/faculdadeluteranaconcordia.com.br\/site\/wp-content\/uploads\/2025\/06\/SimposioI-300x200.webp 300w, https:\/\/faculdadeluteranaconcordia.com.br\/site\/wp-content\/uploads\/2025\/06\/SimposioI-1024x683.webp 1024w, https:\/\/faculdadeluteranaconcordia.com.br\/site\/wp-content\/uploads\/2025\/06\/SimposioI-768x512.webp 768w, https:\/\/faculdadeluteranaconcordia.com.br\/site\/wp-content\/uploads\/2025\/06\/SimposioI.webp 1280w\" sizes=\"auto, (max-width: 300px) 100vw, 300px\" \/><\/div><\/a>\n\t\t\t\t<div class=\"elementor-post__text\">\n\t\t\t\t<h3 class=\"elementor-post__title\">\n\t\t\t<a href=\"https:\/\/faculdadeluteranaconcordia.com.br\/site\/2025\/06\/27\/simposio-internacional-relembra-1700-anos-do-concilio-de-niceia\/\" >\n\t\t\t\tSimp\u00f3sio Internacional relembra 1.700 anos do Conc\u00edlio de Niceia com reflex\u00e3o teol\u00f3gica e hist\u00f3rica\t\t\t<\/a>\n\t\t<\/h3>\n\t\t\t\t<div class=\"elementor-post__excerpt\">\n\t\t\t<p>O I Simp\u00f3sio Internacional de Hist\u00f3ria da Igreja come\u00e7ou em 25 de junho, refletindo sobre os 1.700 anos do Conc\u00edlio de Niceia com palestras teol\u00f3gicas e hist\u00f3ricas. O dia foi marcado por confer\u00eancias internacionais, momentos devocionais e apresenta\u00e7\u00f5es culturais.<\/p>\n\t\t<\/div>\n\t\t\n\t\t<a class=\"elementor-post__read-more\" href=\"https:\/\/faculdadeluteranaconcordia.com.br\/site\/2025\/06\/27\/simposio-internacional-relembra-1700-anos-do-concilio-de-niceia\/\" aria-label=\"Read more about Simp\u00f3sio Internacional relembra 1.700 anos do Conc\u00edlio de Niceia com reflex\u00e3o teol\u00f3gica e hist\u00f3rica\" >\n\t\t\tLeia mais \u00bb\t\t<\/a>\n\n\t\t\t\t<\/div>\n\t\t\t\t<div class=\"elementor-post__meta-data\">\n\t\t\t\t\t<span class=\"elementor-post-date\">\n\t\t\t27\/06\/2025\t\t<\/span>\n\t\t\t\t<\/div>\n\t\t\t\t\t<\/div>\n\t\t<\/article>\n\t\t\t\t<article class=\"elementor-post elementor-grid-item post-1990 post type-post status-publish format-standard has-post-thumbnail hentry category-uncategorized\">\n\t\t\t<div class=\"elementor-post__card\">\n\t\t\t\t<a class=\"elementor-post__thumbnail__link\" href=\"https:\/\/faculdadeluteranaconcordia.com.br\/site\/2025\/06\/23\/projeto-piloto-de-monitoria-em-lingua-portuguesa\/\" ><div class=\"elementor-post__thumbnail\"><img loading=\"lazy\" decoding=\"async\" width=\"300\" height=\"200\" src=\"https:\/\/faculdadeluteranaconcordia.com.br\/site\/wp-content\/uploads\/2025\/06\/Projeto-Piloto-de-Monitoria-em-Lingua-Portuguesa-01-300x200.webp\" class=\"attachment-medium size-medium wp-image-2029\" alt=\"\" srcset=\"https:\/\/faculdadeluteranaconcordia.com.br\/site\/wp-content\/uploads\/2025\/06\/Projeto-Piloto-de-Monitoria-em-Lingua-Portuguesa-01-300x200.webp 300w, https:\/\/faculdadeluteranaconcordia.com.br\/site\/wp-content\/uploads\/2025\/06\/Projeto-Piloto-de-Monitoria-em-Lingua-Portuguesa-01-1024x683.webp 1024w, https:\/\/faculdadeluteranaconcordia.com.br\/site\/wp-content\/uploads\/2025\/06\/Projeto-Piloto-de-Monitoria-em-Lingua-Portuguesa-01-768x512.webp 768w, https:\/\/faculdadeluteranaconcordia.com.br\/site\/wp-content\/uploads\/2025\/06\/Projeto-Piloto-de-Monitoria-em-Lingua-Portuguesa-01.webp 1280w\" sizes=\"auto, (max-width: 300px) 100vw, 300px\" \/><\/div><\/a>\n\t\t\t\t<div class=\"elementor-post__text\">\n\t\t\t\t<h3 class=\"elementor-post__title\">\n\t\t\t<a href=\"https:\/\/faculdadeluteranaconcordia.com.br\/site\/2025\/06\/23\/projeto-piloto-de-monitoria-em-lingua-portuguesa\/\" >\n\t\t\t\tProjeto Piloto de Monitoria em L\u00edngua Portuguesa\t\t\t<\/a>\n\t\t<\/h3>\n\t\t\t\t<div class=\"elementor-post__excerpt\">\n\t\t\t<p>O Curso de Teologia da Faculdade Luterana Conc\u00f3rdia lan\u00e7ou no m\u00eas de maio um projeto piloto de monitoria em l\u00edngua portuguesa.<\/p>\n\t\t<\/div>\n\t\t\n\t\t<a class=\"elementor-post__read-more\" href=\"https:\/\/faculdadeluteranaconcordia.com.br\/site\/2025\/06\/23\/projeto-piloto-de-monitoria-em-lingua-portuguesa\/\" aria-label=\"Read more about Projeto Piloto de Monitoria em L\u00edngua Portuguesa\" >\n\t\t\tLeia mais \u00bb\t\t<\/a>\n\n\t\t\t\t<\/div>\n\t\t\t\t<div class=\"elementor-post__meta-data\">\n\t\t\t\t\t<span class=\"elementor-post-date\">\n\t\t\t23\/06\/2025\t\t<\/span>\n\t\t\t\t<\/div>\n\t\t\t\t\t<\/div>\n\t\t<\/article>\n\t\t\t\t<\/div>\n\t\t\n\t\t\t\t<\/div>\n\t\t\t\t<\/div>\n\t\t\t\t\t<\/div>\n\t\t<\/div>\n\t\t\t\t\t\t\t<\/div>\n\t\t<\/section>\n\t\t\t\t\t\t\t<\/div>\n\t\t","protected":false},"excerpt":{"rendered":"<p>Not\u00edcias<\/p>\n","protected":false},"author":1,"featured_media":634,"parent":0,"menu_order":0,"comment_status":"closed","ping_status":"closed","template":"","meta":{"_acf_changed":false,"footnotes":""},"class_list":["post-2070","page","type-page","status-publish","has-post-thumbnail","hentry"],"acf":[],"yoast_head":"<!-- This site is optimized with the Yoast SEO plugin v25.3.1 - https:\/\/yoast.com\/wordpress\/plugins\/seo\/ -->\n<title>Not\u00edcias - Faculdade Luterana Conc\u00f3rdia<\/title>\n<meta name=\"description\" content=\"Compromisso em oferecer uma educa\u00e7\u00e3o de qualidade. Formamos centenas de pastores que servem em cerca de 1900 congrega\u00e7\u00f5es no Brasil e no exterior.\" \/>\n<meta name=\"robots\" content=\"index, follow, max-snippet:-1, max-image-preview:large, max-video-preview:-1\" \/>\n<link rel=\"canonical\" href=\"https:\/\/faculdadeluteranaconcordia.com.br\/site\/noticias\/\" \/>\n<meta property=\"og:locale\" content=\"pt_PT\" \/>\n<meta property=\"og:type\" content=\"article\" \/>\n<meta property=\"og:title\" content=\"Not\u00edcias - Faculdade Luterana Conc\u00f3rdia\" \/>\n<meta property=\"og:description\" content=\"Compromisso em oferecer uma educa\u00e7\u00e3o de qualidade. Formamos centenas de pastores que servem em cerca de 1900 congrega\u00e7\u00f5es no Brasil e no exterior.\" \/>\n<meta property=\"og:url\" content=\"https:\/\/faculdadeluteranaconcordia.com.br\/site\/noticias\/\" \/>\n<meta property=\"og:site_name\" content=\"Faculdade Luterana Conc\u00f3rdia\" \/>\n<meta property=\"article:modified_time\" content=\"2025-08-26T13:54:26+00:00\" \/>\n<meta property=\"og:image\" content=\"https:\/\/faculdadeluteranaconcordia.com.br\/site\/wp-content\/uploads\/2023\/07\/imagem-slide-erro-scaled.jpg\" \/>\n\t<meta property=\"og:image:width\" content=\"2560\" \/>\n\t<meta property=\"og:image:height\" content=\"1920\" \/>\n\t<meta property=\"og:image:type\" content=\"image\/jpeg\" \/>\n<meta name=\"twitter:card\" content=\"summary_large_image\" \/>\n<meta name=\"twitter:label1\" content=\"Tempo estimado de leitura\" \/>\n\t<meta name=\"twitter:data1\" content=\"4 minutos\" \/>\n<script type=\"application\/ld+json\" class=\"yoast-schema-graph\">{\"@context\":\"https:\/\/schema.org\",\"@graph\":[{\"@type\":\"WebPage\",\"@id\":\"https:\/\/faculdadeluteranaconcordia.com.br\/site\/noticias\/\",\"url\":\"https:\/\/faculdadeluteranaconcordia.com.br\/site\/noticias\/\",\"name\":\"Not\u00edcias - Faculdade Luterana Conc\u00f3rdia\",\"isPartOf\":{\"@id\":\"https:\/\/faculdadeluteranaconcordia.com.br\/site\/#website\"},\"primaryImageOfPage\":{\"@id\":\"https:\/\/faculdadeluteranaconcordia.com.br\/site\/noticias\/#primaryimage\"},\"image\":{\"@id\":\"https:\/\/faculdadeluteranaconcordia.com.br\/site\/noticias\/#primaryimage\"},\"thumbnailUrl\":\"https:\/\/faculdadeluteranaconcordia.com.br\/site\/wp-content\/uploads\/2023\/07\/imagem-slide-erro-scaled.jpg\",\"datePublished\":\"2025-06-23T19:01:58+00:00\",\"dateModified\":\"2025-08-26T13:54:26+00:00\",\"description\":\"Compromisso em oferecer uma educa\u00e7\u00e3o de qualidade. Formamos centenas de pastores que servem em cerca de 1900 congrega\u00e7\u00f5es no Brasil e no exterior.\",\"breadcrumb\":{\"@id\":\"https:\/\/faculdadeluteranaconcordia.com.br\/site\/noticias\/#breadcrumb\"},\"inLanguage\":\"pt-PT\",\"potentialAction\":[{\"@type\":\"ReadAction\",\"target\":[\"https:\/\/faculdadeluteranaconcordia.com.br\/site\/noticias\/\"]}]},{\"@type\":\"ImageObject\",\"inLanguage\":\"pt-PT\",\"@id\":\"https:\/\/faculdadeluteranaconcordia.com.br\/site\/noticias\/#primaryimage\",\"url\":\"https:\/\/faculdadeluteranaconcordia.com.br\/site\/wp-content\/uploads\/2023\/07\/imagem-slide-erro-scaled.jpg\",\"contentUrl\":\"https:\/\/faculdadeluteranaconcordia.com.br\/site\/wp-content\/uploads\/2023\/07\/imagem-slide-erro-scaled.jpg\",\"width\":2560,\"height\":1920},{\"@type\":\"BreadcrumbList\",\"@id\":\"https:\/\/faculdadeluteranaconcordia.com.br\/site\/noticias\/#breadcrumb\",\"itemListElement\":[{\"@type\":\"ListItem\",\"position\":1,\"name\":\"In\u00edcio\",\"item\":\"https:\/\/faculdadeluteranaconcordia.com.br\/site\/\"},{\"@type\":\"ListItem\",\"position\":2,\"name\":\"Not\u00edcias\"}]},{\"@type\":\"WebSite\",\"@id\":\"https:\/\/faculdadeluteranaconcordia.com.br\/site\/#website\",\"url\":\"https:\/\/faculdadeluteranaconcordia.com.br\/site\/\",\"name\":\"Faculdade Luterana Conc\u00f3rdia\",\"description\":\"Site Institucional da Faculdade Luterana\",\"publisher\":{\"@id\":\"https:\/\/faculdadeluteranaconcordia.com.br\/site\/#organization\"},\"potentialAction\":[{\"@type\":\"SearchAction\",\"target\":{\"@type\":\"EntryPoint\",\"urlTemplate\":\"https:\/\/faculdadeluteranaconcordia.com.br\/site\/?s={search_term_string}\"},\"query-input\":{\"@type\":\"PropertyValueSpecification\",\"valueRequired\":true,\"valueName\":\"search_term_string\"}}],\"inLanguage\":\"pt-PT\"},{\"@type\":\"Organization\",\"@id\":\"https:\/\/faculdadeluteranaconcordia.com.br\/site\/#organization\",\"name\":\"Faculdade Luterana Conc\u00f3rdia\",\"url\":\"https:\/\/faculdadeluteranaconcordia.com.br\/site\/\",\"logo\":{\"@type\":\"ImageObject\",\"inLanguage\":\"pt-PT\",\"@id\":\"https:\/\/faculdadeluteranaconcordia.com.br\/site\/#\/schema\/logo\/image\/\",\"url\":\"https:\/\/faculdadeluteranaconcordia.com.br\/site\/wp-content\/uploads\/2023\/04\/LOGO-NOVO-FACULDADE-1.webp\",\"contentUrl\":\"https:\/\/faculdadeluteranaconcordia.com.br\/site\/wp-content\/uploads\/2023\/04\/LOGO-NOVO-FACULDADE-1.webp\",\"width\":1200,\"height\":383,\"caption\":\"Faculdade Luterana Conc\u00f3rdia\"},\"image\":{\"@id\":\"https:\/\/faculdadeluteranaconcordia.com.br\/site\/#\/schema\/logo\/image\/\"}}]}<\/script>\n<!-- \/ Yoast SEO plugin. -->","yoast_head_json":{"title":"Not\u00edcias - Faculdade Luterana Conc\u00f3rdia","description":"Compromisso em oferecer uma educa\u00e7\u00e3o de qualidade. Formamos centenas de pastores que servem em cerca de 1900 congrega\u00e7\u00f5es no Brasil e no exterior.","robots":{"index":"index","follow":"follow","max-snippet":"max-snippet:-1","max-image-preview":"max-image-preview:large","max-video-preview":"max-video-preview:-1"},"canonical":"https:\/\/faculdadeluteranaconcordia.com.br\/site\/noticias\/","og_locale":"pt_PT","og_type":"article","og_title":"Not\u00edcias - Faculdade Luterana Conc\u00f3rdia","og_description":"Compromisso em oferecer uma educa\u00e7\u00e3o de qualidade. Formamos centenas de pastores que servem em cerca de 1900 congrega\u00e7\u00f5es no Brasil e no exterior.","og_url":"https:\/\/faculdadeluteranaconcordia.com.br\/site\/noticias\/","og_site_name":"Faculdade Luterana Conc\u00f3rdia","article_modified_time":"2025-08-26T13:54:26+00:00","og_image":[{"width":2560,"height":1920,"url":"https:\/\/faculdadeluteranaconcordia.com.br\/site\/wp-content\/uploads\/2023\/07\/imagem-slide-erro-scaled.jpg","type":"image\/jpeg"}],"twitter_card":"summary_large_image","twitter_misc":{"Tempo estimado de leitura":"4 minutos"},"schema":{"@context":"https:\/\/schema.org","@graph":[{"@type":"WebPage","@id":"https:\/\/faculdadeluteranaconcordia.com.br\/site\/noticias\/","url":"https:\/\/faculdadeluteranaconcordia.com.br\/site\/noticias\/","name":"Not\u00edcias - Faculdade Luterana Conc\u00f3rdia","isPartOf":{"@id":"https:\/\/faculdadeluteranaconcordia.com.br\/site\/#website"},"primaryImageOfPage":{"@id":"https:\/\/faculdadeluteranaconcordia.com.br\/site\/noticias\/#primaryimage"},"image":{"@id":"https:\/\/faculdadeluteranaconcordia.com.br\/site\/noticias\/#primaryimage"},"thumbnailUrl":"https:\/\/faculdadeluteranaconcordia.com.br\/site\/wp-content\/uploads\/2023\/07\/imagem-slide-erro-scaled.jpg","datePublished":"2025-06-23T19:01:58+00:00","dateModified":"2025-08-26T13:54:26+00:00","description":"Compromisso em oferecer uma educa\u00e7\u00e3o de qualidade. Formamos centenas de pastores que servem em cerca de 1900 congrega\u00e7\u00f5es no Brasil e no exterior.","breadcrumb":{"@id":"https:\/\/faculdadeluteranaconcordia.com.br\/site\/noticias\/#breadcrumb"},"inLanguage":"pt-PT","potentialAction":[{"@type":"ReadAction","target":["https:\/\/faculdadeluteranaconcordia.com.br\/site\/noticias\/"]}]},{"@type":"ImageObject","inLanguage":"pt-PT","@id":"https:\/\/faculdadeluteranaconcordia.com.br\/site\/noticias\/#primaryimage","url":"https:\/\/faculdadeluteranaconcordia.com.br\/site\/wp-content\/uploads\/2023\/07\/imagem-slide-erro-scaled.jpg","contentUrl":"https:\/\/faculdadeluteranaconcordia.com.br\/site\/wp-content\/uploads\/2023\/07\/imagem-slide-erro-scaled.jpg","width":2560,"height":1920},{"@type":"BreadcrumbList","@id":"https:\/\/faculdadeluteranaconcordia.com.br\/site\/noticias\/#breadcrumb","itemListElement":[{"@type":"ListItem","position":1,"name":"In\u00edcio","item":"https:\/\/faculdadeluteranaconcordia.com.br\/site\/"},{"@type":"ListItem","position":2,"name":"Not\u00edcias"}]},{"@type":"WebSite","@id":"https:\/\/faculdadeluteranaconcordia.com.br\/site\/#website","url":"https:\/\/faculdadeluteranaconcordia.com.br\/site\/","name":"Faculdade Luterana Conc\u00f3rdia","description":"Site Institucional da Faculdade Luterana","publisher":{"@id":"https:\/\/faculdadeluteranaconcordia.com.br\/site\/#organization"},"potentialAction":[{"@type":"SearchAction","target":{"@type":"EntryPoint","urlTemplate":"https:\/\/faculdadeluteranaconcordia.com.br\/site\/?s={search_term_string}"},"query-input":{"@type":"PropertyValueSpecification","valueRequired":true,"valueName":"search_term_string"}}],"inLanguage":"pt-PT"},{"@type":"Organization","@id":"https:\/\/faculdadeluteranaconcordia.com.br\/site\/#organization","name":"Faculdade Luterana Conc\u00f3rdia","url":"https:\/\/faculdadeluteranaconcordia.com.br\/site\/","logo":{"@type":"ImageObject","inLanguage":"pt-PT","@id":"https:\/\/faculdadeluteranaconcordia.com.br\/site\/#\/schema\/logo\/image\/","url":"https:\/\/faculdadeluteranaconcordia.com.br\/site\/wp-content\/uploads\/2023\/04\/LOGO-NOVO-FACULDADE-1.webp","contentUrl":"https:\/\/faculdadeluteranaconcordia.com.br\/site\/wp-content\/uploads\/2023\/04\/LOGO-NOVO-FACULDADE-1.webp","width":1200,"height":383,"caption":"Faculdade Luterana Conc\u00f3rdia"},"image":{"@id":"https:\/\/faculdadeluteranaconcordia.com.br\/site\/#\/schema\/logo\/image\/"}}]}},"_links":{"self":[{"href":"https:\/\/faculdadeluteranaconcordia.com.br\/site\/wp-json\/wp\/v2\/pages\/2070","targetHints":{"allow":["GET"]}}],"collection":[{"href":"https:\/\/faculdadeluteranaconcordia.com.br\/site\/wp-json\/wp\/v2\/pages"}],"about":[{"href":"https:\/\/faculdadeluteranaconcordia.com.br\/site\/wp-json\/wp\/v2\/types\/page"}],"author":[{"embeddable":true,"href":"https:\/\/faculdadeluteranaconcordia.com.br\/site\/wp-json\/wp\/v2\/users\/1"}],"replies":[{"embeddable":true,"href":"https:\/\/faculdadeluteranaconcordia.com.br\/site\/wp-json\/wp\/v2\/comments?post=2070"}],"version-history":[{"count":152,"href":"https:\/\/faculdadeluteranaconcordia.com.br\/site\/wp-json\/wp\/v2\/pages\/2070\/revisions"}],"predecessor-version":[{"id":2933,"href":"https:\/\/faculdadeluteranaconcordia.com.br\/site\/wp-json\/wp\/v2\/pages\/2070\/revisions\/2933"}],"wp:featuredmedia":[{"embeddable":true,"href":"https:\/\/faculdadeluteranaconcordia.com.br\/site\/wp-json\/wp\/v2\/media\/634"}],"wp:attachment":[{"href":"https:\/\/faculdadeluteranaconcordia.com.br\/site\/wp-json\/wp\/v2\/media?parent=2070"}],"curies":[{"name":"wp","href":"https:\/\/api.w.org\/{rel}","templated":true}]}}