{"id":666,"date":"2024-07-17T14:30:12","date_gmt":"2024-07-17T14:30:12","guid":{"rendered":"https:\/\/faculdadeluteranaconcordia.com.br\/site\/?page_id=666"},"modified":"2025-06-24T16:59:48","modified_gmt":"2025-06-24T16:59:48","slug":"graduacao-em-teologia","status":"publish","type":"page","link":"https:\/\/faculdadeluteranaconcordia.com.br\/site\/graduacao-em-teologia\/","title":{"rendered":"Gradua\u00e7\u00e3o em Teologia"},"content":{"rendered":"\t\t<div data-elementor-type=\"wp-page\" data-elementor-id=\"666\" class=\"elementor elementor-666\" data-elementor-post-type=\"page\">\n\t\t\t\t\t\t\t\t\t<section class=\"elementor-section elementor-top-section elementor-element elementor-element-485c3f2 elementor-section-full_width elementor-section-height-default elementor-section-height-default\" data-id=\"485c3f2\" data-element_type=\"section\" data-settings=\"{&quot;shape_divider_bottom&quot;:&quot;mountains&quot;,&quot;motion_fx_motion_fx_scrolling&quot;:&quot;yes&quot;,&quot;motion_fx_scale_effect&quot;:&quot;yes&quot;,&quot;motion_fx_scale_speed&quot;:{&quot;unit&quot;:&quot;px&quot;,&quot;size&quot;:2,&quot;sizes&quot;:[]},&quot;motion_fx_devices&quot;:[&quot;desktop&quot;],&quot;background_background&quot;:&quot;classic&quot;,&quot;motion_fx_scale_direction&quot;:&quot;out-in&quot;,&quot;motion_fx_scale_range&quot;:{&quot;unit&quot;:&quot;%&quot;,&quot;size&quot;:&quot;&quot;,&quot;sizes&quot;:{&quot;start&quot;:20,&quot;end&quot;:80}}}\">\n\t\t\t\t\t<div class=\"elementor-shape elementor-shape-bottom\" data-negative=\"false\">\n\t\t\t<svg xmlns=\"http:\/\/www.w3.org\/2000\/svg\" viewBox=\"0 0 1000 100\" preserveAspectRatio=\"none\">\n\t<path class=\"elementor-shape-fill\" opacity=\"0.33\" d=\"M473,67.3c-203.9,88.3-263.1-34-320.3,0C66,119.1,0,59.7,0,59.7V0h1000v59.7 c0,0-62.1,26.1-94.9,29.3c-32.8,3.3-62.8-12.3-75.8-22.1C806,49.6,745.3,8.7,694.9,4.7S492.4,59,473,67.3z\"\/>\n\t<path class=\"elementor-shape-fill\" opacity=\"0.66\" d=\"M734,67.3c-45.5,0-77.2-23.2-129.1-39.1c-28.6-8.7-150.3-10.1-254,39.1 s-91.7-34.4-149.2,0C115.7,118.3,0,39.8,0,39.8V0h1000v36.5c0,0-28.2-18.5-92.1-18.5C810.2,18.1,775.7,67.3,734,67.3z\"\/>\n\t<path class=\"elementor-shape-fill\" d=\"M766.1,28.9c-200-57.5-266,65.5-395.1,19.5C242,1.8,242,5.4,184.8,20.6C128,35.8,132.3,44.9,89.9,52.5C28.6,63.7,0,0,0,0 h1000c0,0-9.9,40.9-83.6,48.1S829.6,47,766.1,28.9z\"\/>\n<\/svg>\t\t<\/div>\n\t\t\t\t\t<div class=\"elementor-container elementor-column-gap-default\">\n\t\t\t\t\t<div class=\"elementor-column elementor-col-100 elementor-top-column elementor-element elementor-element-cff8243\" data-id=\"cff8243\" data-element_type=\"column\">\n\t\t\t<div class=\"elementor-widget-wrap elementor-element-populated\">\n\t\t\t\t\t\t\t\t<div class=\"elementor-element elementor-element-03f63f0 elementor--h-position-center elementor--v-position-middle elementor-widget elementor-widget-slides\" data-id=\"03f63f0\" data-element_type=\"widget\" data-settings=\"{&quot;navigation&quot;:&quot;none&quot;,&quot;autoplay_speed&quot;:4000,&quot;autoplay&quot;:&quot;yes&quot;,&quot;infinite&quot;:&quot;yes&quot;,&quot;transition&quot;:&quot;slide&quot;,&quot;transition_speed&quot;:500}\" data-widget_type=\"slides.default\">\n\t\t\t\t<div class=\"elementor-widget-container\">\n\t\t\t<style>\/*! elementor-pro - v3.14.0 - 26-06-2023 *\/\n.elementor-slides .swiper-slide-bg{background-size:cover;background-position:50%;background-repeat:no-repeat;min-width:100%;min-height:100%}.elementor-slides .swiper-slide-inner{background-repeat:no-repeat;background-position:50%;position:absolute;top:0;left:0;bottom:0;right:0;padding:50px;margin:auto}.elementor-slides .swiper-slide-inner,.elementor-slides .swiper-slide-inner:hover{color:#fff;display:flex}.elementor-slides .swiper-slide-inner .elementor-background-overlay{position:absolute;z-index:0;top:0;bottom:0;left:0;right:0}.elementor-slides .swiper-slide-inner .elementor-slide-content{position:relative;z-index:1;width:100%}.elementor-slides .swiper-slide-inner .elementor-slide-heading{font-size:35px;font-weight:700;line-height:1}.elementor-slides .swiper-slide-inner .elementor-slide-description{font-size:17px;line-height:1.4}.elementor-slides .swiper-slide-inner .elementor-slide-description:not(:last-child),.elementor-slides .swiper-slide-inner .elementor-slide-heading:not(:last-child){margin-bottom:30px}.elementor-slides .swiper-slide-inner .elementor-slide-button{border:2px solid #fff;color:#fff;background:transparent;display:inline-block}.elementor-slides .swiper-slide-inner .elementor-slide-button,.elementor-slides .swiper-slide-inner .elementor-slide-button:hover{background:transparent;color:inherit;text-decoration:none}.elementor--v-position-top .swiper-slide-inner{align-items:flex-start}.elementor--v-position-bottom .swiper-slide-inner{align-items:flex-end}.elementor--v-position-middle .swiper-slide-inner{align-items:center}.elementor--h-position-left .swiper-slide-inner{justify-content:flex-start}.elementor--h-position-right .swiper-slide-inner{justify-content:flex-end}.elementor--h-position-center .swiper-slide-inner{justify-content:center}body.rtl .elementor-widget-slides .elementor-swiper-button-next{left:10px;right:auto}body.rtl .elementor-widget-slides .elementor-swiper-button-prev{right:10px;left:auto}.elementor-slides-wrapper div:not(.swiper-slide)>.swiper-slide-inner{display:none}@media (max-width:767px){.elementor-slides .swiper-slide-inner{padding:30px}.elementor-slides .swiper-slide-inner .elementor-slide-heading{font-size:23px;line-height:1;margin-bottom:15px}.elementor-slides .swiper-slide-inner .elementor-slide-description{font-size:13px;line-height:1.4;margin-bottom:15px}}<\/style>\t\t<div class=\"elementor-swiper\">\n\t\t\t<div class=\"elementor-slides-wrapper elementor-main-swiper swiper\" dir=\"ltr\" data-animation=\"fadeInUp\">\n\t\t\t\t<div class=\"swiper-wrapper elementor-slides\">\n\t\t\t\t\t\t\t\t\t\t<div class=\"elementor-repeater-item-a31e96a swiper-slide\"><div class=\"swiper-slide-bg elementor-ken-burns elementor-ken-burns--in\" role=\"img\"><\/div><div class=\"elementor-background-overlay\"><\/div><div class=\"swiper-slide-inner\" ><div class=\"swiper-slide-contents\"><div class=\"elementor-slide-heading\">Gradua\u00e7\u00e3o em Teologia<\/div><div class=\"elementor-slide-description\">Faculdade Luterana Conc\u00f3rdia S\u00e3o Leopoldo<\/div><\/div><\/div><\/div><div class=\"elementor-repeater-item-2df0d87 swiper-slide\"><div class=\"swiper-slide-bg elementor-ken-burns elementor-ken-burns--in\" role=\"img\"><\/div><div class=\"elementor-background-overlay\"><\/div><div class=\"swiper-slide-inner\" ><div class=\"swiper-slide-contents\"><\/div><\/div><\/div>\t\t\t\t<\/div>\n\t\t\t\t\t\t\t\t\t\t\t\t\t\t\t\t\t\t\t\t\t<\/div>\n\t\t<\/div>\n\t\t\t\t<\/div>\n\t\t\t\t<\/div>\n\t\t\t\t\t<\/div>\n\t\t<\/div>\n\t\t\t\t\t\t\t<\/div>\n\t\t<\/section>\n\t\t\t\t<section class=\"elementor-section elementor-top-section elementor-element elementor-element-762ac5f elementor-section-content-middle elementor-section-boxed elementor-section-height-default elementor-section-height-default\" data-id=\"762ac5f\" data-element_type=\"section\" data-settings=\"{&quot;background_background&quot;:&quot;classic&quot;}\">\n\t\t\t\t\t\t<div class=\"elementor-container elementor-column-gap-no\">\n\t\t\t\t\t<div class=\"elementor-column elementor-col-50 elementor-top-column elementor-element elementor-element-c628a07\" data-id=\"c628a07\" data-element_type=\"column\">\n\t\t\t<div class=\"elementor-widget-wrap elementor-element-populated\">\n\t\t\t\t\t\t\t\t<div class=\"elementor-element elementor-element-d907e2d elementor-invisible elementor-widget elementor-widget-heading\" data-id=\"d907e2d\" data-element_type=\"widget\" data-settings=\"{&quot;_animation&quot;:&quot;fadeInDown&quot;}\" data-widget_type=\"heading.default\">\n\t\t\t\t<div class=\"elementor-widget-container\">\n\t\t\t<style>\/*! elementor - v3.14.0 - 26-06-2023 *\/\n.elementor-heading-title{padding:0;margin:0;line-height:1}.elementor-widget-heading .elementor-heading-title[class*=elementor-size-]>a{color:inherit;font-size:inherit;line-height:inherit}.elementor-widget-heading .elementor-heading-title.elementor-size-small{font-size:15px}.elementor-widget-heading .elementor-heading-title.elementor-size-medium{font-size:19px}.elementor-widget-heading .elementor-heading-title.elementor-size-large{font-size:29px}.elementor-widget-heading .elementor-heading-title.elementor-size-xl{font-size:39px}.elementor-widget-heading .elementor-heading-title.elementor-size-xxl{font-size:59px}<\/style><h6 class=\"elementor-heading-title elementor-size-default\">sobre o curso<\/h6>\t\t<\/div>\n\t\t\t\t<\/div>\n\t\t\t\t<div class=\"elementor-element elementor-element-7fcfaac elementor-invisible elementor-widget elementor-widget-heading\" data-id=\"7fcfaac\" data-element_type=\"widget\" data-settings=\"{&quot;_animation&quot;:&quot;fadeInUp&quot;}\" data-widget_type=\"heading.default\">\n\t\t\t\t<div class=\"elementor-widget-container\">\n\t\t\t<h5 class=\"elementor-heading-title elementor-size-default\">Gradua\u00e7\u00e3o <br> em Teologia<\/h5>\t\t<\/div>\n\t\t\t\t<\/div>\n\t\t\t\t<div class=\"elementor-element elementor-element-efcdcc9 elementor-widget elementor-widget-text-editor\" data-id=\"efcdcc9\" data-element_type=\"widget\" data-widget_type=\"text-editor.default\">\n\t\t\t\t<div class=\"elementor-widget-container\">\n\t\t\t<style>\/*! elementor - v3.14.0 - 26-06-2023 *\/\n.elementor-widget-text-editor.elementor-drop-cap-view-stacked .elementor-drop-cap{background-color:#69727d;color:#fff}.elementor-widget-text-editor.elementor-drop-cap-view-framed .elementor-drop-cap{color:#69727d;border:3px solid;background-color:transparent}.elementor-widget-text-editor:not(.elementor-drop-cap-view-default) .elementor-drop-cap{margin-top:8px}.elementor-widget-text-editor:not(.elementor-drop-cap-view-default) .elementor-drop-cap-letter{width:1em;height:1em}.elementor-widget-text-editor .elementor-drop-cap{float:left;text-align:center;line-height:1;font-size:50px}.elementor-widget-text-editor .elementor-drop-cap-letter{display:inline-block}<\/style>\t\t\t\t<p><span style=\"font-weight: 400;\">O Curso de Bacharelado em Teologia da Faculdade Luterana parte dos ensinos da B\u00edblia Sagrada como narrativa fundante da institui\u00e7\u00e3o e, em di\u00e1logo com outras ci\u00eancias, visa formar profissionais com conhecimentos teol\u00f3gicos e habilidades t\u00e9cnico-cient\u00edficas para contribuir no desenvolvimento espiritual, social e educacional da sociedade, em conson\u00e2ncia com os princ\u00edpios que norteiam a filosofia de ensino superior e as exig\u00eancias da sociedade em transforma\u00e7\u00e3o.<\/span><\/p>\t\t\t\t\t\t<\/div>\n\t\t\t\t<\/div>\n\t\t\t\t\t<\/div>\n\t\t<\/div>\n\t\t\t\t<div class=\"elementor-column elementor-col-50 elementor-top-column elementor-element elementor-element-5679bd8\" data-id=\"5679bd8\" data-element_type=\"column\">\n\t\t\t<div class=\"elementor-widget-wrap elementor-element-populated\">\n\t\t\t\t\t\t\t\t<div class=\"elementor-element elementor-element-aedf034 elementor-widget elementor-widget-text-editor\" data-id=\"aedf034\" data-element_type=\"widget\" data-widget_type=\"text-editor.default\">\n\t\t\t\t<div class=\"elementor-widget-container\">\n\t\t\t\t\t\t\t<h5><b>Modalidades de acesso ao Curso de Teologia<\/b><\/h5><p><span style=\"font-weight: 400;\">O ingresso no curso de Bacharelado em Teologia da Faculdade Luterana Conc\u00f3rdia se dar\u00e1 por meio de tr\u00eas modalidades:<\/span><\/p>\t\t\t\t\t\t<\/div>\n\t\t\t\t<\/div>\n\t\t\t\t<div class=\"elementor-element elementor-element-a8b3ea2 elementor-widget elementor-widget-toggle\" data-id=\"a8b3ea2\" data-element_type=\"widget\" data-widget_type=\"toggle.default\">\n\t\t\t\t<div class=\"elementor-widget-container\">\n\t\t\t<style>\/*! elementor - v3.14.0 - 26-06-2023 *\/\n.elementor-toggle{text-align:left}.elementor-toggle .elementor-tab-title{font-weight:700;line-height:1;margin:0;padding:15px;border-bottom:1px solid #d5d8dc;cursor:pointer;outline:none}.elementor-toggle .elementor-tab-title .elementor-toggle-icon{display:inline-block;width:1em}.elementor-toggle .elementor-tab-title .elementor-toggle-icon svg{-webkit-margin-start:-5px;margin-inline-start:-5px;width:1em;height:1em}.elementor-toggle .elementor-tab-title .elementor-toggle-icon.elementor-toggle-icon-right{float:right;text-align:right}.elementor-toggle .elementor-tab-title .elementor-toggle-icon.elementor-toggle-icon-left{float:left;text-align:left}.elementor-toggle .elementor-tab-title .elementor-toggle-icon .elementor-toggle-icon-closed{display:block}.elementor-toggle .elementor-tab-title .elementor-toggle-icon .elementor-toggle-icon-opened{display:none}.elementor-toggle .elementor-tab-title.elementor-active{border-bottom:none}.elementor-toggle .elementor-tab-title.elementor-active .elementor-toggle-icon-closed{display:none}.elementor-toggle .elementor-tab-title.elementor-active .elementor-toggle-icon-opened{display:block}.elementor-toggle .elementor-tab-content{padding:15px;border-bottom:1px solid #d5d8dc;display:none}@media (max-width:767px){.elementor-toggle .elementor-tab-title{padding:12px}.elementor-toggle .elementor-tab-content{padding:12px 10px}}.e-con-inner>.elementor-widget-toggle,.e-con>.elementor-widget-toggle{width:var(--container-widget-width);--flex-grow:var(--container-widget-flex-grow)}<\/style>\t\t<div class=\"elementor-toggle\">\n\t\t\t\t\t\t\t<div class=\"elementor-toggle-item\">\n\t\t\t\t\t<div id=\"elementor-tab-title-1761\" class=\"elementor-tab-title\" data-tab=\"1\" role=\"button\" aria-controls=\"elementor-tab-content-1761\" aria-expanded=\"false\">\n\t\t\t\t\t\t\t\t\t\t\t\t<span class=\"elementor-toggle-icon elementor-toggle-icon-right\" aria-hidden=\"true\">\n\t\t\t\t\t\t\t\t\t\t\t\t\t\t\t<span class=\"elementor-toggle-icon-closed\"><i class=\"fas fa-caret-right\"><\/i><\/span>\n\t\t\t\t\t\t\t\t<span class=\"elementor-toggle-icon-opened\"><i class=\"elementor-toggle-icon-opened fas fa-caret-up\"><\/i><\/span>\n\t\t\t\t\t\t\t\t\t\t\t\t\t<\/span>\n\t\t\t\t\t\t\t\t\t\t\t\t<a class=\"elementor-toggle-title\" tabindex=\"0\">Modalidade 1<\/a>\n\t\t\t\t\t<\/div>\n\n\t\t\t\t\t<div id=\"elementor-tab-content-1761\" class=\"elementor-tab-content elementor-clearfix\" data-tab=\"1\" role=\"region\" aria-labelledby=\"elementor-tab-title-1761\"><p>Prova de Reda\u00e7\u00e3o Presencial<\/p><\/div>\n\t\t\t\t<\/div>\n\t\t\t\t\t\t\t<div class=\"elementor-toggle-item\">\n\t\t\t\t\t<div id=\"elementor-tab-title-1762\" class=\"elementor-tab-title\" data-tab=\"2\" role=\"button\" aria-controls=\"elementor-tab-content-1762\" aria-expanded=\"false\">\n\t\t\t\t\t\t\t\t\t\t\t\t<span class=\"elementor-toggle-icon elementor-toggle-icon-right\" aria-hidden=\"true\">\n\t\t\t\t\t\t\t\t\t\t\t\t\t\t\t<span class=\"elementor-toggle-icon-closed\"><i class=\"fas fa-caret-right\"><\/i><\/span>\n\t\t\t\t\t\t\t\t<span class=\"elementor-toggle-icon-opened\"><i class=\"elementor-toggle-icon-opened fas fa-caret-up\"><\/i><\/span>\n\t\t\t\t\t\t\t\t\t\t\t\t\t<\/span>\n\t\t\t\t\t\t\t\t\t\t\t\t<a class=\"elementor-toggle-title\" tabindex=\"0\">Modalidade 2<\/a>\n\t\t\t\t\t<\/div>\n\n\t\t\t\t\t<div id=\"elementor-tab-content-1762\" class=\"elementor-tab-content elementor-clearfix\" data-tab=\"2\" role=\"region\" aria-labelledby=\"elementor-tab-title-1762\"><p>\u00a0Ingresso como Graduado<\/p><\/div>\n\t\t\t\t<\/div>\n\t\t\t\t\t\t\t<div class=\"elementor-toggle-item\">\n\t\t\t\t\t<div id=\"elementor-tab-title-1763\" class=\"elementor-tab-title\" data-tab=\"3\" role=\"button\" aria-controls=\"elementor-tab-content-1763\" aria-expanded=\"false\">\n\t\t\t\t\t\t\t\t\t\t\t\t<span class=\"elementor-toggle-icon elementor-toggle-icon-right\" aria-hidden=\"true\">\n\t\t\t\t\t\t\t\t\t\t\t\t\t\t\t<span class=\"elementor-toggle-icon-closed\"><i class=\"fas fa-caret-right\"><\/i><\/span>\n\t\t\t\t\t\t\t\t<span class=\"elementor-toggle-icon-opened\"><i class=\"elementor-toggle-icon-opened fas fa-caret-up\"><\/i><\/span>\n\t\t\t\t\t\t\t\t\t\t\t\t\t<\/span>\n\t\t\t\t\t\t\t\t\t\t\t\t<a class=\"elementor-toggle-title\" tabindex=\"0\">Modalidade 3<\/a>\n\t\t\t\t\t<\/div>\n\n\t\t\t\t\t<div id=\"elementor-tab-content-1763\" class=\"elementor-tab-content elementor-clearfix\" data-tab=\"3\" role=\"region\" aria-labelledby=\"elementor-tab-title-1763\"><p>Transfer\u00eancia de outro curso de Teologia (autorizado pelo MEC)<\/p><\/div>\n\t\t\t\t<\/div>\n\t\t\t\t\t\t\t\t<\/div>\n\t\t\t\t<\/div>\n\t\t\t\t<\/div>\n\t\t\t\t\t<\/div>\n\t\t<\/div>\n\t\t\t\t\t\t\t<\/div>\n\t\t<\/section>\n\t\t\t\t<section class=\"elementor-section elementor-top-section elementor-element elementor-element-8b2765a elementor-section-boxed elementor-section-height-default elementor-section-height-default\" data-id=\"8b2765a\" data-element_type=\"section\">\n\t\t\t\t\t\t<div class=\"elementor-container elementor-column-gap-default\">\n\t\t\t\t\t<div class=\"elementor-column elementor-col-50 elementor-top-column elementor-element elementor-element-7691beb\" data-id=\"7691beb\" data-element_type=\"column\">\n\t\t\t<div class=\"elementor-widget-wrap elementor-element-populated\">\n\t\t\t\t\t\t\t\t<div class=\"elementor-element elementor-element-3e31d78 elementor-invisible elementor-widget elementor-widget-heading\" data-id=\"3e31d78\" data-element_type=\"widget\" data-settings=\"{&quot;_animation&quot;:&quot;fadeInDown&quot;}\" data-widget_type=\"heading.default\">\n\t\t\t\t<div class=\"elementor-widget-container\">\n\t\t\t<h6 class=\"elementor-heading-title elementor-size-default\">nossa gradua\u00e7\u00e3o<\/h6>\t\t<\/div>\n\t\t\t\t<\/div>\n\t\t\t\t<div class=\"elementor-element elementor-element-19abaca elementor-invisible elementor-widget elementor-widget-heading\" data-id=\"19abaca\" data-element_type=\"widget\" data-settings=\"{&quot;_animation&quot;:&quot;fadeInUp&quot;}\" data-widget_type=\"heading.default\">\n\t\t\t\t<div class=\"elementor-widget-container\">\n\t\t\t<h5 class=\"elementor-heading-title elementor-size-default\">Caracter\u00edsticas<\/h5>\t\t<\/div>\n\t\t\t\t<\/div>\n\t\t\t\t<div class=\"elementor-element elementor-element-7053eca elementor-widget elementor-widget-text-editor\" data-id=\"7053eca\" data-element_type=\"widget\" data-widget_type=\"text-editor.default\">\n\t\t\t\t<div class=\"elementor-widget-container\">\n\t\t\t\t\t\t\t<p><span style=\"font-weight: 400;\">O Curso de Bacharelado em Teologia da Faculdade Luterana ter\u00e1 como caracter\u00edstica geral o hibridismo, tanto em sua estrutura quanto em algumas de suas disciplinas individualmente. As disciplinas ser\u00e3o oferecidas majoritariamente na modalidade presencial, contudo, tamb\u00e9m haver\u00e1 oferta de disciplinas na modalidade a dist\u00e2ncia, inicialmente atrav\u00e9s da plataforma do Google Classroom e h\u00edbridas. Por sistema h\u00edbrido em rela\u00e7\u00e3o \u00e0s disciplinas, entendemos que a oferta inclui aulas presenciais, pr\u00e1ticas comunit\u00e1rias e encontros s\u00edncronos.<\/span><\/p>\t\t\t\t\t\t<\/div>\n\t\t\t\t<\/div>\n\t\t\t\t\t<\/div>\n\t\t<\/div>\n\t\t\t\t<div class=\"elementor-column elementor-col-50 elementor-top-column elementor-element elementor-element-5750beb\" data-id=\"5750beb\" data-element_type=\"column\">\n\t\t\t<div class=\"elementor-widget-wrap elementor-element-populated\">\n\t\t\t\t\t\t\t\t<div class=\"elementor-element elementor-element-3c98ade elementor-widget elementor-widget-toggle\" data-id=\"3c98ade\" data-element_type=\"widget\" data-widget_type=\"toggle.default\">\n\t\t\t\t<div class=\"elementor-widget-container\">\n\t\t\t\t\t<div class=\"elementor-toggle\">\n\t\t\t\t\t\t\t<div class=\"elementor-toggle-item\">\n\t\t\t\t\t<div id=\"elementor-tab-title-6351\" class=\"elementor-tab-title\" data-tab=\"1\" role=\"button\" aria-controls=\"elementor-tab-content-6351\" aria-expanded=\"false\">\n\t\t\t\t\t\t\t\t\t\t\t\t<span class=\"elementor-toggle-icon elementor-toggle-icon-right\" aria-hidden=\"true\">\n\t\t\t\t\t\t\t\t\t\t\t\t\t\t\t<span class=\"elementor-toggle-icon-closed\"><i class=\"fas fa-caret-right\"><\/i><\/span>\n\t\t\t\t\t\t\t\t<span class=\"elementor-toggle-icon-opened\"><i class=\"elementor-toggle-icon-opened fas fa-caret-up\"><\/i><\/span>\n\t\t\t\t\t\t\t\t\t\t\t\t\t<\/span>\n\t\t\t\t\t\t\t\t\t\t\t\t<a class=\"elementor-toggle-title\" tabindex=\"0\">Denomina\u00e7\u00e3o<\/a>\n\t\t\t\t\t<\/div>\n\n\t\t\t\t\t<div id=\"elementor-tab-content-6351\" class=\"elementor-tab-content elementor-clearfix\" data-tab=\"1\" role=\"region\" aria-labelledby=\"elementor-tab-title-6351\"><p><span style=\"font-weight: 400;\">Bacharelado em Teologia.<\/span><\/p><\/div>\n\t\t\t\t<\/div>\n\t\t\t\t\t\t\t<div class=\"elementor-toggle-item\">\n\t\t\t\t\t<div id=\"elementor-tab-title-6352\" class=\"elementor-tab-title\" data-tab=\"2\" role=\"button\" aria-controls=\"elementor-tab-content-6352\" aria-expanded=\"false\">\n\t\t\t\t\t\t\t\t\t\t\t\t<span class=\"elementor-toggle-icon elementor-toggle-icon-right\" aria-hidden=\"true\">\n\t\t\t\t\t\t\t\t\t\t\t\t\t\t\t<span class=\"elementor-toggle-icon-closed\"><i class=\"fas fa-caret-right\"><\/i><\/span>\n\t\t\t\t\t\t\t\t<span class=\"elementor-toggle-icon-opened\"><i class=\"elementor-toggle-icon-opened fas fa-caret-up\"><\/i><\/span>\n\t\t\t\t\t\t\t\t\t\t\t\t\t<\/span>\n\t\t\t\t\t\t\t\t\t\t\t\t<a class=\"elementor-toggle-title\" tabindex=\"0\">Grau Conferido<\/a>\n\t\t\t\t\t<\/div>\n\n\t\t\t\t\t<div id=\"elementor-tab-content-6352\" class=\"elementor-tab-content elementor-clearfix\" data-tab=\"2\" role=\"region\" aria-labelledby=\"elementor-tab-title-6352\"><p><span style=\"font-weight: 400;\">Bacharelado.<\/span><\/p><\/div>\n\t\t\t\t<\/div>\n\t\t\t\t\t\t\t<div class=\"elementor-toggle-item\">\n\t\t\t\t\t<div id=\"elementor-tab-title-6353\" class=\"elementor-tab-title\" data-tab=\"3\" role=\"button\" aria-controls=\"elementor-tab-content-6353\" aria-expanded=\"false\">\n\t\t\t\t\t\t\t\t\t\t\t\t<span class=\"elementor-toggle-icon elementor-toggle-icon-right\" aria-hidden=\"true\">\n\t\t\t\t\t\t\t\t\t\t\t\t\t\t\t<span class=\"elementor-toggle-icon-closed\"><i class=\"fas fa-caret-right\"><\/i><\/span>\n\t\t\t\t\t\t\t\t<span class=\"elementor-toggle-icon-opened\"><i class=\"elementor-toggle-icon-opened fas fa-caret-up\"><\/i><\/span>\n\t\t\t\t\t\t\t\t\t\t\t\t\t<\/span>\n\t\t\t\t\t\t\t\t\t\t\t\t<a class=\"elementor-toggle-title\" tabindex=\"0\">Titula\u00e7\u00e3o Conferida<\/a>\n\t\t\t\t\t<\/div>\n\n\t\t\t\t\t<div id=\"elementor-tab-content-6353\" class=\"elementor-tab-content elementor-clearfix\" data-tab=\"3\" role=\"region\" aria-labelledby=\"elementor-tab-title-6353\"><p><span style=\"font-weight: 400;\">Bacharel em Teologia<\/span><\/p><\/div>\n\t\t\t\t<\/div>\n\t\t\t\t\t\t\t<div class=\"elementor-toggle-item\">\n\t\t\t\t\t<div id=\"elementor-tab-title-6354\" class=\"elementor-tab-title\" data-tab=\"4\" role=\"button\" aria-controls=\"elementor-tab-content-6354\" aria-expanded=\"false\">\n\t\t\t\t\t\t\t\t\t\t\t\t<span class=\"elementor-toggle-icon elementor-toggle-icon-right\" aria-hidden=\"true\">\n\t\t\t\t\t\t\t\t\t\t\t\t\t\t\t<span class=\"elementor-toggle-icon-closed\"><i class=\"fas fa-caret-right\"><\/i><\/span>\n\t\t\t\t\t\t\t\t<span class=\"elementor-toggle-icon-opened\"><i class=\"elementor-toggle-icon-opened fas fa-caret-up\"><\/i><\/span>\n\t\t\t\t\t\t\t\t\t\t\t\t\t<\/span>\n\t\t\t\t\t\t\t\t\t\t\t\t<a class=\"elementor-toggle-title\" tabindex=\"0\">Tempo de Integraliza\u00e7\u00e3o<\/a>\n\t\t\t\t\t<\/div>\n\n\t\t\t\t\t<div id=\"elementor-tab-content-6354\" class=\"elementor-tab-content elementor-clearfix\" data-tab=\"4\" role=\"region\" aria-labelledby=\"elementor-tab-title-6354\"><p><span style=\"font-weight: 400;\">M\u00ednimo de 07 semestres (3,5 anos e meio) e m\u00e1ximo de 12 semestres (6 anos).<\/span><\/p><\/div>\n\t\t\t\t<\/div>\n\t\t\t\t\t\t\t<div class=\"elementor-toggle-item\">\n\t\t\t\t\t<div id=\"elementor-tab-title-6355\" class=\"elementor-tab-title\" data-tab=\"5\" role=\"button\" aria-controls=\"elementor-tab-content-6355\" aria-expanded=\"false\">\n\t\t\t\t\t\t\t\t\t\t\t\t<span class=\"elementor-toggle-icon elementor-toggle-icon-right\" aria-hidden=\"true\">\n\t\t\t\t\t\t\t\t\t\t\t\t\t\t\t<span class=\"elementor-toggle-icon-closed\"><i class=\"fas fa-caret-right\"><\/i><\/span>\n\t\t\t\t\t\t\t\t<span class=\"elementor-toggle-icon-opened\"><i class=\"elementor-toggle-icon-opened fas fa-caret-up\"><\/i><\/span>\n\t\t\t\t\t\t\t\t\t\t\t\t\t<\/span>\n\t\t\t\t\t\t\t\t\t\t\t\t<a class=\"elementor-toggle-title\" tabindex=\"0\">Carga Hor\u00e1ria Total<\/a>\n\t\t\t\t\t<\/div>\n\n\t\t\t\t\t<div id=\"elementor-tab-content-6355\" class=\"elementor-tab-content elementor-clearfix\" data-tab=\"5\" role=\"region\" aria-labelledby=\"elementor-tab-title-6355\"><p><span style=\"font-weight: 400;\">3.170 horas.<\/span><\/p><\/div>\n\t\t\t\t<\/div>\n\t\t\t\t\t\t\t<div class=\"elementor-toggle-item\">\n\t\t\t\t\t<div id=\"elementor-tab-title-6356\" class=\"elementor-tab-title\" data-tab=\"6\" role=\"button\" aria-controls=\"elementor-tab-content-6356\" aria-expanded=\"false\">\n\t\t\t\t\t\t\t\t\t\t\t\t<span class=\"elementor-toggle-icon elementor-toggle-icon-right\" aria-hidden=\"true\">\n\t\t\t\t\t\t\t\t\t\t\t\t\t\t\t<span class=\"elementor-toggle-icon-closed\"><i class=\"fas fa-caret-right\"><\/i><\/span>\n\t\t\t\t\t\t\t\t<span class=\"elementor-toggle-icon-opened\"><i class=\"elementor-toggle-icon-opened fas fa-caret-up\"><\/i><\/span>\n\t\t\t\t\t\t\t\t\t\t\t\t\t<\/span>\n\t\t\t\t\t\t\t\t\t\t\t\t<a class=\"elementor-toggle-title\" tabindex=\"0\">Modalidade e Turno de Oferta<\/a>\n\t\t\t\t\t<\/div>\n\n\t\t\t\t\t<div id=\"elementor-tab-content-6356\" class=\"elementor-tab-content elementor-clearfix\" data-tab=\"6\" role=\"region\" aria-labelledby=\"elementor-tab-title-6356\"><p>Presencial \u2013 Turno Diurno (matutino).<\/p><\/div>\n\t\t\t\t<\/div>\n\t\t\t\t\t\t\t\t<\/div>\n\t\t\t\t<\/div>\n\t\t\t\t<\/div>\n\t\t\t\t\t<\/div>\n\t\t<\/div>\n\t\t\t\t\t\t\t<\/div>\n\t\t<\/section>\n\t\t\t\t<section class=\"elementor-section elementor-top-section elementor-element elementor-element-e6c320f elementor-section-boxed elementor-section-height-default elementor-section-height-default\" data-id=\"e6c320f\" data-element_type=\"section\" data-settings=\"{&quot;background_background&quot;:&quot;classic&quot;}\">\n\t\t\t\t\t\t<div class=\"elementor-container elementor-column-gap-default\">\n\t\t\t\t\t<div class=\"elementor-column elementor-col-100 elementor-top-column elementor-element elementor-element-20cc75c\" data-id=\"20cc75c\" data-element_type=\"column\">\n\t\t\t<div class=\"elementor-widget-wrap elementor-element-populated\">\n\t\t\t\t\t\t\t\t<div class=\"elementor-element elementor-element-6abda81 elementor-view-default elementor-invisible elementor-widget elementor-widget-icon\" data-id=\"6abda81\" data-element_type=\"widget\" data-settings=\"{&quot;_animation&quot;:&quot;fadeInDown&quot;}\" data-widget_type=\"icon.default\">\n\t\t\t\t<div class=\"elementor-widget-container\">\n\t\t\t\t\t<div class=\"elementor-icon-wrapper\">\n\t\t\t<div class=\"elementor-icon\">\n\t\t\t<i aria-hidden=\"true\" class=\"fas fa-angle-down\"><\/i>\t\t\t<\/div>\n\t\t<\/div>\n\t\t\t\t<\/div>\n\t\t\t\t<\/div>\n\t\t\t\t<div class=\"elementor-element elementor-element-94febeb elementor-invisible elementor-widget elementor-widget-heading\" data-id=\"94febeb\" data-element_type=\"widget\" data-settings=\"{&quot;_animation&quot;:&quot;fadeInUp&quot;}\" data-widget_type=\"heading.default\">\n\t\t\t\t<div class=\"elementor-widget-container\">\n\t\t\t<h5 class=\"elementor-heading-title elementor-size-default\">Objetivos Espec\u00edficos<\/h5>\t\t<\/div>\n\t\t\t\t<\/div>\n\t\t\t\t<div class=\"elementor-element elementor-element-fe7ce1e elementor-widget elementor-widget-text-editor\" data-id=\"fe7ce1e\" data-element_type=\"widget\" data-widget_type=\"text-editor.default\">\n\t\t\t\t<div class=\"elementor-widget-container\">\n\t\t\t\t\t\t\t<p><span style=\"font-weight: 400;\">Este curso de Bacharelado em Teologia oferece uma base s\u00f3lida para aqueles que desejam explorar e servir no campo da teologia e da lideran\u00e7a religiosa, seguindo os princ\u00edpios e valores crist\u00e3os.<\/span><\/p>\t\t\t\t\t\t<\/div>\n\t\t\t\t<\/div>\n\t\t\t\t\t<\/div>\n\t\t<\/div>\n\t\t\t\t\t\t\t<\/div>\n\t\t<\/section>\n\t\t\t\t<section class=\"elementor-section elementor-top-section elementor-element elementor-element-2819c8a elementor-section-boxed elementor-section-height-default elementor-section-height-default\" data-id=\"2819c8a\" data-element_type=\"section\" data-settings=\"{&quot;background_background&quot;:&quot;classic&quot;}\">\n\t\t\t\t\t\t<div class=\"elementor-container elementor-column-gap-default\">\n\t\t\t\t\t<div class=\"elementor-column elementor-col-50 elementor-top-column elementor-element elementor-element-a2df848\" data-id=\"a2df848\" data-element_type=\"column\">\n\t\t\t<div class=\"elementor-widget-wrap elementor-element-populated\">\n\t\t\t\t\t\t\t\t<div class=\"elementor-element elementor-element-881a3ce elementor-widget elementor-widget-text-editor\" data-id=\"881a3ce\" data-element_type=\"widget\" data-widget_type=\"text-editor.default\">\n\t\t\t\t<div class=\"elementor-widget-container\">\n\t\t\t\t\t\t\t<ul><li style=\"font-weight: 400;\" aria-level=\"1\"><span style=\"font-weight: 400;\">Desenvolver habilidades para compreender, interpretar e comunicar textos fundamentais da tradi\u00e7\u00e3o crist\u00e3, contextualizando-os na realidade contempor\u00e2nea.<\/span><\/li><li style=\"font-weight: 400;\" aria-level=\"1\"><span style=\"font-weight: 400;\">Capacitar os estudantes para liderar e administrar comunidades religiosas, conduzir liturgias e transmitir a mensagem b\u00edblica.<\/span><\/li><\/ul><ul><li style=\"font-weight: 400;\" aria-level=\"1\"><span style=\"font-weight: 400;\">Preparar para a capelania, fornecendo habilidades para aconselhamento e apoio espiritual em diversas institui\u00e7\u00f5es, como hospitais e escolas.<\/span><\/li><li><span style=\"font-weight: 400;\">Formar l\u00edderes religiosos capazes de identificar e abordar quest\u00f5es contempor\u00e2neas relacionadas \u00e0 pr\u00e1tica religiosa.<\/span><\/li><\/ul>\t\t\t\t\t\t<\/div>\n\t\t\t\t<\/div>\n\t\t\t\t\t<\/div>\n\t\t<\/div>\n\t\t\t\t<div class=\"elementor-column elementor-col-50 elementor-top-column elementor-element elementor-element-e711838\" data-id=\"e711838\" data-element_type=\"column\">\n\t\t\t<div class=\"elementor-widget-wrap elementor-element-populated\">\n\t\t\t\t\t\t\t\t<div class=\"elementor-element elementor-element-2758502 elementor-widget elementor-widget-text-editor\" data-id=\"2758502\" data-element_type=\"widget\" data-widget_type=\"text-editor.default\">\n\t\t\t\t<div class=\"elementor-widget-container\">\n\t\t\t\t\t\t\t<ul><li><span style=\"font-weight: 400;\">Capacitar para o ensino religioso em diferentes n\u00edveis de educa\u00e7\u00e3o.<\/span><\/li><li style=\"font-weight: 400;\" aria-level=\"1\"><span style=\"font-weight: 400;\">Desenvolver compet\u00eancias para projetos de desenvolvimento de comunidades religiosas e programas socioeducativos, incluindo treinamento de pessoas para atividades de evangeliza\u00e7\u00e3o.<\/span><\/li><\/ul><ul><li style=\"font-weight: 400;\" aria-level=\"1\"><span style=\"font-weight: 400;\">Habilitar para o planejamento e desenvolvimento de atividades religiosas, promovendo o crescimento humano e \u00e9tico.<\/span><\/li><\/ul><ul><li style=\"font-weight: 400;\" aria-level=\"1\"><span style=\"font-weight: 400;\">Promover a pesquisa teol\u00f3gica, contribuindo para o conhecimento cient\u00edfico e cultural na \u00e1rea.<\/span><\/li><\/ul><ul><li style=\"font-weight: 400;\" aria-level=\"1\"><span style=\"font-weight: 400;\">Capacitar para a investiga\u00e7\u00e3o cient\u00edfica e aplica\u00e7\u00e3o de metodologias de pesquisa teol\u00f3gica.<\/span><\/li><\/ul>\t\t\t\t\t\t<\/div>\n\t\t\t\t<\/div>\n\t\t\t\t\t<\/div>\n\t\t<\/div>\n\t\t\t\t\t\t\t<\/div>\n\t\t<\/section>\n\t\t\t\t<section class=\"elementor-section elementor-top-section elementor-element elementor-element-0e2397f elementor-section-full_width elementor-section-height-default elementor-section-height-default\" data-id=\"0e2397f\" data-element_type=\"section\" data-settings=\"{&quot;shape_divider_bottom&quot;:&quot;mountains&quot;,&quot;motion_fx_motion_fx_scrolling&quot;:&quot;yes&quot;,&quot;motion_fx_scale_effect&quot;:&quot;yes&quot;,&quot;motion_fx_scale_speed&quot;:{&quot;unit&quot;:&quot;px&quot;,&quot;size&quot;:2,&quot;sizes&quot;:[]},&quot;motion_fx_devices&quot;:[&quot;desktop&quot;],&quot;background_background&quot;:&quot;classic&quot;,&quot;motion_fx_scale_direction&quot;:&quot;out-in&quot;,&quot;motion_fx_scale_range&quot;:{&quot;unit&quot;:&quot;%&quot;,&quot;size&quot;:&quot;&quot;,&quot;sizes&quot;:{&quot;start&quot;:20,&quot;end&quot;:80}}}\">\n\t\t\t\t\t<div class=\"elementor-shape elementor-shape-bottom\" data-negative=\"false\">\n\t\t\t<svg xmlns=\"http:\/\/www.w3.org\/2000\/svg\" viewBox=\"0 0 1000 100\" preserveAspectRatio=\"none\">\n\t<path class=\"elementor-shape-fill\" opacity=\"0.33\" d=\"M473,67.3c-203.9,88.3-263.1-34-320.3,0C66,119.1,0,59.7,0,59.7V0h1000v59.7 c0,0-62.1,26.1-94.9,29.3c-32.8,3.3-62.8-12.3-75.8-22.1C806,49.6,745.3,8.7,694.9,4.7S492.4,59,473,67.3z\"\/>\n\t<path class=\"elementor-shape-fill\" opacity=\"0.66\" d=\"M734,67.3c-45.5,0-77.2-23.2-129.1-39.1c-28.6-8.7-150.3-10.1-254,39.1 s-91.7-34.4-149.2,0C115.7,118.3,0,39.8,0,39.8V0h1000v36.5c0,0-28.2-18.5-92.1-18.5C810.2,18.1,775.7,67.3,734,67.3z\"\/>\n\t<path class=\"elementor-shape-fill\" d=\"M766.1,28.9c-200-57.5-266,65.5-395.1,19.5C242,1.8,242,5.4,184.8,20.6C128,35.8,132.3,44.9,89.9,52.5C28.6,63.7,0,0,0,0 h1000c0,0-9.9,40.9-83.6,48.1S829.6,47,766.1,28.9z\"\/>\n<\/svg>\t\t<\/div>\n\t\t\t\t\t<div class=\"elementor-container elementor-column-gap-default\">\n\t\t\t\t\t<div class=\"elementor-column elementor-col-100 elementor-top-column elementor-element elementor-element-f891890\" data-id=\"f891890\" data-element_type=\"column\">\n\t\t\t<div class=\"elementor-widget-wrap elementor-element-populated\">\n\t\t\t\t\t\t\t\t<div class=\"elementor-element elementor-element-87272ee elementor--h-position-center elementor--v-position-middle elementor-arrows-position-inside elementor-widget elementor-widget-slides\" data-id=\"87272ee\" data-element_type=\"widget\" data-settings=\"{&quot;navigation&quot;:&quot;arrows&quot;,&quot;autoplay_speed&quot;:4000,&quot;autoplay&quot;:&quot;yes&quot;,&quot;infinite&quot;:&quot;yes&quot;,&quot;transition&quot;:&quot;slide&quot;,&quot;transition_speed&quot;:500}\" data-widget_type=\"slides.default\">\n\t\t\t\t<div class=\"elementor-widget-container\">\n\t\t\t\t\t<div class=\"elementor-swiper\">\n\t\t\t<div class=\"elementor-slides-wrapper elementor-main-swiper swiper\" dir=\"ltr\" data-animation=\"fadeInUp\">\n\t\t\t\t<div class=\"swiper-wrapper elementor-slides\">\n\t\t\t\t\t\t\t\t\t\t<div class=\"elementor-repeater-item-a31e96a swiper-slide\"><div class=\"swiper-slide-bg\" role=\"img\"><\/div><div class=\"elementor-background-overlay\"><\/div><div class=\"swiper-slide-inner\" ><div class=\"swiper-slide-contents\"><div class=\"elementor-slide-heading\">formamos profissionais comprometidos<\/div><div class=\"elementor-slide-description\">com a teologia crist\u00e3 e preparados para atuar em diversas \u00e1reas<\/div><\/div><\/div><\/div>\t\t\t\t<\/div>\n\t\t\t\t\t\t\t<\/div>\n\t\t<\/div>\n\t\t\t\t<\/div>\n\t\t\t\t<\/div>\n\t\t\t\t\t<\/div>\n\t\t<\/div>\n\t\t\t\t\t\t\t<\/div>\n\t\t<\/section>\n\t\t\t\t<section class=\"elementor-section elementor-top-section elementor-element elementor-element-18c8727 elementor-section-content-middle elementor-section-boxed elementor-section-height-default elementor-section-height-default\" data-id=\"18c8727\" data-element_type=\"section\" data-settings=\"{&quot;background_background&quot;:&quot;classic&quot;}\">\n\t\t\t\t\t\t<div class=\"elementor-container elementor-column-gap-no\">\n\t\t\t\t\t<div class=\"elementor-column elementor-col-50 elementor-top-column elementor-element elementor-element-8234634\" data-id=\"8234634\" data-element_type=\"column\">\n\t\t\t<div class=\"elementor-widget-wrap elementor-element-populated\">\n\t\t\t\t\t\t\t\t<div class=\"elementor-element elementor-element-d8c4c80 elementor-view-default elementor-invisible elementor-widget elementor-widget-icon\" data-id=\"d8c4c80\" data-element_type=\"widget\" data-settings=\"{&quot;_animation&quot;:&quot;fadeInDown&quot;}\" data-widget_type=\"icon.default\">\n\t\t\t\t<div class=\"elementor-widget-container\">\n\t\t\t\t\t<div class=\"elementor-icon-wrapper\">\n\t\t\t<div class=\"elementor-icon\">\n\t\t\t<i aria-hidden=\"true\" class=\"fas fa-angle-down\"><\/i>\t\t\t<\/div>\n\t\t<\/div>\n\t\t\t\t<\/div>\n\t\t\t\t<\/div>\n\t\t\t\t<div class=\"elementor-element elementor-element-1127a34 elementor-invisible elementor-widget elementor-widget-heading\" data-id=\"1127a34\" data-element_type=\"widget\" data-settings=\"{&quot;_animation&quot;:&quot;fadeInUp&quot;}\" data-widget_type=\"heading.default\">\n\t\t\t\t<div class=\"elementor-widget-container\">\n\t\t\t<h5 class=\"elementor-heading-title elementor-size-default\">Perfil Profissional do Egresso<\/h5>\t\t<\/div>\n\t\t\t\t<\/div>\n\t\t\t\t<div class=\"elementor-element elementor-element-88f0cd0 elementor-widget elementor-widget-text-editor\" data-id=\"88f0cd0\" data-element_type=\"widget\" data-widget_type=\"text-editor.default\">\n\t\t\t\t<div class=\"elementor-widget-container\">\n\t\t\t\t\t\t\t<p><span style=\"font-weight: 400;\">O Curso de Teologia na Faculdade Luterana Conc\u00f3rdia forma profissionais comprometidos com a teologia crist\u00e3 e preparados para atuar em diversas \u00e1reas.\u00a0 <\/span>O egresso desse curso apresentar\u00e1 as seguintes caracter\u00edsticas:<\/p>\t\t\t\t\t\t<\/div>\n\t\t\t\t<\/div>\n\t\t\t\t<div class=\"elementor-element elementor-element-11c0f02 elementor-widget elementor-widget-accordion\" data-id=\"11c0f02\" data-element_type=\"widget\" data-widget_type=\"accordion.default\">\n\t\t\t\t<div class=\"elementor-widget-container\">\n\t\t\t<style>\/*! elementor - v3.14.0 - 26-06-2023 *\/\n.elementor-accordion{text-align:left}.elementor-accordion .elementor-accordion-item{border:1px solid #d5d8dc}.elementor-accordion .elementor-accordion-item+.elementor-accordion-item{border-top:none}.elementor-accordion .elementor-tab-title{margin:0;padding:15px 20px;font-weight:700;line-height:1;cursor:pointer;outline:none}.elementor-accordion .elementor-tab-title .elementor-accordion-icon{display:inline-block;width:1.5em}.elementor-accordion .elementor-tab-title .elementor-accordion-icon svg{width:1em;height:1em}.elementor-accordion .elementor-tab-title .elementor-accordion-icon.elementor-accordion-icon-right{float:right;text-align:right}.elementor-accordion .elementor-tab-title .elementor-accordion-icon.elementor-accordion-icon-left{float:left;text-align:left}.elementor-accordion .elementor-tab-title .elementor-accordion-icon .elementor-accordion-icon-closed{display:block}.elementor-accordion .elementor-tab-title .elementor-accordion-icon .elementor-accordion-icon-opened,.elementor-accordion .elementor-tab-title.elementor-active .elementor-accordion-icon-closed{display:none}.elementor-accordion .elementor-tab-title.elementor-active .elementor-accordion-icon-opened{display:block}.elementor-accordion .elementor-tab-content{display:none;padding:15px 20px;border-top:1px solid #d5d8dc}@media (max-width:767px){.elementor-accordion .elementor-tab-title{padding:12px 15px}.elementor-accordion .elementor-tab-title .elementor-accordion-icon{width:1.2em}.elementor-accordion .elementor-tab-content{padding:7px 15px}}.e-con-inner>.elementor-widget-accordion,.e-con>.elementor-widget-accordion{width:var(--container-widget-width);--flex-grow:var(--container-widget-flex-grow)}<\/style>\t\t<div class=\"elementor-accordion\">\n\t\t\t\t\t\t\t<div class=\"elementor-accordion-item\">\n\t\t\t\t\t<div id=\"elementor-tab-title-1861\" class=\"elementor-tab-title\" data-tab=\"1\" role=\"button\" aria-controls=\"elementor-tab-content-1861\" aria-expanded=\"false\">\n\t\t\t\t\t\t\t\t\t\t\t\t\t<span class=\"elementor-accordion-icon elementor-accordion-icon-right\" aria-hidden=\"true\">\n\t\t\t\t\t\t\t\t\t\t\t\t\t\t\t<span class=\"elementor-accordion-icon-closed\"><i class=\"fas fa-caret-down\"><\/i><\/span>\n\t\t\t\t\t\t\t\t<span class=\"elementor-accordion-icon-opened\"><i class=\"fas fa-caret-up\"><\/i><\/span>\n\t\t\t\t\t\t\t\t\t\t\t\t\t\t<\/span>\n\t\t\t\t\t\t\t\t\t\t\t\t<a class=\"elementor-accordion-title\" tabindex=\"0\">Conhecimentos<\/a>\n\t\t\t\t\t<\/div>\n\t\t\t\t\t<div id=\"elementor-tab-content-1861\" class=\"elementor-tab-content elementor-clearfix\" data-tab=\"1\" role=\"region\" aria-labelledby=\"elementor-tab-title-1861\"><ul><li style=\"font-weight: 400;\" aria-level=\"1\"><span style=\"font-weight: 400;\">Ter\u00e1 uma s\u00f3lida compreens\u00e3o dos princ\u00edpios fundamentais da Teologia, incluindo Sistem\u00e1tica, B\u00edblica, Exeg\u00e9tica, Hist\u00f3rica e Pr\u00e1tica.<\/span><\/li><\/ul><p>\u00a0<\/p><ul><li style=\"font-weight: 400;\" aria-level=\"1\"><span style=\"font-weight: 400;\">Ser\u00e1 capaz de aplicar esse conhecimento nas ci\u00eancias sociais e humanas, contribuindo para a produ\u00e7\u00e3o cont\u00ednua de novos conhecimentos teol\u00f3gicos.<\/span><\/li><\/ul><p>\u00a0<\/p><ul><li style=\"font-weight: 400;\" aria-level=\"1\"><span style=\"font-weight: 400;\">Estar\u00e1 preparado para ensinar, educar e liderar, com base nos ensinamentos da Teologia crist\u00e3 fundamentada na B\u00edblia Sagrada.<\/span><\/li><\/ul><\/div>\n\t\t\t\t<\/div>\n\t\t\t\t\t\t\t<div class=\"elementor-accordion-item\">\n\t\t\t\t\t<div id=\"elementor-tab-title-1862\" class=\"elementor-tab-title\" data-tab=\"2\" role=\"button\" aria-controls=\"elementor-tab-content-1862\" aria-expanded=\"false\">\n\t\t\t\t\t\t\t\t\t\t\t\t\t<span class=\"elementor-accordion-icon elementor-accordion-icon-right\" aria-hidden=\"true\">\n\t\t\t\t\t\t\t\t\t\t\t\t\t\t\t<span class=\"elementor-accordion-icon-closed\"><i class=\"fas fa-caret-down\"><\/i><\/span>\n\t\t\t\t\t\t\t\t<span class=\"elementor-accordion-icon-opened\"><i class=\"fas fa-caret-up\"><\/i><\/span>\n\t\t\t\t\t\t\t\t\t\t\t\t\t\t<\/span>\n\t\t\t\t\t\t\t\t\t\t\t\t<a class=\"elementor-accordion-title\" tabindex=\"0\">Compet\u00eancias<\/a>\n\t\t\t\t\t<\/div>\n\t\t\t\t\t<div id=\"elementor-tab-content-1862\" class=\"elementor-tab-content elementor-clearfix\" data-tab=\"2\" role=\"region\" aria-labelledby=\"elementor-tab-title-1862\"><ul><li style=\"font-weight: 400;\" aria-level=\"1\"><span style=\"font-weight: 400;\">Ser\u00e1 competente em interpretar os textos fundamentais da Igreja Crist\u00e3, as Escrituras Sagradas, adaptando-os aos diferentes contextos e realidades.<\/span><\/li><\/ul><p>\u00a0<\/p><ul><li style=\"font-weight: 400;\" aria-level=\"1\"><span style=\"font-weight: 400;\">Ter\u00e1 a capacidade de influenciar positivamente sua denomina\u00e7\u00e3o religiosa e a sociedade em geral, buscando melhorias e promovendo a valoriza\u00e7\u00e3o do ser humano.<\/span><\/li><\/ul><p>\u00a0<\/p><ul><li style=\"font-weight: 400;\" aria-level=\"1\"><span style=\"font-weight: 400;\">Poder\u00e1 atuar em institui\u00e7\u00f5es confessionais e interconfessionais, educa\u00e7\u00e3o, assist\u00eancia e promo\u00e7\u00e3o, tanto teoricamente quanto praticamente, atrav\u00e9s de capelanias, doc\u00eancia e outros m\u00e9todos formais e informais.<\/span><\/li><\/ul><p>\u00a0<\/p><ul><li style=\"font-weight: 400;\" aria-level=\"1\"><span style=\"font-weight: 400;\">Estar\u00e1 apto a desenvolver projetos de pesquisa acad\u00eamica e continuar sua forma\u00e7\u00e3o teol\u00f3gica ao longo da carreira.<\/span><\/li><\/ul><p>\u00a0<\/p><ul><li style=\"font-weight: 400;\" aria-level=\"1\"><span style=\"font-weight: 400;\">Ser\u00e1 capaz de liderar grupos de pesquisa, explorando a rela\u00e7\u00e3o entre a Escritura Sagrada, a pr\u00e1tica da Igreja e outras disciplinas, em conson\u00e2ncia com a realidade humana.<\/span><\/li><\/ul><p>\u00a0<\/p><ul><li style=\"font-weight: 400;\" aria-level=\"1\"><span style=\"font-weight: 400;\">Participar\u00e1 na promo\u00e7\u00e3o dos direitos humanos e contribuir\u00e1 para uma sociedade mais justa e harmoniosa.<\/span><\/li><\/ul><p>\u00a0<\/p><ul><li style=\"font-weight: 400;\" aria-level=\"1\"><span style=\"font-weight: 400;\">Auxiliar\u00e1 na forma\u00e7\u00e3o de indiv\u00edduos comprometidos com a \u00e9tica crist\u00e3, respeito m\u00fatuo e dignidade humana.<\/span><\/li><\/ul><p>\u00a0<\/p><ul><li style=\"font-weight: 400;\" aria-level=\"1\"><span style=\"font-weight: 400;\">Compreender\u00e1 a globaliza\u00e7\u00e3o das tecnologias e o desenvolvimento sustent\u00e1vel.<\/span><\/li><\/ul><p>\u00a0<\/p><ul><li style=\"font-weight: 400;\" aria-level=\"1\"><span style=\"font-weight: 400;\">Ter\u00e1 habilidades de lideran\u00e7a em comunidades crist\u00e3s e na sociedade.<\/span><\/li><\/ul><\/div>\n\t\t\t\t<\/div>\n\t\t\t\t\t\t\t<div class=\"elementor-accordion-item\">\n\t\t\t\t\t<div id=\"elementor-tab-title-1863\" class=\"elementor-tab-title\" data-tab=\"3\" role=\"button\" aria-controls=\"elementor-tab-content-1863\" aria-expanded=\"false\">\n\t\t\t\t\t\t\t\t\t\t\t\t\t<span class=\"elementor-accordion-icon elementor-accordion-icon-right\" aria-hidden=\"true\">\n\t\t\t\t\t\t\t\t\t\t\t\t\t\t\t<span class=\"elementor-accordion-icon-closed\"><i class=\"fas fa-caret-down\"><\/i><\/span>\n\t\t\t\t\t\t\t\t<span class=\"elementor-accordion-icon-opened\"><i class=\"fas fa-caret-up\"><\/i><\/span>\n\t\t\t\t\t\t\t\t\t\t\t\t\t\t<\/span>\n\t\t\t\t\t\t\t\t\t\t\t\t<a class=\"elementor-accordion-title\" tabindex=\"0\">Atitudes<\/a>\n\t\t\t\t\t<\/div>\n\t\t\t\t\t<div id=\"elementor-tab-content-1863\" class=\"elementor-tab-content elementor-clearfix\" data-tab=\"3\" role=\"region\" aria-labelledby=\"elementor-tab-title-1863\"><ul><li style=\"font-weight: 400;\" aria-level=\"1\"><span style=\"font-weight: 400;\">Seguir\u00e1 a abordagem sugerida por Martinho Lutero, cultivando a ora\u00e7\u00e3o, a medita\u00e7\u00e3o e a vigil\u00e2ncia nas tenta\u00e7\u00f5es.<\/span><\/li><\/ul><p>\u00a0<\/p><ul><li style=\"font-weight: 400;\" aria-level=\"1\"><span style=\"font-weight: 400;\">Viver\u00e1 e demonstrar\u00e1 integridade, rever\u00eancia, linguagem respeitosa e conduta exemplar, defendendo os direitos e a dignidade humanos.<\/span><\/li><\/ul><p>\u00a0<\/p><ul><li style=\"font-weight: 400;\" aria-level=\"1\"><span style=\"font-weight: 400;\">Exercer\u00e1 seu papel como pesquisador, l\u00edder, conselheiro e educador crist\u00e3o com coer\u00eancia entre teoria e pr\u00e1tica, tornando-se um exemplo para os outros.<\/span><\/li><\/ul><p>\u00a0<\/p><ul><li style=\"font-weight: 400;\" aria-level=\"1\"><span style=\"font-weight: 400;\">Demonstrar\u00e1 cuidado n\u00e3o apenas pela humanidade, mas tamb\u00e9m pelo mundo criado por Deus.<\/span><\/li><\/ul><p>\u00a0<\/p><p><span style=\"font-weight: 400;\">O egresso do Curso de Teologia da Faculdade Luterana Conc\u00f3rdia estar\u00e1 preparado para servir, liderar e contribuir positivamente na igreja e na sociedade, baseado nos princ\u00edpios e valores crist\u00e3os.<\/span><\/p><\/div>\n\t\t\t\t<\/div>\n\t\t\t\t\t\t\t\t<\/div>\n\t\t\t\t<\/div>\n\t\t\t\t<\/div>\n\t\t\t\t\t<\/div>\n\t\t<\/div>\n\t\t\t\t<div class=\"elementor-column elementor-col-50 elementor-top-column elementor-element elementor-element-b670655\" data-id=\"b670655\" data-element_type=\"column\">\n\t\t\t<div class=\"elementor-widget-wrap elementor-element-populated\">\n\t\t\t\t\t\t\t\t<div class=\"elementor-element elementor-element-ed4af42 elementor-view-default elementor-invisible elementor-widget elementor-widget-icon\" data-id=\"ed4af42\" data-element_type=\"widget\" data-settings=\"{&quot;_animation&quot;:&quot;fadeInDown&quot;}\" data-widget_type=\"icon.default\">\n\t\t\t\t<div class=\"elementor-widget-container\">\n\t\t\t\t\t<div class=\"elementor-icon-wrapper\">\n\t\t\t<div class=\"elementor-icon\">\n\t\t\t<i aria-hidden=\"true\" class=\"fas fa-angle-down\"><\/i>\t\t\t<\/div>\n\t\t<\/div>\n\t\t\t\t<\/div>\n\t\t\t\t<\/div>\n\t\t\t\t<div class=\"elementor-element elementor-element-295c052 elementor-invisible elementor-widget elementor-widget-heading\" data-id=\"295c052\" data-element_type=\"widget\" data-settings=\"{&quot;_animation&quot;:&quot;fadeInUp&quot;}\" data-widget_type=\"heading.default\">\n\t\t\t\t<div class=\"elementor-widget-container\">\n\t\t\t<h5 class=\"elementor-heading-title elementor-size-default\">\u00c1reas de Atua\u00e7\u00e3o do Egresso<\/h5>\t\t<\/div>\n\t\t\t\t<\/div>\n\t\t\t\t<div class=\"elementor-element elementor-element-8000579 elementor-widget elementor-widget-text-editor\" data-id=\"8000579\" data-element_type=\"widget\" data-widget_type=\"text-editor.default\">\n\t\t\t\t<div class=\"elementor-widget-container\">\n\t\t\t\t\t\t\t<p><span style=\"font-weight: 400;\">O campo de atua\u00e7\u00e3o de um Bacharel em Teologia \u00e9 din\u00e2mico e est\u00e1 sujeito a conting\u00eancias di\u00e1rias na sua institui\u00e7\u00e3o ou na vida di\u00e1rias das pessoas. Todavia, em termos gerais, ele poder\u00e1 exercer atribui\u00e7\u00f5es em institucionais em diferentes \u00e1reas e poder\u00e1 ter m\u00faltipla atua\u00e7\u00e3o em diversos segmentos.<\/span><\/p>\t\t\t\t\t\t<\/div>\n\t\t\t\t<\/div>\n\t\t\t\t<div class=\"elementor-element elementor-element-f69082c elementor-widget elementor-widget-accordion\" data-id=\"f69082c\" data-element_type=\"widget\" data-widget_type=\"accordion.default\">\n\t\t\t\t<div class=\"elementor-widget-container\">\n\t\t\t\t\t<div class=\"elementor-accordion\">\n\t\t\t\t\t\t\t<div class=\"elementor-accordion-item\">\n\t\t\t\t\t<div id=\"elementor-tab-title-2581\" class=\"elementor-tab-title\" data-tab=\"1\" role=\"button\" aria-controls=\"elementor-tab-content-2581\" aria-expanded=\"false\">\n\t\t\t\t\t\t\t\t\t\t\t\t\t<span class=\"elementor-accordion-icon elementor-accordion-icon-right\" aria-hidden=\"true\">\n\t\t\t\t\t\t\t\t\t\t\t\t\t\t\t<span class=\"elementor-accordion-icon-closed\"><i class=\"fas fa-caret-down\"><\/i><\/span>\n\t\t\t\t\t\t\t\t<span class=\"elementor-accordion-icon-opened\"><i class=\"fas fa-caret-up\"><\/i><\/span>\n\t\t\t\t\t\t\t\t\t\t\t\t\t\t<\/span>\n\t\t\t\t\t\t\t\t\t\t\t\t<a class=\"elementor-accordion-title\" tabindex=\"0\">Ministro Religioso<\/a>\n\t\t\t\t\t<\/div>\n\t\t\t\t\t<div id=\"elementor-tab-content-2581\" class=\"elementor-tab-content elementor-clearfix\" data-tab=\"1\" role=\"region\" aria-labelledby=\"elementor-tab-title-2581\"><p><span style=\"font-weight: 400;\">Um te\u00f3logo poder\u00e1 exercer o of\u00edcio do minist\u00e9rio pastoral ou sacerdotal, segundo crit\u00e9rios espec\u00edficos e particulares das denomina\u00e7\u00f5es confessionais a que est\u00e1 vinculado e atuar nas diferentes atividades e miss\u00f5es atribu\u00eddas ao ministro religioso em sua denomina\u00e7\u00e3o de origem. Al\u00e9m disso, o bacharel em Teologia pode desenvolver e liderar atividades e of\u00edcios diversos como ministro ordenado, presb\u00edtero, di\u00e1cono e\/ou leigo. Sua capacita\u00e7\u00e3o visa o exerc\u00edcio da lideran\u00e7a crist\u00e3 nas esferas religiosa e social, assessoramento na elabora\u00e7\u00e3o de projetos eclesiais e pastorais.<\/span><\/p><\/div>\n\t\t\t\t<\/div>\n\t\t\t\t\t\t\t<div class=\"elementor-accordion-item\">\n\t\t\t\t\t<div id=\"elementor-tab-title-2582\" class=\"elementor-tab-title\" data-tab=\"2\" role=\"button\" aria-controls=\"elementor-tab-content-2582\" aria-expanded=\"false\">\n\t\t\t\t\t\t\t\t\t\t\t\t\t<span class=\"elementor-accordion-icon elementor-accordion-icon-right\" aria-hidden=\"true\">\n\t\t\t\t\t\t\t\t\t\t\t\t\t\t\t<span class=\"elementor-accordion-icon-closed\"><i class=\"fas fa-caret-down\"><\/i><\/span>\n\t\t\t\t\t\t\t\t<span class=\"elementor-accordion-icon-opened\"><i class=\"fas fa-caret-up\"><\/i><\/span>\n\t\t\t\t\t\t\t\t\t\t\t\t\t\t<\/span>\n\t\t\t\t\t\t\t\t\t\t\t\t<a class=\"elementor-accordion-title\" tabindex=\"0\">Educador<\/a>\n\t\t\t\t\t<\/div>\n\t\t\t\t\t<div id=\"elementor-tab-content-2582\" class=\"elementor-tab-content elementor-clearfix\" data-tab=\"2\" role=\"region\" aria-labelledby=\"elementor-tab-title-2582\"><p><span style=\"font-weight: 400;\">Um te\u00f3logo poder\u00e1 atuar como professor de Ensino Religioso ou Cultura Religiosa em escolas de ensino fundamental e m\u00e9dio e na doc\u00eancia de n\u00edvel superior em universidades, semin\u00e1rios ou outras institui\u00e7\u00f5es teol\u00f3gicas, desde que habilitado pedagogicamente conforme a legisla\u00e7\u00e3o vigente. Nos locais onde o ensino religioso n\u00e3o \u00e9 confessional se exige uma forma\u00e7\u00e3o pr\u00f3pria para atuar na doc\u00eancia, sendo que o F\u00f3rum Nacional Permanente de Ensino Religioso (FONAPER) acompanha estes processos, buscando \u201cSubsidiar a oferta do Ensino Religioso aos estudantes de Educa\u00e7\u00e3o B\u00e1sica, em conformidade com os dispositivos jur\u00eddicos vigentes, assegurando o respeito \u00e0 diversidade cultural religiosa, vedadas quaisquer formas de proselitismos.\u201d<\/span><\/p><\/div>\n\t\t\t\t<\/div>\n\t\t\t\t\t\t\t<div class=\"elementor-accordion-item\">\n\t\t\t\t\t<div id=\"elementor-tab-title-2583\" class=\"elementor-tab-title\" data-tab=\"3\" role=\"button\" aria-controls=\"elementor-tab-content-2583\" aria-expanded=\"false\">\n\t\t\t\t\t\t\t\t\t\t\t\t\t<span class=\"elementor-accordion-icon elementor-accordion-icon-right\" aria-hidden=\"true\">\n\t\t\t\t\t\t\t\t\t\t\t\t\t\t\t<span class=\"elementor-accordion-icon-closed\"><i class=\"fas fa-caret-down\"><\/i><\/span>\n\t\t\t\t\t\t\t\t<span class=\"elementor-accordion-icon-opened\"><i class=\"fas fa-caret-up\"><\/i><\/span>\n\t\t\t\t\t\t\t\t\t\t\t\t\t\t<\/span>\n\t\t\t\t\t\t\t\t\t\t\t\t<a class=\"elementor-accordion-title\" tabindex=\"0\">Capel\u00e3o<\/a>\n\t\t\t\t\t<\/div>\n\t\t\t\t\t<div id=\"elementor-tab-content-2583\" class=\"elementor-tab-content elementor-clearfix\" data-tab=\"3\" role=\"region\" aria-labelledby=\"elementor-tab-title-2583\"><p><span style=\"font-weight: 400;\">Um te\u00f3logo poder\u00e1 atuar em escolas, empresas, universidades, hospitais, creches, lares de idosos, orfanatos, pres\u00eddios, for\u00e7as armadas, associa\u00e7\u00f5es comunit\u00e1rias e entidades filantr\u00f3picas como capel\u00e3o, exercendo o cuidado com a espiritualidade humana.<\/span><\/p><\/div>\n\t\t\t\t<\/div>\n\t\t\t\t\t\t\t<div class=\"elementor-accordion-item\">\n\t\t\t\t\t<div id=\"elementor-tab-title-2584\" class=\"elementor-tab-title\" data-tab=\"4\" role=\"button\" aria-controls=\"elementor-tab-content-2584\" aria-expanded=\"false\">\n\t\t\t\t\t\t\t\t\t\t\t\t\t<span class=\"elementor-accordion-icon elementor-accordion-icon-right\" aria-hidden=\"true\">\n\t\t\t\t\t\t\t\t\t\t\t\t\t\t\t<span class=\"elementor-accordion-icon-closed\"><i class=\"fas fa-caret-down\"><\/i><\/span>\n\t\t\t\t\t\t\t\t<span class=\"elementor-accordion-icon-opened\"><i class=\"fas fa-caret-up\"><\/i><\/span>\n\t\t\t\t\t\t\t\t\t\t\t\t\t\t<\/span>\n\t\t\t\t\t\t\t\t\t\t\t\t<a class=\"elementor-accordion-title\" tabindex=\"0\">Pesquisador<\/a>\n\t\t\t\t\t<\/div>\n\t\t\t\t\t<div id=\"elementor-tab-content-2584\" class=\"elementor-tab-content elementor-clearfix\" data-tab=\"4\" role=\"region\" aria-labelledby=\"elementor-tab-title-2584\"><p><span style=\"font-weight: 400;\">Ele poder\u00e1 atuar em pesquisa teol\u00f3gica ou em coordena\u00e7\u00e3o de institutos teol\u00f3gicos ou laborat\u00f3rios da ci\u00eancia das religi\u00f5es, bem como analisar, descrever e explicar fen\u00f4menos religiosos, numa articula\u00e7\u00e3o da religi\u00e3o e da teologia como outras manifesta\u00e7\u00f5es sociais e culturais. Ao atuar com a intelig\u00eancia cr\u00edtica requerida de um te\u00f3logo e refletir sobre os problemas do mundo e sua rela\u00e7\u00e3o com os conte\u00fados da f\u00e9 crist\u00e3 conforme as Sagradas Escrituras, o te\u00f3logo est\u00e1 habilitado \u00e0 pesquisa atrav\u00e9s do Mestrado e Doutorado.<\/span><\/p><\/div>\n\t\t\t\t<\/div>\n\t\t\t\t\t\t\t<div class=\"elementor-accordion-item\">\n\t\t\t\t\t<div id=\"elementor-tab-title-2585\" class=\"elementor-tab-title\" data-tab=\"5\" role=\"button\" aria-controls=\"elementor-tab-content-2585\" aria-expanded=\"false\">\n\t\t\t\t\t\t\t\t\t\t\t\t\t<span class=\"elementor-accordion-icon elementor-accordion-icon-right\" aria-hidden=\"true\">\n\t\t\t\t\t\t\t\t\t\t\t\t\t\t\t<span class=\"elementor-accordion-icon-closed\"><i class=\"fas fa-caret-down\"><\/i><\/span>\n\t\t\t\t\t\t\t\t<span class=\"elementor-accordion-icon-opened\"><i class=\"fas fa-caret-up\"><\/i><\/span>\n\t\t\t\t\t\t\t\t\t\t\t\t\t\t<\/span>\n\t\t\t\t\t\t\t\t\t\t\t\t<a class=\"elementor-accordion-title\" tabindex=\"0\">Consultor<\/a>\n\t\t\t\t\t<\/div>\n\t\t\t\t\t<div id=\"elementor-tab-content-2585\" class=\"elementor-tab-content elementor-clearfix\" data-tab=\"5\" role=\"region\" aria-labelledby=\"elementor-tab-title-2585\"><p><span style=\"font-weight: 400;\">Um te\u00f3logo pode atuar como consultor em comit\u00eas de \u00e9tica interdisciplinares, como de Bio\u00e9tica, em fun\u00e7\u00e3o da crescente discuss\u00e3o de temas ligados a essa \u00e1rea e que demandam posicionamentos teol\u00f3gicos.<\/span><\/p><\/div>\n\t\t\t\t<\/div>\n\t\t\t\t\t\t\t\t<\/div>\n\t\t\t\t<\/div>\n\t\t\t\t<\/div>\n\t\t\t\t\t<\/div>\n\t\t<\/div>\n\t\t\t\t\t\t\t<\/div>\n\t\t<\/section>\n\t\t\t\t<section class=\"elementor-section elementor-top-section elementor-element elementor-element-4b15143 elementor-section-boxed elementor-section-height-default elementor-section-height-default\" data-id=\"4b15143\" data-element_type=\"section\" data-settings=\"{&quot;background_background&quot;:&quot;classic&quot;}\">\n\t\t\t\t\t\t<div class=\"elementor-container elementor-column-gap-default\">\n\t\t\t\t\t<div class=\"elementor-column elementor-col-100 elementor-top-column elementor-element elementor-element-db7c1d0\" data-id=\"db7c1d0\" data-element_type=\"column\">\n\t\t\t<div class=\"elementor-widget-wrap elementor-element-populated\">\n\t\t\t\t\t\t\t\t<div class=\"elementor-element elementor-element-c11b2a5 elementor-view-default elementor-invisible elementor-widget elementor-widget-icon\" data-id=\"c11b2a5\" data-element_type=\"widget\" data-settings=\"{&quot;_animation&quot;:&quot;fadeInDown&quot;}\" data-widget_type=\"icon.default\">\n\t\t\t\t<div class=\"elementor-widget-container\">\n\t\t\t\t\t<div class=\"elementor-icon-wrapper\">\n\t\t\t<div class=\"elementor-icon\">\n\t\t\t<i aria-hidden=\"true\" class=\"fas fa-angle-down\"><\/i>\t\t\t<\/div>\n\t\t<\/div>\n\t\t\t\t<\/div>\n\t\t\t\t<\/div>\n\t\t\t\t<div class=\"elementor-element elementor-element-ba5c8e1 elementor-invisible elementor-widget elementor-widget-heading\" data-id=\"ba5c8e1\" data-element_type=\"widget\" data-settings=\"{&quot;_animation&quot;:&quot;fadeInUp&quot;}\" data-widget_type=\"heading.default\">\n\t\t\t\t<div class=\"elementor-widget-container\">\n\t\t\t<h5 class=\"elementor-heading-title elementor-size-default\">Regime Acad\u00eamico<\/h5>\t\t<\/div>\n\t\t\t\t<\/div>\n\t\t\t\t\t<\/div>\n\t\t<\/div>\n\t\t\t\t\t\t\t<\/div>\n\t\t<\/section>\n\t\t\t\t<section class=\"elementor-section elementor-top-section elementor-element elementor-element-9c34095 elementor-section-boxed elementor-section-height-default elementor-section-height-default\" data-id=\"9c34095\" data-element_type=\"section\" data-settings=\"{&quot;background_background&quot;:&quot;classic&quot;}\">\n\t\t\t\t\t\t<div class=\"elementor-container elementor-column-gap-default\">\n\t\t\t\t\t<div class=\"elementor-column elementor-col-50 elementor-top-column elementor-element elementor-element-f3f6418\" data-id=\"f3f6418\" data-element_type=\"column\">\n\t\t\t<div class=\"elementor-widget-wrap elementor-element-populated\">\n\t\t\t\t\t\t\t\t<div class=\"elementor-element elementor-element-be09695 elementor-widget elementor-widget-text-editor\" data-id=\"be09695\" data-element_type=\"widget\" data-widget_type=\"text-editor.default\">\n\t\t\t\t<div class=\"elementor-widget-container\">\n\t\t\t\t\t\t\t<p><span style=\"font-weight: 400;\">O Curso de Teologia da Faculdade Luterana Conc\u00f3rdia adotar\u00e1 o regime semestral de ensino, para os componentes curriculares com 60 horas\/aula, com entrada anual de alunos, sempre no in\u00edcio do ano letivo. Cada semestre ter\u00e1 os dias letivos suficientes para preencher as horas\/aula previstas, sendo que atividades especiais, na forma de atividades extras, poder\u00e3o ser ofertadas caso n\u00e3o se obtenha o n\u00famero de horas\/aula previstos nos dias letivos. As aulas ter\u00e3o seu in\u00edcio \u00e0s 08:30 e ir\u00e3o at\u00e9 \u00e0s 11:30, no per\u00edodo matutino.<\/span><\/p>\t\t\t\t\t\t<\/div>\n\t\t\t\t<\/div>\n\t\t\t\t\t<\/div>\n\t\t<\/div>\n\t\t\t\t<div class=\"elementor-column elementor-col-50 elementor-top-column elementor-element elementor-element-663f246\" data-id=\"663f246\" data-element_type=\"column\">\n\t\t\t<div class=\"elementor-widget-wrap elementor-element-populated\">\n\t\t\t\t\t\t\t\t<div class=\"elementor-element elementor-element-b1d4d28 elementor-widget elementor-widget-text-editor\" data-id=\"b1d4d28\" data-element_type=\"widget\" data-widget_type=\"text-editor.default\">\n\t\t\t\t<div class=\"elementor-widget-container\">\n\t\t\t\t\t\t\t<p><span style=\"font-weight: 400;\">No caso dos componentes curriculares com 30 horas\/aula, o regime de ensino ser\u00e1 trimestral, sendo que as aulas ser\u00e3o das 08:30 \u00e0s 11:30, no per\u00edodo matutino. O Curso de Teologia da Faculdade Luterana tamb\u00e9m prev\u00ea oferta de disciplinas na modalidade EAD. Outros recursos ser\u00e3o as aulas s\u00edncronas atrav\u00e9s de aplicativos que comportem esse tipo de ensino, bem como encontros h\u00edbridos, nos quais se privilegia o car\u00e1ter extensionista do Curso, na medida que os alunos ter\u00e3o referenciais te\u00f3ricos presenciais ou remotos, para posteriormente intervirem em atividades comunit\u00e1rias, tanto em n\u00edvel c\u00faltico ou lit\u00fargico, quanto em a\u00e7\u00f5es sociais ou comunit\u00e1rias.<\/span><\/p>\t\t\t\t\t\t<\/div>\n\t\t\t\t<\/div>\n\t\t\t\t\t<\/div>\n\t\t<\/div>\n\t\t\t\t\t\t\t<\/div>\n\t\t<\/section>\n\t\t\t\t<section class=\"elementor-section elementor-top-section elementor-element elementor-element-2d3d882 elementor-section-boxed elementor-section-height-default elementor-section-height-default\" data-id=\"2d3d882\" data-element_type=\"section\">\n\t\t\t\t\t\t<div class=\"elementor-container elementor-column-gap-default\">\n\t\t\t\t\t<div class=\"elementor-column elementor-col-100 elementor-top-column elementor-element elementor-element-ad0da33\" data-id=\"ad0da33\" data-element_type=\"column\">\n\t\t\t<div class=\"elementor-widget-wrap elementor-element-populated\">\n\t\t\t\t\t\t\t\t<div class=\"elementor-element elementor-element-690b884 elementor-invisible elementor-widget elementor-widget-heading\" data-id=\"690b884\" data-element_type=\"widget\" data-settings=\"{&quot;_animation&quot;:&quot;fadeInDown&quot;}\" data-widget_type=\"heading.default\">\n\t\t\t\t<div class=\"elementor-widget-container\">\n\t\t\t<h6 class=\"elementor-heading-title elementor-size-default\">Componentes Curriculares<\/h6>\t\t<\/div>\n\t\t\t\t<\/div>\n\t\t\t\t<div class=\"elementor-element elementor-element-5cad1b3 elementor-invisible elementor-widget elementor-widget-heading\" data-id=\"5cad1b3\" data-element_type=\"widget\" data-settings=\"{&quot;_animation&quot;:&quot;fadeInUp&quot;}\" data-widget_type=\"heading.default\">\n\t\t\t\t<div class=\"elementor-widget-container\">\n\t\t\t<h5 class=\"elementor-heading-title elementor-size-default\">de acordo com os quatro eixos tem\u00e1ticos das DCNs<\/h5>\t\t<\/div>\n\t\t\t\t<\/div>\n\t\t\t\t<div class=\"elementor-element elementor-element-ceda4df elementor-widget elementor-widget-text-editor\" data-id=\"ceda4df\" data-element_type=\"widget\" data-widget_type=\"text-editor.default\">\n\t\t\t\t<div class=\"elementor-widget-container\">\n\t\t\t\t\t\t\t<p><span style=\"font-weight: 400;\">Em conformidade com resolu\u00e7\u00f5es das DCNs para o Curso de gradua\u00e7\u00e3o em Teologia, os conte\u00fados est\u00e3o organizados em quatro grandes eixos tem\u00e1ticos, segundo nomenclatura das pr\u00f3prias diretrizes:<\/span><\/p>\t\t\t\t\t\t<\/div>\n\t\t\t\t<\/div>\n\t\t\t\t\t<\/div>\n\t\t<\/div>\n\t\t\t\t\t\t\t<\/div>\n\t\t<\/section>\n\t\t\t\t<section class=\"elementor-section elementor-top-section elementor-element elementor-element-5d663c6 elementor-section-boxed elementor-section-height-default elementor-section-height-default\" data-id=\"5d663c6\" data-element_type=\"section\">\n\t\t\t\t\t\t<div class=\"elementor-container elementor-column-gap-default\">\n\t\t\t\t\t<div class=\"elementor-column elementor-col-50 elementor-top-column elementor-element elementor-element-c5ac298\" data-id=\"c5ac298\" data-element_type=\"column\">\n\t\t\t<div class=\"elementor-widget-wrap elementor-element-populated\">\n\t\t\t\t\t\t\t\t<div class=\"elementor-element elementor-element-351daba elementor-invisible elementor-widget elementor-widget-text-editor\" data-id=\"351daba\" data-element_type=\"widget\" data-settings=\"{&quot;_animation&quot;:&quot;fadeIn&quot;}\" data-widget_type=\"text-editor.default\">\n\t\t\t\t<div class=\"elementor-widget-container\">\n\t\t\t\t\t\t\t<h4><strong>Eixo de forma\u00e7\u00e3o fundamental<\/strong><\/h4><p><span style=\"font-weight: 400;\">S\u00e3o conte\u00fados de forma\u00e7\u00e3o b\u00e1sica caracter\u00edsticas do curso de gradua\u00e7\u00e3o em Teologia. Os componentes curriculares desse eixo contemplam estudos nos textos sagrados e confessionais segundo a tradi\u00e7\u00e3o teol\u00f3gica luterana. Tamb\u00e9m s\u00e3o abordados estudos nas l\u00ednguas originais, princ\u00edpios de interpreta\u00e7\u00e3o das fontes teol\u00f3gicas e estudos hist\u00f3ricos e teol\u00f3gicos do desenvolvimento da Igreja Crist\u00e3 em geral e de forma particular da Tradi\u00e7\u00e3o luterana.<\/span><\/p>\t\t\t\t\t\t<\/div>\n\t\t\t\t<\/div>\n\t\t\t\t<div class=\"elementor-element elementor-element-e875b0a elementor-invisible elementor-widget elementor-widget-text-editor\" data-id=\"e875b0a\" data-element_type=\"widget\" data-settings=\"{&quot;_animation&quot;:&quot;fadeIn&quot;}\" data-widget_type=\"text-editor.default\">\n\t\t\t\t<div class=\"elementor-widget-container\">\n\t\t\t\t\t\t\t<h4><strong>Eixo de forma\u00e7\u00e3o interdisciplinar<\/strong><\/h4><p><span style=\"font-weight: 400;\">Contempla conte\u00fados de cultura geral e de forma\u00e7\u00e3o \u00e9tica e human\u00edstica, prevendo disciplinas baseadas nas \u00e1reas das humanidades, filosofia e ci\u00eancias sociais. O foco principal est\u00e1 em quest\u00f5es da sociedade contempor\u00e2nea, especialmente a temas relacionados aos direitos humanos, antropologia, sociologia, psicologia e de outras \u00e1reas do conhecimento ou campos do saber. \u00canfases ser\u00e3o atribu\u00eddas \u00e0 educa\u00e7\u00e3o ambiental, pol\u00edticas para a educa\u00e7\u00e3o das rela\u00e7\u00f5es \u00e9tnico-raciais e para o ensino de hist\u00f3ria e cultura afro-brasileira e ind\u00edgena.<\/span><\/p>\t\t\t\t\t\t<\/div>\n\t\t\t\t<\/div>\n\t\t\t\t\t<\/div>\n\t\t<\/div>\n\t\t\t\t<div class=\"elementor-column elementor-col-50 elementor-top-column elementor-element elementor-element-51d7b55\" data-id=\"51d7b55\" data-element_type=\"column\">\n\t\t\t<div class=\"elementor-widget-wrap elementor-element-populated\">\n\t\t\t\t\t\t\t\t<div class=\"elementor-element elementor-element-e406795 elementor-invisible elementor-widget elementor-widget-text-editor\" data-id=\"e406795\" data-element_type=\"widget\" data-settings=\"{&quot;_animation&quot;:&quot;fadeIn&quot;}\" data-widget_type=\"text-editor.default\">\n\t\t\t\t<div class=\"elementor-widget-container\">\n\t\t\t\t\t\t\t<h4><strong>Eixo de forma\u00e7\u00e3o te\u00f3rico-pr\u00e1tico<\/strong><\/h4><p><span style=\"font-weight: 400;\">Considera conte\u00fados ligados \u00e0 constru\u00e7\u00e3o do perfil e das compet\u00eancias pretendidas de acordo com o projeto de forma\u00e7\u00e3o da institui\u00e7\u00e3o. Nele, s\u00e3o contemplados conte\u00fados formativos que t\u00eam a fun\u00e7\u00e3o de ampliar o campo de a\u00e7\u00e3o do egresso, como por exemplo, as capelanias escolares, hospitalares e das For\u00e7as Armadas. O objetivo \u00e9 de que o egresso seja preparado <\/span><span style=\"font-weight: 400;\">para desenvolver seu papel de te\u00f3logo na sociedade e assim ter uma cidadania participativa e respons\u00e1vel.<\/span><\/p>\t\t\t\t\t\t<\/div>\n\t\t\t\t<\/div>\n\t\t\t\t<div class=\"elementor-element elementor-element-3aca8e6 elementor-invisible elementor-widget elementor-widget-text-editor\" data-id=\"3aca8e6\" data-element_type=\"widget\" data-settings=\"{&quot;_animation&quot;:&quot;fadeIn&quot;}\" data-widget_type=\"text-editor.default\">\n\t\t\t\t<div class=\"elementor-widget-container\">\n\t\t\t\t\t\t\t<h4><strong>Eixo de forma\u00e7\u00e3o complementar<\/strong><\/h4><p><span style=\"font-weight: 400;\">Aqui o objetivo principal \u00e9 possibilitar ao aluno reconhecer e testar suas habilidades, conhecimentos e compet\u00eancias, nas \u00e1reas do ensino e da proclama\u00e7\u00e3o, of\u00edcios b\u00e1sicos que atravessam todas as \u00e1reas de atua\u00e7\u00e3o do te\u00f3logo. Nesse eixo tem\u00e1tico tamb\u00e9m s\u00e3o contempladas atividades independentes, transversais e de interdisciplinaridade, especialmente nas a\u00e7\u00f5es extensionistas junto \u00e0 comunidade eclesial ou entidades de cunho social, na promo\u00e7\u00e3o da cidadania digna e de acordo com os direitos humanos.<\/span><\/p>\t\t\t\t\t\t<\/div>\n\t\t\t\t<\/div>\n\t\t\t\t\t<\/div>\n\t\t<\/div>\n\t\t\t\t\t\t\t<\/div>\n\t\t<\/section>\n\t\t\t\t\t\t\t<\/div>\n\t\t","protected":false},"excerpt":{"rendered":"<p>Gradua\u00e7\u00e3o em TeologiaFaculdade Luterana Conc\u00f3rdia S\u00e3o Leopoldo sobre o curso Gradua\u00e7\u00e3o em Teologia O Curso de Bacharelado em Teologia da Faculdade Luterana parte dos ensinos da B\u00edblia Sagrada como narrativa fundante da institui\u00e7\u00e3o e, em di\u00e1logo com outras ci\u00eancias, visa formar profissionais com conhecimentos teol\u00f3gicos e habilidades t\u00e9cnico-cient\u00edficas para contribuir no desenvolvimento espiritual, social e [&hellip;]<\/p>\n","protected":false},"author":1,"featured_media":23,"parent":0,"menu_order":0,"comment_status":"closed","ping_status":"closed","template":"","meta":{"_acf_changed":false,"footnotes":""},"class_list":["post-666","page","type-page","status-publish","has-post-thumbnail","hentry"],"acf":[],"yoast_head":"<!-- This site is optimized with the Yoast SEO plugin v25.3.1 - https:\/\/yoast.com\/wordpress\/plugins\/seo\/ -->\n<title>Gradua\u00e7\u00e3o em Teologia - Faculdade Luterana Conc\u00f3rdia<\/title>\n<meta name=\"description\" content=\"O Curso de Bacharelado em Teologia da Faculdade Luterana parte dos ensinos da B\u00edblia Sagrada como narrativa fundante da institui\u00e7\u00e3o.\" \/>\n<meta name=\"robots\" content=\"index, follow, max-snippet:-1, max-image-preview:large, max-video-preview:-1\" \/>\n<link rel=\"canonical\" href=\"https:\/\/faculdadeluteranaconcordia.com.br\/site\/graduacao-em-teologia\/\" \/>\n<meta property=\"og:locale\" content=\"pt_PT\" \/>\n<meta property=\"og:type\" content=\"article\" \/>\n<meta property=\"og:title\" content=\"Gradua\u00e7\u00e3o em Teologia - Faculdade Luterana Conc\u00f3rdia\" \/>\n<meta property=\"og:description\" content=\"O Curso de Bacharelado em Teologia da Faculdade Luterana parte dos ensinos da B\u00edblia Sagrada como narrativa fundante da institui\u00e7\u00e3o.\" \/>\n<meta property=\"og:url\" content=\"https:\/\/faculdadeluteranaconcordia.com.br\/site\/graduacao-em-teologia\/\" \/>\n<meta property=\"og:site_name\" content=\"Faculdade Luterana Conc\u00f3rdia\" \/>\n<meta property=\"article:modified_time\" content=\"2025-06-24T16:59:48+00:00\" \/>\n<meta property=\"og:image\" content=\"https:\/\/faculdadeluteranaconcordia.com.br\/site\/wp-content\/uploads\/2023\/04\/fundo-site-scaled.jpg\" \/>\n\t<meta property=\"og:image:width\" content=\"2560\" \/>\n\t<meta property=\"og:image:height\" content=\"1707\" \/>\n\t<meta property=\"og:image:type\" content=\"image\/jpeg\" \/>\n<meta name=\"twitter:card\" content=\"summary_large_image\" \/>\n<meta name=\"twitter:label1\" content=\"Tempo estimado de leitura\" \/>\n\t<meta name=\"twitter:data1\" content=\"10 minutos\" \/>\n<script type=\"application\/ld+json\" class=\"yoast-schema-graph\">{\"@context\":\"https:\/\/schema.org\",\"@graph\":[{\"@type\":\"WebPage\",\"@id\":\"https:\/\/faculdadeluteranaconcordia.com.br\/site\/graduacao-em-teologia\/\",\"url\":\"https:\/\/faculdadeluteranaconcordia.com.br\/site\/graduacao-em-teologia\/\",\"name\":\"Gradua\u00e7\u00e3o em Teologia - Faculdade Luterana Conc\u00f3rdia\",\"isPartOf\":{\"@id\":\"https:\/\/faculdadeluteranaconcordia.com.br\/site\/#website\"},\"primaryImageOfPage\":{\"@id\":\"https:\/\/faculdadeluteranaconcordia.com.br\/site\/graduacao-em-teologia\/#primaryimage\"},\"image\":{\"@id\":\"https:\/\/faculdadeluteranaconcordia.com.br\/site\/graduacao-em-teologia\/#primaryimage\"},\"thumbnailUrl\":\"https:\/\/faculdadeluteranaconcordia.com.br\/site\/wp-content\/uploads\/2023\/04\/fundo-site-scaled.jpg\",\"datePublished\":\"2024-07-17T14:30:12+00:00\",\"dateModified\":\"2025-06-24T16:59:48+00:00\",\"description\":\"O Curso de Bacharelado em Teologia da Faculdade Luterana parte dos ensinos da B\u00edblia Sagrada como narrativa fundante da institui\u00e7\u00e3o.\",\"breadcrumb\":{\"@id\":\"https:\/\/faculdadeluteranaconcordia.com.br\/site\/graduacao-em-teologia\/#breadcrumb\"},\"inLanguage\":\"pt-PT\",\"potentialAction\":[{\"@type\":\"ReadAction\",\"target\":[\"https:\/\/faculdadeluteranaconcordia.com.br\/site\/graduacao-em-teologia\/\"]}]},{\"@type\":\"ImageObject\",\"inLanguage\":\"pt-PT\",\"@id\":\"https:\/\/faculdadeluteranaconcordia.com.br\/site\/graduacao-em-teologia\/#primaryimage\",\"url\":\"https:\/\/faculdadeluteranaconcordia.com.br\/site\/wp-content\/uploads\/2023\/04\/fundo-site-scaled.jpg\",\"contentUrl\":\"https:\/\/faculdadeluteranaconcordia.com.br\/site\/wp-content\/uploads\/2023\/04\/fundo-site-scaled.jpg\",\"width\":2560,\"height\":1707},{\"@type\":\"BreadcrumbList\",\"@id\":\"https:\/\/faculdadeluteranaconcordia.com.br\/site\/graduacao-em-teologia\/#breadcrumb\",\"itemListElement\":[{\"@type\":\"ListItem\",\"position\":1,\"name\":\"In\u00edcio\",\"item\":\"https:\/\/faculdadeluteranaconcordia.com.br\/site\/\"},{\"@type\":\"ListItem\",\"position\":2,\"name\":\"Gradua\u00e7\u00e3o em Teologia\"}]},{\"@type\":\"WebSite\",\"@id\":\"https:\/\/faculdadeluteranaconcordia.com.br\/site\/#website\",\"url\":\"https:\/\/faculdadeluteranaconcordia.com.br\/site\/\",\"name\":\"Faculdade Luterana Conc\u00f3rdia\",\"description\":\"Site Institucional da Faculdade Luterana\",\"publisher\":{\"@id\":\"https:\/\/faculdadeluteranaconcordia.com.br\/site\/#organization\"},\"potentialAction\":[{\"@type\":\"SearchAction\",\"target\":{\"@type\":\"EntryPoint\",\"urlTemplate\":\"https:\/\/faculdadeluteranaconcordia.com.br\/site\/?s={search_term_string}\"},\"query-input\":{\"@type\":\"PropertyValueSpecification\",\"valueRequired\":true,\"valueName\":\"search_term_string\"}}],\"inLanguage\":\"pt-PT\"},{\"@type\":\"Organization\",\"@id\":\"https:\/\/faculdadeluteranaconcordia.com.br\/site\/#organization\",\"name\":\"Faculdade Luterana Conc\u00f3rdia\",\"url\":\"https:\/\/faculdadeluteranaconcordia.com.br\/site\/\",\"logo\":{\"@type\":\"ImageObject\",\"inLanguage\":\"pt-PT\",\"@id\":\"https:\/\/faculdadeluteranaconcordia.com.br\/site\/#\/schema\/logo\/image\/\",\"url\":\"https:\/\/faculdadeluteranaconcordia.com.br\/site\/wp-content\/uploads\/2023\/04\/LOGO-NOVO-FACULDADE-1.webp\",\"contentUrl\":\"https:\/\/faculdadeluteranaconcordia.com.br\/site\/wp-content\/uploads\/2023\/04\/LOGO-NOVO-FACULDADE-1.webp\",\"width\":1200,\"height\":383,\"caption\":\"Faculdade Luterana Conc\u00f3rdia\"},\"image\":{\"@id\":\"https:\/\/faculdadeluteranaconcordia.com.br\/site\/#\/schema\/logo\/image\/\"}}]}<\/script>\n<!-- \/ Yoast SEO plugin. -->","yoast_head_json":{"title":"Gradua\u00e7\u00e3o em Teologia - Faculdade Luterana Conc\u00f3rdia","description":"O Curso de Bacharelado em Teologia da Faculdade Luterana parte dos ensinos da B\u00edblia Sagrada como narrativa fundante da institui\u00e7\u00e3o.","robots":{"index":"index","follow":"follow","max-snippet":"max-snippet:-1","max-image-preview":"max-image-preview:large","max-video-preview":"max-video-preview:-1"},"canonical":"https:\/\/faculdadeluteranaconcordia.com.br\/site\/graduacao-em-teologia\/","og_locale":"pt_PT","og_type":"article","og_title":"Gradua\u00e7\u00e3o em Teologia - Faculdade Luterana Conc\u00f3rdia","og_description":"O Curso de Bacharelado em Teologia da Faculdade Luterana parte dos ensinos da B\u00edblia Sagrada como narrativa fundante da institui\u00e7\u00e3o.","og_url":"https:\/\/faculdadeluteranaconcordia.com.br\/site\/graduacao-em-teologia\/","og_site_name":"Faculdade Luterana Conc\u00f3rdia","article_modified_time":"2025-06-24T16:59:48+00:00","og_image":[{"width":2560,"height":1707,"url":"https:\/\/faculdadeluteranaconcordia.com.br\/site\/wp-content\/uploads\/2023\/04\/fundo-site-scaled.jpg","type":"image\/jpeg"}],"twitter_card":"summary_large_image","twitter_misc":{"Tempo estimado de leitura":"10 minutos"},"schema":{"@context":"https:\/\/schema.org","@graph":[{"@type":"WebPage","@id":"https:\/\/faculdadeluteranaconcordia.com.br\/site\/graduacao-em-teologia\/","url":"https:\/\/faculdadeluteranaconcordia.com.br\/site\/graduacao-em-teologia\/","name":"Gradua\u00e7\u00e3o em Teologia - Faculdade Luterana Conc\u00f3rdia","isPartOf":{"@id":"https:\/\/faculdadeluteranaconcordia.com.br\/site\/#website"},"primaryImageOfPage":{"@id":"https:\/\/faculdadeluteranaconcordia.com.br\/site\/graduacao-em-teologia\/#primaryimage"},"image":{"@id":"https:\/\/faculdadeluteranaconcordia.com.br\/site\/graduacao-em-teologia\/#primaryimage"},"thumbnailUrl":"https:\/\/faculdadeluteranaconcordia.com.br\/site\/wp-content\/uploads\/2023\/04\/fundo-site-scaled.jpg","datePublished":"2024-07-17T14:30:12+00:00","dateModified":"2025-06-24T16:59:48+00:00","description":"O Curso de Bacharelado em Teologia da Faculdade Luterana parte dos ensinos da B\u00edblia Sagrada como narrativa fundante da institui\u00e7\u00e3o.","breadcrumb":{"@id":"https:\/\/faculdadeluteranaconcordia.com.br\/site\/graduacao-em-teologia\/#breadcrumb"},"inLanguage":"pt-PT","potentialAction":[{"@type":"ReadAction","target":["https:\/\/faculdadeluteranaconcordia.com.br\/site\/graduacao-em-teologia\/"]}]},{"@type":"ImageObject","inLanguage":"pt-PT","@id":"https:\/\/faculdadeluteranaconcordia.com.br\/site\/graduacao-em-teologia\/#primaryimage","url":"https:\/\/faculdadeluteranaconcordia.com.br\/site\/wp-content\/uploads\/2023\/04\/fundo-site-scaled.jpg","contentUrl":"https:\/\/faculdadeluteranaconcordia.com.br\/site\/wp-content\/uploads\/2023\/04\/fundo-site-scaled.jpg","width":2560,"height":1707},{"@type":"BreadcrumbList","@id":"https:\/\/faculdadeluteranaconcordia.com.br\/site\/graduacao-em-teologia\/#breadcrumb","itemListElement":[{"@type":"ListItem","position":1,"name":"In\u00edcio","item":"https:\/\/faculdadeluteranaconcordia.com.br\/site\/"},{"@type":"ListItem","position":2,"name":"Gradua\u00e7\u00e3o em Teologia"}]},{"@type":"WebSite","@id":"https:\/\/faculdadeluteranaconcordia.com.br\/site\/#website","url":"https:\/\/faculdadeluteranaconcordia.com.br\/site\/","name":"Faculdade Luterana Conc\u00f3rdia","description":"Site Institucional da Faculdade Luterana","publisher":{"@id":"https:\/\/faculdadeluteranaconcordia.com.br\/site\/#organization"},"potentialAction":[{"@type":"SearchAction","target":{"@type":"EntryPoint","urlTemplate":"https:\/\/faculdadeluteranaconcordia.com.br\/site\/?s={search_term_string}"},"query-input":{"@type":"PropertyValueSpecification","valueRequired":true,"valueName":"search_term_string"}}],"inLanguage":"pt-PT"},{"@type":"Organization","@id":"https:\/\/faculdadeluteranaconcordia.com.br\/site\/#organization","name":"Faculdade Luterana Conc\u00f3rdia","url":"https:\/\/faculdadeluteranaconcordia.com.br\/site\/","logo":{"@type":"ImageObject","inLanguage":"pt-PT","@id":"https:\/\/faculdadeluteranaconcordia.com.br\/site\/#\/schema\/logo\/image\/","url":"https:\/\/faculdadeluteranaconcordia.com.br\/site\/wp-content\/uploads\/2023\/04\/LOGO-NOVO-FACULDADE-1.webp","contentUrl":"https:\/\/faculdadeluteranaconcordia.com.br\/site\/wp-content\/uploads\/2023\/04\/LOGO-NOVO-FACULDADE-1.webp","width":1200,"height":383,"caption":"Faculdade Luterana Conc\u00f3rdia"},"image":{"@id":"https:\/\/faculdadeluteranaconcordia.com.br\/site\/#\/schema\/logo\/image\/"}}]}},"_links":{"self":[{"href":"https:\/\/faculdadeluteranaconcordia.com.br\/site\/wp-json\/wp\/v2\/pages\/666","targetHints":{"allow":["GET"]}}],"collection":[{"href":"https:\/\/faculdadeluteranaconcordia.com.br\/site\/wp-json\/wp\/v2\/pages"}],"about":[{"href":"https:\/\/faculdadeluteranaconcordia.com.br\/site\/wp-json\/wp\/v2\/types\/page"}],"author":[{"embeddable":true,"href":"https:\/\/faculdadeluteranaconcordia.com.br\/site\/wp-json\/wp\/v2\/users\/1"}],"replies":[{"embeddable":true,"href":"https:\/\/faculdadeluteranaconcordia.com.br\/site\/wp-json\/wp\/v2\/comments?post=666"}],"version-history":[{"count":314,"href":"https:\/\/faculdadeluteranaconcordia.com.br\/site\/wp-json\/wp\/v2\/pages\/666\/revisions"}],"predecessor-version":[{"id":2273,"href":"https:\/\/faculdadeluteranaconcordia.com.br\/site\/wp-json\/wp\/v2\/pages\/666\/revisions\/2273"}],"wp:featuredmedia":[{"embeddable":true,"href":"https:\/\/faculdadeluteranaconcordia.com.br\/site\/wp-json\/wp\/v2\/media\/23"}],"wp:attachment":[{"href":"https:\/\/faculdadeluteranaconcordia.com.br\/site\/wp-json\/wp\/v2\/media?parent=666"}],"curies":[{"name":"wp","href":"https:\/\/api.w.org\/{rel}","templated":true}]}}